{"id":2382,"date":"2019-04-15T15:59:56","date_gmt":"2019-04-15T11:59:56","guid":{"rendered":"http:\/\/urpspharma.re\/?page_id=2382"},"modified":"2023-09-15T10:32:54","modified_gmt":"2023-09-15T06:32:54","slug":"bilan-2016-mon-pharmacien-et-mois-sans-tabac-3-3","status":"publish","type":"page","link":"https:\/\/urpspharma.re\/?page_id=2382","title":{"rendered":"Action : Lien ville-h\u00f4pital"},"content":{"rendered":"<h1>\n\t\tLIEN VILLE-H\u00d4PITAL\n\t<\/h1>\n\t<p>La conciliation m\u00e9dicamenteuse concerne tous les \u00e9tablissements de sant\u00e9 et toutes les officines. Elle repr\u00e9sente une am\u00e9lioration consid\u00e9rable de la prise en charge des patients. En France, la conciliation des traitements m\u00e9dicamenteux est une pratique en progression dans les h\u00f4pitaux.<\/p>\n<p>Pour rendre la conciliation des traitements m\u00e9dicamenteux effective, l\u2019\u00e9tablissement de sant\u00e9 doit s\u2019assurer de la collaboration des acteurs de ville et du patient. \u00c0 l\u2019occasion du transfert ou de la sortie d\u2019un patient, tous les pharmaciens d\u2019officine assurant le relais de la prise en charge m\u00e9dicamenteuse d\u2019un patient doivent disposer de son bilan m\u00e9dicamenteux et du traitement complet qui doit \u00eatre poursuivi. Etablir un suivi dans les d\u00e9cisions de soins pour un patient entre la ville et les \u00e9tablissements de sant\u00e9, c\u2019est r\u00e9duire les erreurs m\u00e9dicamenteuses&#8230;&#8230;..<\/p>\n\t\t\t\t<img decoding=\"async\" src=\"http:\/\/urpspharma.re\/wp-content\/uploads\/2018\/05\/PROGRAMME.png\" alt=\"PROGRAMME\" itemprop=\"image\" title=\"PROGRAMME\"  \/>\n<h3>\n\t\t<a href=\"https:\/\/drive.google.com\/file\/d\/1bNQ1b83oHNy589LcaNet-dW2mLqKm_5p\/view\" title=\"Programme\" target=\"_blank\" rel=\"noopener noreferrer\">\n\t\tProgramme\n\t\t<\/a>\n\t<\/h3>\n\t\t\t\t<img decoding=\"async\" src=\"http:\/\/urpspharma.re\/wp-content\/uploads\/2019\/04\/Inscription-contacts.png\" alt=\"Inscription contacts\" itemprop=\"image\" title=\"Inscription contacts\"  \/>\n<h3>\n\t\tInscription\n\t<\/h3>\n\t\t\t\t<img decoding=\"async\" src=\"http:\/\/urpspharma.re\/wp-content\/uploads\/2019\/04\/Courrier.png\" alt=\"Courrier\" itemprop=\"image\" title=\"Courrier\"  \/>\n<h3>\n\t\t<a href=\"https:\/\/drive.google.com\/file\/d\/1zQ3PIUkymzoccKt20_isaYDqFG7U_zvI\/view\" title=\"Courrier\" target=\"_blank\" rel=\"noopener noreferrer\">\n\t\tCourrier\n\t\t<\/a>\n\t<\/h3>\n","protected":false},"excerpt":{"rendered":"<p>LIEN VILLE-H\u00d4PITAL La conciliation m\u00e9dicamenteuse concerne tous les \u00e9tablissements de sant\u00e9 et toutes les officines. Elle repr\u00e9sente une am\u00e9lioration consid\u00e9rable de la prise en charge des patients. En France, la conciliation des traitements m\u00e9dicamenteux est une pratique en progression dans les h\u00f4pitaux. Pour rendre la conciliation des traitements m\u00e9dicamenteux effective, l\u2019\u00e9tablissement de sant\u00e9 doit s\u2019assurer&hellip;<\/p>\n","protected":false},"author":3,"featured_media":0,"parent":0,"menu_order":0,"comment_status":"closed","ping_status":"closed","template":"","meta":{"footnotes":""},"amp_enabled":true,"_links":{"self":[{"href":"https:\/\/urpspharma.re\/index.php?rest_route=\/wp\/v2\/pages\/2382"}],"collection":[{"href":"https:\/\/urpspharma.re\/index.php?rest_route=\/wp\/v2\/pages"}],"about":[{"href":"https:\/\/urpspharma.re\/index.php?rest_route=\/wp\/v2\/types\/page"}],"author":[{"embeddable":true,"href":"https:\/\/urpspharma.re\/index.php?rest_route=\/wp\/v2\/users\/3"}],"replies":[{"embeddable":true,"href":"https:\/\/urpspharma.re\/index.php?rest_route=%2Fwp%2Fv2%2Fcomments&post=2382"}],"version-history":[{"count":3,"href":"https:\/\/urpspharma.re\/index.php?rest_route=\/wp\/v2\/pages\/2382\/revisions"}],"predecessor-version":[{"id":5878,"href":"https:\/\/urpspharma.re\/index.php?rest_route=\/wp\/v2\/pages\/2382\/revisions\/5878"}],"wp:attachment":[{"href":"https:\/\/urpspharma.re\/index.php?rest_route=%2Fwp%2Fv2%2Fmedia&parent=2382"}],"curies":[{"name":"wp","href":"https:\/\/api.w.org\/{rel}","templated":true}]}}