{"id":3552,"date":"2020-08-20T10:55:10","date_gmt":"2020-08-20T06:55:10","guid":{"rendered":"https:\/\/urpspharma.re\/?page_id=3552"},"modified":"2023-08-22T10:23:16","modified_gmt":"2023-08-22T06:23:16","slug":"actualites-pharmaciens-nos-newsletters","status":"publish","type":"page","link":"https:\/\/urpspharma.re\/?page_id=3552","title":{"rendered":"ACTUALIT\u00c9S : PHARMACIENS &#8211;  COMMUNICATION URPS 2020"},"content":{"rendered":"<h1>\n\t\tCOMMUNICATION DE L&#8217;URPS 2020\n\t<\/h1>\n\t<p><strong>\u25ba21\/12\/2020 &#8211; <a href=\"https:\/\/us8.campaign-archive.com\/?u=07e1c2e988d75c3f3beefa643&amp;id=013ffd0a26\" target=\"_blank\" rel=\"noopener noreferrer\">Covid-19 &#8211; Flash n\u00b025 &#8211; RAPPEL : TROD antig\u00e9niques<\/a><\/strong><\/p>\n<p>&nbsp;<\/p>\n<p><strong>\u25ba19\/12\/2020 &#8211;<a href=\"https:\/\/us8.campaign-archive.com\/?u=07e1c2e988d75c3f3beefa643&amp;id=46c6eb0c2b\" target=\"_blank\" rel=\"noopener noreferrer\"> Covid-19 &#8211; Flash n\u00b025 &#8211; TROD antig\u00e9niques<\/a><\/strong><\/p>\n<p>&nbsp;<\/p>\n<p><strong>\u25ba09\/12\/2020 &#8211; <a href=\"https:\/\/us8.campaign-archive.com\/?u=07e1c2e988d75c3f3beefa643&amp;id=4ae8fed0f7\" target=\"_blank\" rel=\"noopener noreferrer\">Exercice coordonn\u00e9 : INVITATION CPTS EST &#8211; Assembl\u00e9e G\u00e9n\u00e9rale constitutive le 9 d\u00e9cembre 2020<\/a><\/strong><\/p>\n<p>&nbsp;<\/p>\n<p><strong>\u25ba04\/12\/2020 &#8211; <a href=\"https:\/\/us8.campaign-archive.com\/?u=07e1c2e988d75c3f3beefa643&amp;id=53c0d5140e\" target=\"_blank\" rel=\"noopener noreferrer\">Covid-19 &#8211; Flash n\u00b024 &#8211; TROD antig\u00e9niques : l&#8217;essentiel !<\/a><\/strong><\/p>\n<p>&nbsp;<\/p>\n<p><strong>\u25ba27\/11\/2020 &#8211; <a href=\"https:\/\/us8.campaign-archive.com\/?u=07e1c2e988d75c3f3beefa643&amp;id=5931888313\" target=\"_blank\" rel=\"noopener noreferrer\">SAVE THE DATE &#8211; 09 d\u00e9cembre 2020 \u25ba Communaut\u00e9 Professionnelle Territoriale de Sant\u00e9 (CPTS), top d\u00e9part pour le territoire Est !<\/a><\/strong><\/p>\n<p>&nbsp;<\/p>\n<p><strong>\u25ba24\/11\/2020 &#8211; <a href=\"https:\/\/us8.campaign-archive.com\/?u=07e1c2e988d75c3f3beefa643&amp;id=362d7edd08\" target=\"_blank\" rel=\"noopener noreferrer\">FLASH INFO : CNUPL INVITATION \u25ba 2\u00e8me rencontre oncologiques des professionnels de sant\u00e9 de ville<\/a><\/strong><\/p>\n<p>&nbsp;<\/p>\n<p><strong>\u25ba18\/11\/2020 &#8211; <a href=\"https:\/\/us8.campaign-archive.com\/?u=07e1c2e988d75c3f3beefa643&amp;id=e3257507d1\" target=\"_blank\" rel=\"noopener noreferrer\">FLASH INFO :\u00a0 BPCO &#8211; MORTALITE SUPERIEUR A 20% A LA REUNION \u25baINVITATION AU GRAND DEBAT NATIONAL<\/a><\/strong><\/p>\n<p>&nbsp;<\/p>\n<p><strong>\u25ba17\/11\/2020 &#8211; <a href=\"https:\/\/us8.campaign-archive.com\/?u=07e1c2e988d75c3f3beefa643&amp;id=cca5685e7b\" target=\"_blank\" rel=\"noopener noreferrer\">URPS EN ACTION : &#x231b;Point \u00e0 mi-novembre sur Mes soignants de proximit\u00e9 avec #MoisSansTabac 2020<\/a><\/strong><\/p>\n<p>&nbsp;<\/p>\n<p><strong>\u25ba13\/11\/2020 &#8211;<a href=\"https:\/\/us8.campaign-archive.com\/?u=07e1c2e988d75c3f3beefa643&amp;id=cd079dc263\" target=\"_blank\" rel=\"noopener noreferrer\"> ACCOMPAGNEMENT DES PATIENTS : Rendez un grand service \u00e0 vos patients diab\u00e9tiques<\/a><\/strong><\/p>\n<p>&nbsp;<\/p>\n<p><strong>\u25ba10\/11\/2020 &#8211; <a href=\"https:\/\/us8.campaign-archive.com\/?u=07e1c2e988d75c3f3beefa643&amp;id=95772cbbc5\" target=\"_blank\" rel=\"noopener noreferrer\">Covid-19 &#8211; Flash n\u00b023 &#8211; Masques et TROD antig\u00e9niques<\/a><\/strong><\/p>\n<p>&nbsp;<\/p>\n<p><strong>\u25ba06\/11\/2020 &#8211; <a href=\"https:\/\/us8.campaign-archive.com\/?u=07e1c2e988d75c3f3beefa643&amp;id=85fe550045\" target=\"_blank\" rel=\"noopener noreferrer\">Covid-19 &#8211; TROD antig\u00e9niques : tous concern\u00e9s !<\/a><\/strong><\/p>\n<p>&nbsp;<\/p>\n<p><strong>\u25ba05\/11\/2020 &#8211; <a href=\"https:\/\/us8.campaign-archive.com\/?u=07e1c2e988d75c3f3beefa643&amp;id=919f0502f2\" target=\"_blank\" rel=\"noopener noreferrer\">Covid-19 &#8211; URGENT : Masques : \u00e9coulement des stocks r\u00e9gionaux de l&#8217;ARS exclusivement aux professionnels de sant\u00e9<\/a><\/strong><\/p>\n<p>&nbsp;<\/p>\n<p><strong>\u25ba27\/10\/2020 &#8211; <a href=\"https:\/\/us8.campaign-archive.com\/?u=07e1c2e988d75c3f3beefa643&amp;id=8543f909ca\" target=\"_blank\" rel=\"noopener noreferrer\">Covid-19 &#8211; URGENT : Formation TROD antig\u00e9niques<\/a><\/strong><\/p>\n<p>&nbsp;<\/p>\n<p><strong>\u25ba23\/10\/2020 &#8211; <a href=\"https:\/\/us8.campaign-archive.com\/?u=07e1c2e988d75c3f3beefa643&amp;id=c52c4cc0a1\" target=\"_blank\" rel=\"noopener noreferrer\">URPS EN ACTION : TOUT SAVOIR sur Mes soignants de proximit\u00e9 avec #MoisSansTabac 2020<\/a><\/strong><\/p>\n<p>&nbsp;<\/p>\n<p><strong>\u25ba22\/10\/2020 &#8211; <a href=\"https:\/\/us8.campaign-archive.com\/?u=07e1c2e988d75c3f3beefa643&amp;id=f98a2ebe60\" target=\"_blank\" rel=\"noopener noreferrer\">FLASH INFO : Votre actualit\u00e9 &#8211; OCTOBRE 2020<\/a><\/strong><\/p>\n<p>&nbsp;<\/p>\n<p><strong>\u25ba12\/10\/2020 &#8211; <a href=\"https:\/\/us8.campaign-archive.com\/?u=07e1c2e988d75c3f3beefa643&amp;id=796feacd9f\" target=\"_blank\" rel=\"noopener noreferrer\">URPS EN ACTION : Rappel &#8211; D\u00e9couvrez notre op\u00e9ration &#8211; Mes soignants de proximit\u00e9 avec #MoisSansTabac 2020<\/a><\/strong><\/p>\n<p>&nbsp;<\/p>\n<p><strong>\u25ba10\/10\/2020 &#8211; <a href=\"http:\/\/bit.ly\/CPTSGSUD\" target=\"_blank\" rel=\"noopener noreferrer\">Exercice coordonn\u00e9 : Lancement de la 1\u00e8re CPTS \u00e0 La R\u00e9union<\/a><\/strong><\/p>\n<p>&nbsp;<\/p>\n<p><strong>\u25ba09\/10\/2020 &#8211;<a href=\"https:\/\/us8.campaign-archive.com\/?u=07e1c2e988d75c3f3beefa643&amp;id=f68605b74f\" target=\"_blank\" rel=\"noopener noreferrer\"> URPS EN ACTION : D\u00e9couvrez notre op\u00e9ration &#8211; Mes soignants de proximit\u00e9 avec #MoisSansTabac 2020<\/a><\/strong><\/p>\n<p>&nbsp;<\/p>\n<p><strong>\u25ba05\/10\/2020 &#8211;<a href=\"https:\/\/us8.campaign-archive.com\/?u=07e1c2e988d75c3f3beefa643&amp;id=71d7a7ce02\" target=\"_blank\" rel=\"noopener noreferrer\"> Covid-19 &#8211; URGENT : D\u00e9livrance des masques chirurgicaux<\/a><\/strong><\/p>\n<p>&nbsp;<\/p>\n<p><strong>\u25ba01\/10\/2020 &#8211; <a href=\"https:\/\/us8.campaign-archive.com\/?u=07e1c2e988d75c3f3beefa643&amp;id=e36fb2ba6a\" target=\"_blank\" rel=\"noopener noreferrer\">URPS EN ACTION : Vaccination antigrippale &#8211; Prolongation de la campagne jusqu&#8217;au 31 octobre 2020<\/a><\/strong><\/p>\n<p>&nbsp;<\/p>\n<p><strong>\u25ba23\/09\/2020\u00a0 &#8211; <a href=\"https:\/\/us8.campaign-archive.com\/?u=07e1c2e988d75c3f3beefa643&amp;id=86d1a7b506\" target=\"_blank\" rel=\"noopener noreferrer\">ACTU PRO &#8211; RAPPEL : Formations au sevrage tabagique octobre &#8211; novembre 2020<\/a><\/strong><\/p>\n<p>&nbsp;<\/p>\n<p><strong>\u25ba15\/09\/2020 &#8211; <a href=\"https:\/\/us8.campaign-archive.com\/?u=07e1c2e988d75c3f3beefa643&amp;id=a26f60fbf1\" target=\"_blank\" rel=\"noopener noreferrer\">FLASH INFO &#8211; Votre actualit\u00e9 &#8211; septembre 2020<\/a><\/strong><\/p>\n<p>Prescriptions des masques d&#8217;Etat<\/p>\n<p>\u00ab Contact Covid \u00bb et \u00ab SI-DEP \u00bb : des outils au service de la strat\u00e9gie de d\u00e9confinement<\/p>\n<p>Campagne de vaccination : Votre URPS demande \u00e0 l&#8217;ARS une extension de la campagne de vaccination anti-grippale jusqu&#8217;\u00e0 fin octobre 2020<\/p>\n<p>OIIS PRO &#8211; Entretiens pharmaceutiques : un outil r\u00e9gional de t\u00e9l\u00e9consultation gratuite et s\u00e9curis\u00e9e\u00a0<\/p>\n<p>Pr\u00e9paration du #MoisSansTabac 2020 : attention, d\u00e9remboursement de 9 substituts nicotiniques \u00e0 fin septembre<\/p>\n<p>Bulletin \u00e9pid\u00e9miologique : Dengue &#8211; Covid-19<\/p>\n<p>Ordre national des pharmaciens :\u00a0<\/p>\n<p>Prescription et d\u00e9livrance des m\u00e9dicaments hors AMM<\/p>\n<p>D\u00e9mographie des pharmaciens au 1er janvier 2020<\/p>\n<p>Violences conjugales : Evolutions du signalement par les professionnels de sant\u00e9<\/p>\n<p>CNUPL : Report \u00e0 une date ult\u00e9rieureL: 2\u00e8me journ\u00e9e oncologie<\/p>\n<p>SAOME : Un site pour vous aider \u00e0 aborder la question des addictions<\/p>\n<p>CHEM : Accompagnement des patients sous anti-canc\u00e9reux \u00e0 l\u2019officine<\/p>\n<p>ADJ974 : Diab\u00e8te et \u00e9cole : on en parle?<\/p>\n<p>Recommandation d&#8217;un test RT PCR SARS COV2 chez les professionnels de sant\u00e9<\/p>\n<p>&nbsp;<\/p>\n<p><strong>\u25ba28\/08\/2020\u00a0 &#8211; <a href=\"https:\/\/us8.campaign-archive.com\/?u=07e1c2e988d75c3f3beefa643&amp;id=c58cd95fb1\" target=\"_blank\" rel=\"noopener noreferrer\">Covid-19 RAPPEL &#8211; URGENT \/ Alerte rouge sur les masques d\u2019Etat<\/a><\/strong><\/p>\n<p>&nbsp;<\/p>\n<p><strong>\u25ba27\/08\/2020\u00a0 &#8211; <a href=\"https:\/\/us8.campaign-archive.com\/?u=07e1c2e988d75c3f3beefa643&amp;id=fc4a240991\" target=\"_blank\" rel=\"noopener noreferrer\">Covid-19 &#8211; URGENT : Alerte rouge sur les masques d&#8217;Etat<\/a><\/strong><\/p>\n<p>Une priorisation de nos d\u00e9livrances s&#8217;impose\u2026<\/p>\n<p>Renseignez en urgence notre<a href=\"https:\/\/docs.google.com\/forms\/d\/e\/1FAIpQLSfipjUG6aY5tQOntdA5XdLa3deiHbhwfU1DUn2Lpb3tcs0KbQ\/viewform\"> &#8220;enqu\u00eate flash&#8221; ICI<\/a><\/p>\n<p>Coordination inter professionnelle\u00a0 M\u00e9decin &#8211; Pharmacien<\/p>\n<p>&nbsp;<\/p>\n<p><strong>\u25ba20\/08\/2020 &#8211;<a href=\"https:\/\/us8.campaign-archive.com\/?u=07e1c2e988d75c3f3beefa643&amp;id=6d9589c9a2\" target=\"_blank\" rel=\"noopener noreferrer\"> Covid-19 &#8211; Flash n\u00b022 : Recrudescence de l&#8217;\u00e9pid\u00e9mie, restons mobilis\u00e9s !<\/a><\/strong><\/p>\n<p>Covid-19 : Etat des lieux des stocks de masques d&#8217;Etat en officine (<a href=\"https:\/\/docs.google.com\/forms\/d\/e\/1FAIpQLSdKOCkiagxVchz7DuBg9h0dk8irEIQxWDvK40RGzv1W7smU1Q\/viewform\" target=\"_blank\" rel=\"noopener noreferrer\">Enqu\u00eate ICI<\/a>)<\/p>\n<p>Covid-19 : Etat des lieux des stocks de masques d&#8217;Etat en officine<\/p>\n<p>Tests des voyageurs \u00e0 J7<\/p>\n<p>Tests des patients et des cas contacts<\/p>\n<p>Patients positifs \u00e0 la Covid-19<\/p>\n<p>Patients contacts Covid-19<\/p>\n<p>Communiqu\u00e9 de Presse : Communaut\u00e9 des Professionnels de Sant\u00e9 de la R\u00e9union<\/p>\n<p>Coordination inter professionnelle M\u00e9decin &#8211; Infirmier &#8211; Pharmacien<\/p>\n<p>Webinaire COVID-19<\/p>\n<p>Prise en charge en maladie professionnelle : ouverture de la d\u00e9claration en ligne<\/p>\n<p>&nbsp;<\/p>\n<p><strong>\u25ba19\/08\/2020 &#8211; <a href=\"https:\/\/us8.campaign-archive.com\/?u=07e1c2e988d75c3f3beefa643&amp;id=3f1dbca64a\" target=\"_blank\" rel=\"noopener noreferrer\">ACTU PRO &#8211; RAPPEL : Formations au sevrage tabagique septembre &#8211; novembre 2020<\/a><\/strong><\/p>\n<p>Formation : Comment prescrire et accompagner le sevrage tabagique de vos patients<\/p>\n<p>&nbsp;<\/p>\n<p><strong>\u25ba11\/08\/2020 &#8211; <a href=\"https:\/\/us8.campaign-archive.com\/?u=07e1c2e988d75c3f3beefa643&amp;id=c4fb8ed342\" target=\"_blank\" rel=\"noopener noreferrer\">ACTU PRO &#8211; Formations au sevrage tabagique septembre &#8211; novembre 2020<\/a><\/strong><\/p>\n<p>Formation : Comment prescrire et accompagner le sevrage tabagique de vos patients<\/p>\n<p>&nbsp;<\/p>\n<p><strong>\u25ba06\/08\/2020 &#8211; <a href=\"https:\/\/us8.campaign-archive.com\/?u=07e1c2e988d75c3f3beefa643&amp;id=5e4dcc9510\" target=\"_blank\" rel=\"noopener noreferrer\">FLASH INFO : Votre actualit\u00e9 &#8211; Ao\u00fbt 2020<\/a><\/strong><\/p>\n<p>Fin du dispositif de distribution : message d&#8217;alerte de la DGS<\/p>\n<p>Dispensation adapt\u00e9e et accompagnement pharmaceutique<\/p>\n<p>Lib&#8217;sans tabac : Accompagnement au sevrage tabagique<\/p>\n<p>Mon DPC &#8211; Document de tra\u00e7abilit\u00e9<\/p>\n<p>Ligne Urgence Pr\u00e9carit\u00e9 : Les horaires d\u2019ouverture de la ligne \u00e9volue<\/p>\n<p>#noubatayansamb &#8211; Contre le covid-19 et la dengue : campagne de sensibilisation<\/p>\n<p>La CNUPL organise sa 2\u00e8me journ\u00e9e oncologie : apr\u00e8s TOULOUSE, REIMS!<\/p>\n<p>COVIGIE : Retours d&#8217;exp\u00e9rience de soignants et premiers recours<\/p>\n<p>Bulletin \u00e9pid\u00e9miologique : Dengue &#8211; Covid-19<\/p>\n<p>Cyclamed au service des pharmaciens et du grand public<\/p>\n<p>Rappels : Campagne de vaccination antigrippale et trod covid-19 en officine<\/p>\n<p>&nbsp;<\/p>\n<p><strong>\u25ba31\/07\/2020 &#8211; <a href=\"https:\/\/us8.campaign-archive.com\/?u=07e1c2e988d75c3f3beefa643&amp;id=208d0cc166\" target=\"_blank\" rel=\"noopener noreferrer\">URPS EN ACTION : Campagne 2020 de vaccination contre la grippe : contrat rempli mais ce n&#8217;est pas fini&#8230;<\/a><\/strong><\/p>\n<p>Forte progression attendue de la couverture vaccinale<\/p>\n<p>Un r\u00e9assort exceptionnel annonc\u00e9 par SANOFI<\/p>\n<p>\u00c9limination des DASRI g\u00e9n\u00e9r\u00e9s par la vaccination<\/p>\n<p>Annuaire URPS pharmacies sp\u00e9cial vaccination<\/p>\n<p>&nbsp;<\/p>\n<p><strong>\u25ba29\/07\/2020 &#8211; <a href=\"https:\/\/us8.campaign-archive.com\/?u=07e1c2e988d75c3f3beefa643&amp;id=3e7e0080a8\" target=\"_blank\" rel=\"noopener noreferrer\">Covid-19 &#8211; Enqu\u00eate flash : TROD Covid-19 en officine<\/a><\/strong><\/p>\n<p>Les tests s\u00e9rologiques, un moyen compl\u00e9mentaire aux tests virologiques<\/p>\n<p>IGM \/ IGG ?<\/p>\n<p>Enqu\u00eate Flash \u00e9tat des lieux des TROD s\u00e9rologiques Covid-19 dans vos officines<\/p>\n<p>Formation sur les TROD Covid-19<\/p>\n<p>&nbsp;<\/p>\n<p><strong>\u25ba24\/07\/2020 &#8211; <a href=\"https:\/\/us8.campaign-archive.com\/?u=07e1c2e988d75c3f3beefa643&amp;id=ed73bbf8b7\" target=\"_blank\" rel=\"noopener noreferrer\">SONGAGE EXPRESS : Vaccination anti-grippale en officine, O\u00f9 en en sommes-nous ?<\/a><\/strong><\/p>\n<p><a href=\"https:\/\/docs.google.com\/forms\/d\/e\/1FAIpQLSeNP1HK2sPEyRBAtyc2kAHNzrf1EbrtbIJ2kt8eoxWN2Kiepw\/viewform\">Enqu\u00eate ICI<\/a><\/p>\n<p>&nbsp;<\/p>\n<p><strong>\u25ba17\/07\/2020 &#8211; <a href=\"https:\/\/us8.campaign-archive.com\/?u=07e1c2e988d75c3f3beefa643&amp;id=670cf8a354\" target=\"_blank\" rel=\"noopener noreferrer\">Covid-19 &#8211; Flash n\u00b021 : Prolongation de certaines mesures et Trod en officine<\/a><\/strong><\/p>\n<p>Les mesures reconduites<\/p>\n<p>TROD Covid-19 en officine<\/p>\n<p>Fin du t\u00e9l\u00e9service Amelipro<\/p>\n<p>&nbsp;<\/p>\n<p><strong>\u25ba30\/06\/2020 &#8211; <a href=\"https:\/\/us8.campaign-archive.com\/?u=07e1c2e988d75c3f3beefa643&amp;id=b98c9504e9\" target=\"_blank\" rel=\"noopener noreferrer\">FLASH INFO : Masques d&#8217;\u00e9tat : nouvelles consignes au 25 juin<\/a><\/strong><\/p>\n<p>Commandes de masques d\u2019Etat en &#8220;Flux tir\u00e9s&#8221;<\/p>\n<p>Tableau de r\u00e9partition des officines par grossistes : Commandes de masques en &#8220;Flux tir\u00e9s&#8221;<\/p>\n<p>Nouvelles consignes applicables au 25 juin 2020<\/p>\n<p>Enregistrement de vos distributions de masques d&#8217;Etat<\/p>\n<p>&nbsp;<\/p>\n<p><strong>\u25ba18\/06\/2020 &#8211; <a href=\"https:\/\/us8.campaign-archive.com\/?u=07e1c2e988d75c3f3beefa643&amp;id=7235ac4a86\" target=\"_blank\" rel=\"noopener noreferrer\">FLASH INFO : Derni\u00e8re minute &#8211; Distribution des masques d&#8217;Etat<\/a><\/strong><\/p>\n<p>Distribution des masques d\u2019Etat<\/p>\n<p>Report des &#8220;Flux tir\u00e9s&#8221; \u00e0 La R\u00e9union<\/p>\n<p>Tra\u00e7abilit\u00e9 des masques \u00e0 l&#8217;Assurance Maladie<\/p>\n<p>Rappel : Prescription de masques aux personnes \u00e0 tr\u00e8s haut risque m\u00e9dical<\/p>\n<p>&nbsp;<\/p>\n<p><strong>\u25ba17\/06\/2020 &#8211; <a href=\"https:\/\/us8.campaign-archive.com\/?u=07e1c2e988d75c3f3beefa643&amp;id=f378c5a2d9\" target=\"_blank\" rel=\"noopener noreferrer\">FLASH INFO : Votre actualit\u00e9 &#8211; 16 juin 2020<\/a><\/strong><\/p>\n<p>La campagne de vaccination contre la grippe saisonni\u00e8re : du 1er juin au 30 septembre<\/p>\n<p>CRP* : prise en charge de la vaccination antigrippale des salari\u00e9s d&#8217;officines<\/p>\n<p>Lib&#8217;sans tabac &#8211; Accompagnement au sevrage tabagique<\/p>\n<p>Covigie : Enqu\u00eate express<\/p>\n<p>Dastri &#8211; Collecte des pompes patch OMNIPOD \u00e0 La R\u00e9union<\/p>\n<p>Dengue &#8211; La mobilisation des professionnels de sant\u00e9 est indispensable<\/p>\n<p>Bulletin \u00e9pid\u00e9miologique : Dengue &#8211; Covid-19<\/p>\n<p>Ireps : Covid-19 : Ti Pa #1 Comment se laver les mains ?<\/p>\n<p>&nbsp;<\/p>\n<p><strong>\u25ba05\/06\/2020 &#8211; <a href=\"https:\/\/us8.campaign-archive.com\/?u=07e1c2e988d75c3f3beefa643&amp;id=0b87a79426\" target=\"_blank\" rel=\"noopener noreferrer\">Covid-19 &#8211; URGENT : Masques d&#8217;Etat : nouvelle distribution et d\u00e9claration de vos besoins hebdomadaires<\/a><\/strong><\/p>\n<p>Distribution des masques d\u2019Etat<\/p>\n<p>Prescription de masques aux personnes \u00e0 tr\u00e8s haut risque m\u00e9dical<\/p>\n<p>Tra\u00e7abilit\u00e9 de la livraison des masques \u00e0 l&#8217;Assurance Maladie<\/p>\n<p>Enqu\u00eate : besoins hebdomadaires pour chaque type de masques.<\/p>\n<p>Vos r\u00e9ponses seront accessibles automatiquement par l&#8217;ARS.<\/p>\n<p>&nbsp;<\/p>\n<p><strong>\u25ba03\/06\/2020 &#8211; <a href=\"https:\/\/us8.campaign-archive.com\/?u=07e1c2e988d75c3f3beefa643&amp;id=1d8c946da1\" target=\"_blank\" rel=\"noopener noreferrer\">Covid-19 &#8211; Communiqu\u00e9 de presse &#8220;Masques P\u00e9\u00ef&#8221; UNS1<\/a><\/strong><\/p>\n<p>&nbsp;<\/p>\n<p><strong>\u25ba03\/06\/2020 &#8211; <a href=\"https:\/\/us8.campaign-archive.com\/?u=07e1c2e988d75c3f3beefa643&amp;id=d309fcab34\" target=\"_blank\" rel=\"noopener noreferrer\">Covid-19 &#8211; RAPPEL &#8211; Enqu\u00eate flash &#8220;masques d&#8217;Etat&#8221;<\/a><\/strong><\/p>\n<p><a href=\"https:\/\/docs.google.com\/forms\/d\/e\/1FAIpQLSeyLb5d2MJsJpRe9JIM2RgcOk5QKY9aB4YreDaCe56ZvYvqZw\/viewform\">Enqu\u00eate ICI<\/a> : stocks masques d&#8217;Etat<\/p>\n<p>&nbsp;<\/p>\n<p><strong>\u25ba30\/05\/2020 &#8211; <a href=\"https:\/\/us8.campaign-archive.com\/?u=07e1c2e988d75c3f3beefa643&amp;id=1295cbc5d5\" target=\"_blank\" rel=\"noopener noreferrer\">SONDAGE EXPRESS : Rappel &#8211; Vaccination anti-grippale en officine, d\u00e9but de la campagne le 1er juin 2020, \u00eates vous pr\u00eats ?<\/a><\/strong><\/p>\n<p><a href=\"https:\/\/docs.google.com\/forms\/d\/e\/1FAIpQLSci_2R4x5PbqnY0kqs4Qxm9EDQogpdC0aknuL7QD6vgEdScnw\/viewform\">Enqu\u00eate ICI<\/a><\/p>\n<p>&nbsp;<\/p>\n<p><strong>\u25ba29\/05\/2020 &#8211; <a href=\"https:\/\/us8.campaign-archive.com\/?u=07e1c2e988d75c3f3beefa643&amp;id=7f7a2a5715\" target=\"_blank\" rel=\"noopener noreferrer\">Covid-19 &#8211; Flash n\u00b020 : &#8220;Masques Grand public UNS1&#8221; et &#8220;Masques chirurgicaux&#8221; : les bons conseils du pharmacien aux usagers<\/a><\/strong><\/p>\n<p>Utilisation des &#8220;Masques P\u00e9\u00ef&#8221; (UNS1)<\/p>\n<p>Utilisation des masques chirurgicaux<\/p>\n<p>&nbsp;<\/p>\n<p><strong>\u25ba28\/05\/2020 &#8211; <a href=\"https:\/\/us8.campaign-archive.com\/?u=07e1c2e988d75c3f3beefa643&amp;id=ece7349704\" target=\"_blank\" rel=\"noopener noreferrer\">Covid-19 &#8211; Flash n\u00b019 : Nouveaut\u00e9s \u00e0 retenir\u2026<\/a><\/strong><\/p>\n<p>Distribution des masques d\u2019Etat<\/p>\n<p>COVIGIE : un site pour les soignants de premiers recours<\/p>\n<p>&nbsp;<\/p>\n<p><strong>27\/05\/2020- <a href=\"https:\/\/us8.campaign-archive.com\/?u=07e1c2e988d75c3f3beefa643&amp;id=93c88f1a14\" target=\"_blank\" rel=\"noopener noreferrer\">SONDAGE EXPRESS : Vaccination anti-grippale en officine, d\u00e9but de la campagne le 1er juin 2020, \u00eates vous pr\u00eats ?<\/a><\/strong><\/p>\n<p><a href=\"https:\/\/docs.google.com\/forms\/d\/e\/1FAIpQLSci_2R4x5PbqnY0kqs4Qxm9EDQogpdC0aknuL7QD6vgEdScnw\/viewform\">Enqu\u00eate ICI<\/a><\/p>\n<p>&nbsp;<\/p>\n<p><strong>\u25ba26\/05\/2020 &#8211; <a href=\"https:\/\/us8.campaign-archive.com\/?u=07e1c2e988d75c3f3beefa643&amp;id=45acf35158\" target=\"_blank\" rel=\"noopener noreferrer\">Covid-19 : &#8220;Masques d&#8217;Etat&#8221; et &#8220;Masques P\u00e9\u00ef&#8221; (UNS1) : livraisons imminentes dans vos officines<\/a><\/strong><\/p>\n<p>Vos &#8220;Masques P\u00e9\u00ef&#8221; en livraison<\/p>\n<p>Mise en avant dans les m\u00e9dias des \u201cMasques P\u00e9\u00ef\u201d (UNS1)<\/p>\n<p>&nbsp;<\/p>\n<p><strong>\u25ba22\/05\/2020 &#8211; <a href=\"https:\/\/us8.campaign-archive.com\/?u=07e1c2e988d75c3f3beefa643&amp;id=6712d31230\" target=\"_blank\" rel=\"noopener noreferrer\">Covid-19 &#8211; FLASH N\u00b018 : Nouveaut\u00e9s \u00e0 retenir\u2026<\/a><\/strong><\/p>\n<p>Distribution des masques d\u2019Etat<\/p>\n<p>Continuit\u00e9 des soins : affiches propos\u00e9es par l\u2019UNPS<\/p>\n<p>1er juin 2020 : D\u00e9but de la campagne de vaccination contre la grippe saisonni\u00e8re sur notre territoire.<\/p>\n<p>&nbsp;<\/p>\n<p><strong>\u25ba18\/05\/2020 &#8211; <a href=\"https:\/\/us8.campaign-archive.com\/?u=07e1c2e988d75c3f3beefa643&amp;id=ee33b19fb3\" target=\"_blank\" rel=\"noopener noreferrer\">Covid-19 : D\u00e9lai suppl\u00e9mentaire pour commander vos &#8220;Masques P\u00e9\u00ef&#8221; cat\u00e9gorie 1 (UNS1) \u00e0 partir de 2.90\u20ac HT<\/a><\/strong><\/p>\n<p>&nbsp;<\/p>\n<p><strong>\u25ba15\/05\/2020 &#8211; <a href=\"https:\/\/us8.campaign-archive.com\/?u=07e1c2e988d75c3f3beefa643&amp;id=fcfd6cb09f\" target=\"_blank\" rel=\"noopener noreferrer\">Covid-19 : Dernier jour pour commander vos &#8220;Masques P\u00e9\u00ef&#8221; cat\u00e9gorie 1 (UNS1) \u00e0 partir de 2.90\u20ac HT<\/a><\/strong><\/p>\n<p>&nbsp;<\/p>\n<p><strong>\u25ba14\/05\/2020 &#8211; <a href=\"https:\/\/us8.campaign-archive.com\/?u=07e1c2e988d75c3f3beefa643&amp;id=70d8ce685b\" target=\"_blank\" rel=\"noopener noreferrer\">Covid-19 : Rappel &#8211; Livraison en urgence masques cat\u00e9gorie 1 (UNS1) \u00e0 partir de 2.90\u20ac HT<\/a><\/strong><\/p>\n<p>&nbsp;<\/p>\n<p><strong>\u25ba13\/05\/2020 &#8211; <a href=\"https:\/\/us8.campaign-archive.com\/?u=07e1c2e988d75c3f3beefa643&amp;id=b1be049f5b\" target=\"_blank\" rel=\"noopener noreferrer\">Covid-19 : Livraison en urgence masques cat\u00e9gorie 1 (UNS1) \u00e0 partir de 2.90\u20ac HT<\/a><\/strong><\/p>\n<p><a href=\"https:\/\/docs.google.com\/forms\/d\/e\/1FAIpQLSf8PxhOPbKFKmughMru4Fh7allsAToWF1hJf6vjsBZJXBnXDg\/viewform\">Commande de masques P\u00e9\u00ef UNS1 ICI<\/a><\/p>\n<p>&nbsp;<\/p>\n<p><strong>\u25ba11\/05\/2020 &#8211; <a href=\"https:\/\/us8.campaign-archive.com\/?u=07e1c2e988d75c3f3beefa643&amp;id=ede217c3a3\" target=\"_blank\" rel=\"noopener noreferrer\">Covid-19 &#8211; URGENT : Sortie de confinement &#8211; Distribution des masques lundi 11 mai 2020<\/a><\/strong><\/p>\n<p>ARS &#8211; Consignes aux pharmaciens : distribution des masques aux professionnels de sant\u00e9<\/p>\n<p>&nbsp;<\/p>\n<p><strong>\u25ba08\/05\/2020 &#8211; <a href=\"https:\/\/us8.campaign-archive.com\/?u=07e1c2e988d75c3f3beefa643&amp;id=3c993cc684\" target=\"_blank\" rel=\"noopener noreferrer\">Covid-19 &#8211; FLASH N\u00b017 : Nouveaut\u00e9s \u00e0 retenir\u2026<\/a><\/strong><\/p>\n<p>Distribution des masques : simplification et indemnisation pr\u00e9vue la semaine prochaine<\/p>\n<p>Masques pour les patients fragiles<\/p>\n<p>Assurance maladie : communiqu\u00e9 aux pharmaciens<\/p>\n<p>COVIGIE : un site pour les soignants de premiers recours<\/p>\n<p>Covid-19 : protocole national de d\u00e9confinement<\/p>\n<p>Rappel : Annuaire des pharmacies sp\u00e9cial Covid-19 &#8211; Plan de continuit\u00e9 d&#8217;activit\u00e9 en officine au 16\/04\/2020 &#8211; MSSANTE : Cr\u00e9er votre messagerie s\u00e9curis\u00e9e<\/p>\n<p>&nbsp;<\/p>\n<p><strong>\u25ba06\/05\/2020 &#8211; <a href=\"https:\/\/us8.campaign-archive.com\/?u=07e1c2e988d75c3f3beefa643&amp;id=7f2f7b2d1c\" target=\"_blank\" rel=\"noopener noreferrer\">Covid-19 &#8211; URGENT : Distribution des masques jeudi 07 mai 2020<\/a><\/strong><\/p>\n<p>Consignes aux pharmaciens : distribution des masques aux professionnels de sant\u00e9<\/p>\n<p>AMELIPRO et tra\u00e7abilit\u00e9 des dotations pour les professions non r\u00e9f\u00e9renc\u00e9es sur le site<\/p>\n<p>&nbsp;<\/p>\n<p><strong>\u25ba04\/05\/2020 &#8211; <a href=\"https:\/\/us8.campaign-archive.com\/?u=07e1c2e988d75c3f3beefa643&amp;id=1c6bc2d093\" target=\"_blank\" rel=\"noopener noreferrer\">Covid-19 &#8211; FLASH N\u00b016 : Nouveaut\u00e9s \u00e0 retenir\u2026<\/a><\/strong><\/p>\n<p>Communiqu\u00e9 du CLIO : les masques tombent<\/p>\n<p>Covid-19 : Appel \u00e0 la vigilance des patients sur les m\u00e9dicaments<\/p>\n<p>Dengue : le 30 avril 2020 nouvelle campagne, l&#8217;\u00e9pid\u00e9mie s&#8217;acc\u00e9l\u00e8re<\/p>\n<p>Covid-19 : premi\u00e8res indications pour les tests s\u00e9rologiques<\/p>\n<p>Sant\u00e9 publique France : nouveaux supports de communication<\/p>\n<p>Rappel : Annuaire des pharmacies sp\u00e9cial Covid-19 &#8211; Plan de continuit\u00e9 d&#8217;activit\u00e9 en officine au 16\/04\/2020 &#8211; MSSANTE : Cr\u00e9er votre messagerie s\u00e9curis\u00e9e<\/p>\n<p>&nbsp;<\/p>\n<p><strong>\u25ba30\/04\/2020 &#8211; <a href=\"https:\/\/us8.campaign-archive.com\/?u=07e1c2e988d75c3f3beefa643&amp;id=87e35b7163\" target=\"_blank\" rel=\"noopener noreferrer\">Covid-19 &#8211; FLASH N\u00b015 : Nouveaut\u00e9s \u00e0 retenir\u2026<\/a><\/strong><\/p>\n<p>URGENT : information de derni\u00e8re minute sur la distribution des masques<\/p>\n<p>Autorisation de vente de masques chirurgicaux en officine (stock priv\u00e9)<\/p>\n<p>Autorisation de vente de masques grand public en officine<\/p>\n<p>Acc\u00e8s \u00e0 la NALOXONE<\/p>\n<p>Covid-19 : votre URPS soutien Allocovid<\/p>\n<p>Sant\u00e9 publique France : Point \u00e9pid\u00e9miologique<\/p>\n<p>Rappel : Annuaire des pharmacies sp\u00e9cial Covid-19 &#8211; Plan de continuit\u00e9 d&#8217;activit\u00e9 en officine au 16\/04\/2020 &#8211; MSSANTE : Cr\u00e9er votre messagerie s\u00e9curis\u00e9e<\/p>\n<p>&nbsp;<\/p>\n<p><strong>\u25ba29\/04\/2020 &#8211; <a href=\"https:\/\/us8.campaign-archive.com\/?u=07e1c2e988d75c3f3beefa643&amp;id=a0444f3166\" target=\"_blank\" rel=\"noopener noreferrer\">Covid-19 &#8211; URGENT : Distribution des masques mercredi 29 avril 2020<\/a><\/strong><\/p>\n<p>Consignes aux pharmaciens : distribution des masques aux professionnels de sant\u00e9<\/p>\n<p>Rappel : T\u00e9l\u00e9service : AMELIPRO<\/p>\n<p>&nbsp;<\/p>\n<p><strong>\u25ba27\/04\/2020 &#8211; <a href=\"https:\/\/us8.campaign-archive.com\/?u=07e1c2e988d75c3f3beefa643&amp;id=08b3064f7d\" target=\"_blank\" rel=\"noopener noreferrer\">Covid-19 &#8211; FLASH N\u00b014 : Nouveaut\u00e9s \u00e0 retenir\u2026<\/a><\/strong><\/p>\n<p>Autorisation de vente de masque \u201cgrand public\u201d en officine<\/p>\n<p>Covid-19 : Lancement Allocovid<\/p>\n<p>ADOP &#8211; Aide et Dispositif d&#8217;Orientation des Pharmaciens<\/p>\n<p>Sant\u00e9 publique France : Point \u00e9pid\u00e9miologique<\/p>\n<p>CESPHARM<\/p>\n<p>Rappel : Annuaire des pharmacies sp\u00e9cial Covid-19 &#8211; Plan de continuit\u00e9 d&#8217;activit\u00e9 en officine au 16\/04\/2020 &#8211; MSSANTE : Cr\u00e9er votre messagerie s\u00e9curis\u00e9e<\/p>\n<p>&nbsp;<\/p>\n<p><strong>\u25ba24\/04\/2020 &#8211; <a href=\"https:\/\/us8.campaign-archive.com\/?u=07e1c2e988d75c3f3beefa643&amp;id=2226ba53f4\" target=\"_blank\" rel=\"noopener noreferrer\">Covid-19 &#8211; FLASH N\u00b013 : Nouveaut\u00e9s \u00e0 retenir\u2026<\/a><\/strong><\/p>\n<p>Rappel t\u00e9l\u00e9service : AMELIPRO<\/p>\n<p>L\u2019Anses met en garde contre la consommation de compl\u00e9ments alimentaires pouvant perturber la r\u00e9ponse immunitaire<\/p>\n<p>Tentatives d&#8217;escroqueries \u00e0 l&#8217;encontre des structures de sant\u00e9, des entreprises ou des collectivit\u00e9s<\/p>\n<p>Protocole service d&#8217;urgence podologique<\/p>\n<p>PTA974 : Page sp\u00e9ciale coronavirus<\/p>\n<p>CESPHARM : Dispensations d\u00e9rogatoires ou encadr\u00e9es \u00e0 l&#8217;officine &#8211; m\u00e9dicaments et DM<\/p>\n<p>COVIDOFFI : Etude du CEIP-Addictovigilance de Paris<\/p>\n<p>Rappel : Annuaire des pharmacies sp\u00e9cial Covid-19 &#8211; Plan de continuit\u00e9 d&#8217;activit\u00e9 en officine au 16\/04\/2020 &#8211; MSSANTE : Cr\u00e9er votre messagerie s\u00e9curis\u00e9e<\/p>\n<p>&nbsp;<\/p>\n<p><strong>\u25ba22\/04\/2020 &#8211; <a href=\"https:\/\/us8.campaign-archive.com\/?u=07e1c2e988d75c3f3beefa643&amp;id=787be91cea\" target=\"_blank\" rel=\"noopener noreferrer\">Covid-19 &#8211; FLASH N\u00b012 : Nouveaut\u00e9s \u00e0 retenir\u2026<\/a><\/strong><\/p>\n<p>AMELIPRO<\/p>\n<p>Modifications des usages de drogues et adaptations des prises en charges (OFDT*)<\/p>\n<p>PTA974 : Appel \u00e0 la solidarit\u00e9<\/p>\n<p>IVG : D\u00e9livrance et facturation<\/p>\n<p>Urgences dentaires : Prise en charge<\/p>\n<p>Annuaire des pharmacies sp\u00e9cial Covid-19<\/p>\n<p>Plan de continuit\u00e9 d&#8217;activit\u00e9 en officine au 16\/04\/2020<\/p>\n<p>MSSANTE : Cr\u00e9er votre messagerie s\u00e9curis\u00e9e<\/p>\n<p>&nbsp;<\/p>\n<p><strong>\u25ba17\/04\/2020 &#8211; <a href=\"https:\/\/us8.campaign-archive.com\/?u=07e1c2e988d75c3f3beefa643&amp;id=5e20c8ecf3\" target=\"_blank\" rel=\"noopener noreferrer\">Covid-19 &#8211; FLASH N\u00b011 : Nouveaut\u00e9s \u00e0 retenir\u2026<\/a><\/strong><\/p>\n<p>AMELIPRO : Focus sur la distribution et la gestion des masques<\/p>\n<p>IVG M\u00e9dicamenteuse : d\u00e9livrance en officine<\/p>\n<p>Sant\u00e9 publique France : Point \u00e9pid\u00e9miologique<\/p>\n<p>Report de la vaccination contre la grippe saisonni\u00e8re \u00e0 La R\u00e9union<\/p>\n<p>CYCLAMED : interruption<\/p>\n<p>Plan de continuit\u00e9 d&#8217;activit\u00e9 en officine : mise \u00e0 jour au 16\/04\/2020<\/p>\n<p>Annuaire des pharmacies sp\u00e9cial Covid-19<\/p>\n<p>MSSANTE : Cr\u00e9er votre messagerie s\u00e9curis\u00e9e<\/p>\n<p>&nbsp;<\/p>\n<p><strong>\u25ba15\/04\/2020 &#8211; <a href=\"https:\/\/us8.campaign-archive.com\/?u=07e1c2e988d75c3f3beefa643&amp;id=3a21146e0e\" target=\"_blank\" rel=\"noopener noreferrer\">Covid-19 &#8211; FLASH N\u00b010 : Nouveaut\u00e9s \u00e0 retenir\u2026<\/a><\/strong><\/p>\n<p>URGENT : information de derni\u00e8re minute sur la distribution des masques<\/p>\n<p>Attention aux contrefa\u00e7ons: SHA \/ GHA<\/p>\n<p>Plateforme PSY-COVID974 port\u00e9\u00e9 par le CUMP(Cellule d\u2019Urgence M\u00e9dico Psychologique Oc\u00e9an Indien)<\/p>\n<p>Recommandations de s\u00e9curit\u00e9 : Professionnels de sant\u00e9 lib\u00e9raux<\/p>\n<p>Urgence dentaire<\/p>\n<p>ARS : Gestion des d\u00e9chets contamin\u00e9s des patients Covid-19 \u00e0 domicile<\/p>\n<p>Renseignez vos coordonn\u00e9es dans notre nouvel annuaire des pharmacies sp\u00e9cial Covid-19<\/p>\n<p>&nbsp;<\/p>\n<p><strong>\u25ba14\/04\/2020 &#8211; <a href=\"https:\/\/us8.campaign-archive.com\/?u=07e1c2e988d75c3f3beefa643&amp;id=09e64a440b\" target=\"_blank\" rel=\"noopener noreferrer\">Covid-19 &#8211; URGENT : Nouvelles modalit\u00e9s &#8211; Distribution des masques<\/a><\/strong><\/p>\n<p>Nouveau t\u00e9l\u00e9service sur amelipro<\/p>\n<p>Consignes aux pharmaciens : distribution des masques aux professionnels de sant\u00e9<\/p>\n<p>Tip@sant\u00e9 : Communiqu\u00e9 officiel aux professionnels \u00e9ligibles<\/p>\n<p>&nbsp;<\/p>\n<p><strong>\u25ba10\/04\/2020 &#8211; <a href=\"https:\/\/us8.campaign-archive.com\/?u=07e1c2e988d75c3f3beefa643&amp;id=3bbf696f9c\" target=\"_blank\" rel=\"noopener noreferrer\">Covid-19 &#8211; FLASH N\u00b09 : Les pharmacies lieu d&#8217;alerte pour les victimes de violences intrafamiliales<\/a><\/strong><\/p>\n<p>Pharmacies : Mesures du dispositif<\/p>\n<p>Recommandations de s\u00e9curit\u00e9 : Professionnels de sant\u00e9 lib\u00e9raux<\/p>\n<p>Croix Rouge : Mardi 07 avril 2020 &#8211; Nouveaux horaires et modalit\u00e9s de livraison<\/p>\n<p>PRIX : Communication \u00e0 la demande de la DGCCRF<\/p>\n<p>&nbsp;<\/p>\n<p><strong>\u25ba09\/04\/2020 &#8211; <a href=\"https:\/\/us8.campaign-archive.com\/?u=07e1c2e988d75c3f3beefa643&amp;id=b674e4e52c\" target=\"_blank\" rel=\"noopener noreferrer\">Covid-19 &#8211; URGENT &#8211; Alerte : Distribution des masques d&#8217;\u00e9tat<\/a><\/strong><\/p>\n<p>ARS &#8211; Assurance maladie : Notice d&#8217;information aux pharmaciens<\/p>\n<p>Rappels : Modalit\u00e9s de d\u00e9livrance des masques &#8211; Suivi des quantit\u00e9s et r\u00e9assort<\/p>\n<p>&nbsp;<\/p>\n<p><strong>\u25ba03\/04\/2020 &#8211; <a href=\"https:\/\/us8.campaign-archive.com\/?u=07e1c2e988d75c3f3beefa643&amp;id=ad49065d4b\" target=\"_blank\" rel=\"noopener noreferrer\">Covid-19 &#8211; FLASH N\u00b08 : Les pharmacies r\u00e9unionnaises s\u2019organisent en faveur de la population<\/a><\/strong><\/p>\n<p>Les pharmacies r\u00e9unionnaises permettent \u00e0 leurs patients de r\u00e9duire leurs d\u00e9placements<\/p>\n<p>Protocole hygi\u00e8ne et sant\u00e9 pour les soignants<\/p>\n<p><a href=\"https:\/\/docs.google.com\/forms\/d\/e\/1FAIpQLSeaFrU6WQel2KcLtG0h5SHy6tSU6ADxWCvrjxhyiJbmXj8MNw\/viewform\">Inscription ICI<\/a> : annuaire des pharmaciens sp\u00e9cial covid-19<\/p>\n<p>&nbsp;<\/p>\n<p><strong>\u25ba04\/04\/2020 &#8211; <a href=\"https:\/\/us8.campaign-archive.com\/?u=07e1c2e988d75c3f3beefa643&amp;id=c9a0cb3861\" target=\"_blank\" rel=\"noopener noreferrer\">Covid-19 &#8211; URGENT : Plan de continuit\u00e9 d&#8217;activit\u00e9 en officine<\/a><\/strong><\/p>\n<p>&nbsp;<\/p>\n<p><strong>\u25ba01\/04\/2020 &#8211; <a href=\"https:\/\/us8.campaign-archive.com\/?u=07e1c2e988d75c3f3beefa643&amp;id=636b644dc4\" target=\"_blank\" rel=\"noopener noreferrer\">Covid-19 &#8211; FLASH N\u00b07 : Nouveaux services pour vos patients<\/a><\/strong><\/p>\n<p>lepharmacien.fr : Un site et une application pour toutes les pharmacies<\/p>\n<p>Croix rouge : Ecoute et livraison solidaire d\u00e9j\u00e0 disponible \u00e0 La R\u00e9union<\/p>\n<p>Les professionnels de sant\u00e9 tirent \u00e0 nouveau la sonnette d&#8217;alarme<\/p>\n<p><a href=\"https:\/\/docs.google.com\/forms\/d\/e\/1FAIpQLSeaFrU6WQel2KcLtG0h5SHy6tSU6ADxWCvrjxhyiJbmXj8MNw\/viewform\">Inscription ICI<\/a> : annuaire des pharmaciens sp\u00e9cial covid-19<\/p>\n<p>&nbsp;<\/p>\n<p><strong>\u25ba28\/03\/2020 &#8211; <a href=\"https:\/\/us8.campaign-archive.com\/?u=07e1c2e988d75c3f3beefa643&amp;id=04881216e9\" target=\"_blank\" rel=\"noopener noreferrer\">Covid-19 &#8211; URGENT : RAPPEL &#8211; Annuaire des pharmaciens<\/a><\/strong><\/p>\n<p><a href=\"https:\/\/docs.google.com\/forms\/d\/e\/1FAIpQLSeaFrU6WQel2KcLtG0h5SHy6tSU6ADxWCvrjxhyiJbmXj8MNw\/viewform\">Inscription ICI<\/a> : annuaire des pharmaciens sp\u00e9cial covid-19<\/p>\n<p>&nbsp;<\/p>\n<p><strong>\u25ba27\/03\/2020 &#8211; <a href=\"https:\/\/us8.campaign-archive.com\/?u=07e1c2e988d75c3f3beefa643&amp;id=10fbdfc691\" target=\"_blank\" rel=\"noopener noreferrer\">Covid-19 &#8211; URGENT : Annuaire des pharmaciens<\/a><\/strong><\/p>\n<p><a href=\"https:\/\/docs.google.com\/forms\/d\/e\/1FAIpQLSeaFrU6WQel2KcLtG0h5SHy6tSU6ADxWCvrjxhyiJbmXj8MNw\/viewform\">Inscription ICI<\/a> : annuaire des pharmaciens sp\u00e9cial covid-19<\/p>\n<p>&nbsp;<\/p>\n<p><strong>\u25ba25\/03\/2020 &#8211; <a href=\"https:\/\/us8.campaign-archive.com\/?u=07e1c2e988d75c3f3beefa643&amp;id=b9571c78e4\" target=\"_blank\" rel=\"noopener noreferrer\">Covid-19 &#8211; URGENT &#8211; Alerte : Distribution des masques<\/a><\/strong><\/p>\n<p>Dotation des masques de protection<\/p>\n<p>&nbsp;<\/p>\n<p><strong>\u25ba24\/03\/2020 &#8211; <a href=\"https:\/\/us8.campaign-archive.com\/?u=07e1c2e988d75c3f3beefa643&amp;id=5be29625eb\" target=\"_blank\" rel=\"noopener noreferrer\">Covid-19 &#8211; FLASH N\u00b06 : Livraison imminente des masques de protection<\/a><\/strong><\/p>\n<p>Masque chirurgicaux : D\u00e9livrance des masques de protection du stock Etat<\/p>\n<p><a href=\"http:\/\/lepharmacien.fr\/\">lepharmacien.f<\/a>r un site et une application pour toutes les pharmacies<\/p>\n<p>Renouvellement d&#8217;ordonnance : Traitement (TSO)<\/p>\n<p>Fermeture des cabinets dentaires au public<\/p>\n<p>Nouveaux supports de communication Covid-19<\/p>\n<p>Mise en application des conseils pratiques par les officines<\/p>\n<p>ARS demande l&#8217;estimation des besoins en garde d&#8217;enfants<\/p>\n<p>&nbsp;<\/p>\n<p><strong>\u25ba20\/03\/2020 &#8211; <a href=\"https:\/\/us8.campaign-archive.com\/?u=07e1c2e988d75c3f3beefa643&amp;id=9e636d15de\" target=\"_blank\" rel=\"noopener noreferrer\">Covid-19 &#8211; FLASH N\u00b05 : Cris d&#8217;alarme des professionnels de sant\u00e9<\/a><\/strong><\/p>\n<p>Des mesures de pr\u00e9vention draconiennes (protection, d\u00e9pistage&#8230;), pour La R\u00e9union sont vitales<\/p>\n<p>Evolution de la strat\u00e9gie de gestion et utilisation de masques de protection<\/p>\n<p>Conseils pratiques aux pharmaciens<\/p>\n<p>Cyclamed : recommandations et informations pour les usagers<\/p>\n<p>Le groupe CRC propose des conseils aux aidants familiaux<\/p>\n<p>&nbsp;<\/p>\n<p><strong>\u25ba18\/03\/2020 &#8211; <a href=\"https:\/\/us8.campaign-archive.com\/?u=07e1c2e988d75c3f3beefa643&amp;id=9d70edef74\" target=\"_blank\" rel=\"noopener noreferrer\">Covid-19 &#8211; FLASH N\u00b04 : A retenir\u2026<\/a><\/strong><\/p>\n<p>AINS (Anti-Inflammatoire Non St\u00e9ro\u00efdien) : Prise contre-indiqu\u00e9e<\/p>\n<p>Parac\u00e9tamol : d\u00e9livrance limit\u00e9e du parac\u00e9tamol sans ordonnance<\/p>\n<p>Masques chirurgicaux : Priorisation aux m\u00e9decins g\u00e9n\u00e9ralistes<\/p>\n<p>Renouvellement d&#8217;ordonnance et tarification<\/p>\n<p>&nbsp;<\/p>\n<p><strong>\u25ba17\/03\/2020 &#8211; <a href=\"https:\/\/us8.campaign-archive.com\/?u=07e1c2e988d75c3f3beefa643&amp;id=9ea39e89dc\" target=\"_blank\" rel=\"noopener noreferrer\">Covid-19 &#8211; FLASH N\u00b03 : Stocks mat\u00e9riels de protection<\/a><\/strong><\/p>\n<p><a href=\"https:\/\/docs.google.com\/forms\/d\/e\/1FAIpQLSf3G_5vswNRLO0fD2KLq6PtNjdImE1Wz9Y97tgPvj3Z_IQeTw\/viewform\">Enqu\u00eate ICI<\/a><\/p>\n<p>&nbsp;<\/p>\n<p><strong>\u25ba17\/03\/2020 &#8211; <a href=\"https:\/\/us8.campaign-archive.com\/?u=07e1c2e988d75c3f3beefa643&amp;id=d8570afeea\" target=\"_blank\" rel=\"noopener noreferrer\">Covid-19 &#8211; FLASH N\u00b02 : Mobilisation g\u00e9n\u00e9rale<\/a><\/strong><\/p>\n<p>Communiqu\u00e9 de presse du 15 mars 2020<\/p>\n<p>&nbsp;<\/p>\n<p><strong>\u25ba12\/03\/2020 &#8211; <a href=\"https:\/\/us8.campaign-archive.com\/?u=07e1c2e988d75c3f3beefa643&amp;id=5f9f2076d2\" target=\"_blank\" rel=\"noopener noreferrer\">Covid-19 &#8211; FLASH N\u00b01 : La solidarit\u00e9 du r\u00e9seau officinal doit primer !<\/a><\/strong><\/p>\n<p><a href=\"https:\/\/docs.google.com\/forms\/d\/e\/1FAIpQLScWqNi9HVdcTpHC3AfgWE6KmALFYWCMVyZxfFFtZXi4PcIj6A\/closedform\">Enqu\u00eate pand\u00e9mie ICI<\/a><\/p>\n<p>&nbsp;<\/p>\n<p><strong>\u25ba10\/03\/2020 &#8211; <a href=\"https:\/\/us8.campaign-archive.com\/?u=07e1c2e988d75c3f3beefa643&amp;id=cea7aa2a10\" target=\"_blank\" rel=\"noopener noreferrer\">ACTU PRO : COVID-19 distribution des masques chirurgicaux<\/a><\/strong><\/p>\n<p>Livraison IMMINENTE de masques chirurgicaux<\/p>\n<p>dans votre officine par les grossistes r\u00e9partiteurs<\/p>\n<p>Interdiction de vente des masques respiratoires jusqu&#8217;au 31 mai 2020<\/p>\n<p>Gel Hydro-Alcoolique en officine<\/p>\n<p>Rappel : outils de communication<\/p>\n<p>&nbsp;<\/p>\n<p><strong>\u25ba04\/03\/2020 &#8211; <a href=\"https:\/\/us8.campaign-archive.com\/?u=07e1c2e988d75c3f3beefa643&amp;id=8896be40c0\" target=\"_blank\" rel=\"noopener noreferrer\">ACTU PRO : Supports de communication sur le COVID-19<\/a><\/strong><\/p>\n<p>Outils de communication<\/p>\n<p>&nbsp;<\/p>\n<p><strong>\u25ba31\/01\/2020 &#8211; <a href=\"https:\/\/us8.campaign-archive.com\/?u=07e1c2e988d75c3f3beefa643&amp;id=af91e9bf8e\" target=\"_blank\" rel=\"noopener noreferrer\">INFORMATIONS CORONAVIRUS 2019-nCoV<\/a><\/strong><\/p>\n<p>Communiqu\u00e9 de presse de janvier 2020<\/p>\n<p>Outils de communication<\/p>\n<p>&nbsp;<\/p>\n<p><strong>\u25ba30\/01\/2020 &#8211; <a href=\"https:\/\/us8.campaign-archive.com\/?u=07e1c2e988d75c3f3beefa643&amp;id=c2cbbda61d\" target=\"_blank\" rel=\"noopener noreferrer\">Formation validante : vaccination antigrippale \u00e0 l&#8217;officine<\/a><\/strong><\/p>\n<p>&nbsp;<\/p>\n<p><strong>\u25ba28\/01\/2020 &#8211; <a href=\"https:\/\/us8.campaign-archive.com\/?u=07e1c2e988d75c3f3beefa643&amp;id=6c3097c507\" target=\"_blank\" rel=\"noopener noreferrer\">SAVE THE DATE: formation \u00e0 l&#8217;entretien motivationnel en Avril 2020 !<\/a><\/strong><\/p>\n<p>&#8220;Rep\u00e9rage pr\u00e9coce, accompagnement et prise en charge des patients pr\u00e9sentant des pratiques addictives&#8221;<\/p>\n","protected":false},"excerpt":{"rendered":"<p>COMMUNICATION DE L&#8217;URPS 2020 \u25ba21\/12\/2020 &#8211; Covid-19 &#8211; Flash n\u00b025 &#8211; RAPPEL : TROD antig\u00e9niques &nbsp; \u25ba19\/12\/2020 &#8211; Covid-19 &#8211; Flash n\u00b025 &#8211; TROD antig\u00e9niques &nbsp; \u25ba09\/12\/2020 &#8211; Exercice coordonn\u00e9 : INVITATION CPTS EST &#8211; Assembl\u00e9e G\u00e9n\u00e9rale constitutive le 9 d\u00e9cembre 2020 &nbsp; \u25ba04\/12\/2020 &#8211; Covid-19 &#8211; Flash n\u00b024 &#8211; TROD antig\u00e9niques : l&#8217;essentiel !&hellip;<\/p>\n","protected":false},"author":3,"featured_media":0,"parent":0,"menu_order":0,"comment_status":"closed","ping_status":"closed","template":"","meta":{"footnotes":""},"amp_enabled":true,"_links":{"self":[{"href":"https:\/\/urpspharma.re\/index.php?rest_route=\/wp\/v2\/pages\/3552"}],"collection":[{"href":"https:\/\/urpspharma.re\/index.php?rest_route=\/wp\/v2\/pages"}],"about":[{"href":"https:\/\/urpspharma.re\/index.php?rest_route=\/wp\/v2\/types\/page"}],"author":[{"embeddable":true,"href":"https:\/\/urpspharma.re\/index.php?rest_route=\/wp\/v2\/users\/3"}],"replies":[{"embeddable":true,"href":"https:\/\/urpspharma.re\/index.php?rest_route=%2Fwp%2Fv2%2Fcomments&post=3552"}],"version-history":[{"count":23,"href":"https:\/\/urpspharma.re\/index.php?rest_route=\/wp\/v2\/pages\/3552\/revisions"}],"predecessor-version":[{"id":5772,"href":"https:\/\/urpspharma.re\/index.php?rest_route=\/wp\/v2\/pages\/3552\/revisions\/5772"}],"wp:attachment":[{"href":"https:\/\/urpspharma.re\/index.php?rest_route=%2Fwp%2Fv2%2Fmedia&parent=3552"}],"curies":[{"name":"wp","href":"https:\/\/api.w.org\/{rel}","templated":true}]}}