{"id":3564,"date":"2020-08-20T13:39:27","date_gmt":"2020-08-20T09:39:27","guid":{"rendered":"https:\/\/urpspharma.re\/?page_id=3564"},"modified":"2023-09-15T10:28:06","modified_gmt":"2023-09-15T06:28:06","slug":"action-masques-pei-uns1-covid-19","status":"publish","type":"page","link":"https:\/\/urpspharma.re\/?page_id=3564","title":{"rendered":"Action : Covid-19 &#8211; Masques P\u00e9\u00ef UNS1"},"content":{"rendered":"<h1>\n\t\tMASQUES PE\u00ef (UNS1)\n\t<\/h1>\n\t\t\t\t<img loading=\"lazy\" decoding=\"async\" src=\"https:\/\/urpspharma.re\/wp-content\/uploads\/2020\/03\/bandeau-coronavirus.png\" alt=\"bandeau coronavirus\" itemprop=\"image\" height=\"100\" width=\"600\" title=\"bandeau coronavirus\"  \/>\n\t<strong>Votre URPS en partenariat avec l&#8217;ADIR*, vous propose des masques &#8220;p\u00e9i&#8221; homologu\u00e9s pour 30 lavages de cat\u00e9gorie 1 (UNS1), \u00e0 partir de 2.90\u20ac HT l&#8217;unit\u00e9.<\/strong>\n<p><strong>Ces masques arriveront semi-finis \u00e0 partir de la production Les Tissages de Charlieu (liste DGE) et subiront localement des op\u00e9rations de finition.<\/strong><\/p>\n<strong><em>*ADIR (Association pour le D\u00e9veloppement Industriel \u00e0 La R\u00e9union<\/em><\/strong>\n\t\t\t\t<img loading=\"lazy\" decoding=\"async\" src=\"https:\/\/urpspharma.re\/wp-content\/uploads\/2020\/06\/masques-UNS1-297x300.png\" alt=\"masques UNS1\" itemprop=\"image\" height=\"300\" width=\"297\" title=\"masques UNS1\"  \/>\n<h1>\n\t\tLES MODALITES\n\t<\/h1>\n\t&#8211; collecte de vos commandes en ligne par l&#8217;URPS Pharmaciens (facturation et r\u00e8glement grossiste)<br \/>\n&#8211; livraison par un grossiste dans votre officine \u00e0 partir de la semaine 21 (sauf retard fret mati\u00e8res premi\u00e8res)\n<p><a href=\"https:\/\/drive.google.com\/file\/d\/1uZsfZ5VmSqtBIvVUM5FQGaNqwdaPYRgP\/view\" target=\"_blank\" rel=\"noopener noreferrer\">\u25baNotice d&#8217;utilisation ICI<\/a><\/p>\n<p><a href=\"https:\/\/drive.google.com\/file\/d\/1iZjzVS73bEUi-Z006VGRiPtqOTWYZ150\/view\" target=\"_blank\" rel=\"noopener noreferrer\">\u25baFiche technique ICI<\/a><\/p>\n<h1>\n\t\tVOS COMMANDES\n\t<\/h1>\n\tS\u2019agissant d\u2019une commande ferme sans reprise ni \u00e9change, nous vous informons que\u00a0<u>tout changement ou annulation<\/u>\u00a0de votre commande doit \u00eatre signal\u00e9 \u00e0 votre URPS\u00a0<u>avant minuit le mardi 19\u00a0mai<\/u>\u00a0en \u00e9crivant \u00e0\u00a0<a href=\"http:\/\/contact@urpspharma.re\/\" target=\"_blank\" rel=\"noopener noreferrer\">contact@urpspharma.re<\/a>.<br \/>\nAu del\u00e0 de cette \u00e9ch\u00e9ance votre commande sera non modifiable et facturable par votre grossiste.\n\t\t\t<a href=\"https:\/\/docs.google.com\/forms\/d\/e\/1FAIpQLSf8PxhOPbKFKmughMru4Fh7allsAToWF1hJf6vjsBZJXBnXDg\/viewform\" target=\"_blank\" role=\"button\" rel=\"noopener noreferrer\">\n\t\t\t\t\t\t\tCommandez d\u00e8s maintenant vos masques P\u00e9\u00ef en \u25bacliquant ICI\n\t\t\t\t\t<\/a>\n\t\t\t\t<img loading=\"lazy\" decoding=\"async\" src=\"https:\/\/urpspharma.re\/wp-content\/uploads\/2020\/06\/bandeau-logos.png\" alt=\"bandeau logos\" itemprop=\"image\" height=\"265\" width=\"827\" title=\"bandeau logos\"  \/>\n\t<strong>Nous contacter<\/strong><br \/>\nMME LAHOGUE Sandrine &#8211; Charg\u00e9e de mission<br \/>\nEmail : <a href=\"mailto:contact@urpspharma.re\" target=\"_blank\" rel=\"noopener noreferrer\">contact@urpspharma.re<\/a><br \/>\nGsm : 06.93.90.96.42\n","protected":false},"excerpt":{"rendered":"<p>MASQUES PE\u00ef (UNS1) Votre URPS en partenariat avec l&#8217;ADIR*, vous propose des masques &#8220;p\u00e9i&#8221; homologu\u00e9s pour 30 lavages de cat\u00e9gorie 1 (UNS1), \u00e0 partir de 2.90\u20ac HT l&#8217;unit\u00e9. Ces masques arriveront semi-finis \u00e0 partir de la production Les Tissages de Charlieu (liste DGE) et subiront localement des op\u00e9rations de finition. *ADIR (Association pour le D\u00e9veloppement&hellip;<\/p>\n","protected":false},"author":3,"featured_media":0,"parent":0,"menu_order":0,"comment_status":"closed","ping_status":"closed","template":"","meta":{"footnotes":""},"amp_enabled":true,"_links":{"self":[{"href":"https:\/\/urpspharma.re\/index.php?rest_route=\/wp\/v2\/pages\/3564"}],"collection":[{"href":"https:\/\/urpspharma.re\/index.php?rest_route=\/wp\/v2\/pages"}],"about":[{"href":"https:\/\/urpspharma.re\/index.php?rest_route=\/wp\/v2\/types\/page"}],"author":[{"embeddable":true,"href":"https:\/\/urpspharma.re\/index.php?rest_route=\/wp\/v2\/users\/3"}],"replies":[{"embeddable":true,"href":"https:\/\/urpspharma.re\/index.php?rest_route=%2Fwp%2Fv2%2Fcomments&post=3564"}],"version-history":[{"count":6,"href":"https:\/\/urpspharma.re\/index.php?rest_route=\/wp\/v2\/pages\/3564\/revisions"}],"predecessor-version":[{"id":5877,"href":"https:\/\/urpspharma.re\/index.php?rest_route=\/wp\/v2\/pages\/3564\/revisions\/5877"}],"wp:attachment":[{"href":"https:\/\/urpspharma.re\/index.php?rest_route=%2Fwp%2Fv2%2Fmedia&parent=3564"}],"curies":[{"name":"wp","href":"https:\/\/api.w.org\/{rel}","templated":true}]}}