{"id":3605,"date":"2020-08-21T15:22:16","date_gmt":"2020-08-21T11:22:16","guid":{"rendered":"https:\/\/urpspharma.re\/?page_id=3605"},"modified":"2020-09-29T14:19:13","modified_gmt":"2020-09-29T10:19:13","slug":"enquetes-2018","status":"publish","type":"page","link":"https:\/\/urpspharma.re\/?page_id=3605","title":{"rendered":"ENQUETES 2018"},"content":{"rendered":"\n\t\t\t\t<img decoding=\"async\" src=\"http:\/\/urpspharma.re\/wp-content\/uploads\/2017\/09\/cropped-cropped-BANDEAU-980x200px.jpg\" alt=\"cropped-cropped-BANDEAU-980x200px.jpg\" itemprop=\"image\" title=\"cropped-cropped-BANDEAU-980x200px.jpg\"  \/>\n<h1>\n\t\tENQUETES 2018\n\t<\/h1>\n<h3>\n\t\tD\u00e9fibrillateur : Formation et Equipement en officine\n\t<\/h3>\n\t<p><strong>Enqu\u00eate sur l\u2019\u00e9quipement, la formation \u00e0 l\u2019utilisation des d\u00e9fibrillateurs semi-automatique (DSA) et la formation aux gestes de premiers secours \u00e0 l\u2019officine<\/strong><\/p>\nDans le cadre de ses missions d\u2019organisation de l\u2019offre de soins, l\u2019URPS pharmaciens de La R\u00e9union vous invite \u00e0 r\u00e9pondre \u00e0 un questionnaire rapide pour conna\u00eetre l\u2019\u00e9quipement , les besoins et la formation des officines en DSA .\n\t<p>Enqu\u00eate termin\u00e9e<\/p>\n\t\t\t<a href=\"https:\/\/docs.google.com\/forms\/d\/e\/1FAIpQLScLYNpRsdjiX0oBnE2d9BCUIQQal_u-qUtw324cLBRNHHc2ZA\/viewform\" target=\"_blank\" role=\"button\" rel=\"noopener noreferrer\">\n\t\t\t\t\t\tENQUETE\n\t\t\t\t\t<\/a>\n\t\t\t\t<a href=\"https:\/\/drive.google.com\/file\/d\/0BzC3efHGSHDmSG9tN0VIdXJRZndXajA0YXFVazFnRXgtaTJn\/view?usp=sharing\" target=\"_blank\" rel=\"noopener noreferrer\" itemprop=\"url\">\n\t\t\t\t<img loading=\"lazy\" decoding=\"async\" src=\"https:\/\/urpspharma.re\/wp-content\/uploads\/2019\/12\/IMAGE-defibrillator-98587_1280-300x300.png\" alt=\"IMAGE defibrillator-98587_1280\" itemprop=\"image\" height=\"300\" width=\"300\" title=\"IMAGE defibrillator-98587_1280\"  \/>\n\t\t\t\t<\/a>\n<h3>\n\t\tARS &#8220;magazine sant\u00e9&#8221; \n\t<\/h3>\n\t<p><strong>Un &#8220;magazine sant\u00e9&#8221; sp\u00e9cialement d\u00e9di\u00e9 au public r\u00e9unionnais<\/strong><\/p>\nVotre URPS envisage de s&#8217;engager au sein du comit\u00e9 \u00e9ditorial du &#8220;Magazine Sant\u00e9&#8221; \u00e9labor\u00e9 par l&#8217;ARS OI (Agence R\u00e9gionale de Sant\u00e9 Oc\u00e9an Indien) avec le soutien du plus grand nombre possible des officines de La R\u00e9union.\n<strong>1 SEULE QUESTION\u00a0pour confirmer\u00a0votre\u00a0implication<\/strong>\n\t<p>Enqu\u00eate termin\u00e9e<\/p>\n\t\t\t<a href=\"https:\/\/docs.google.com\/forms\/d\/e\/1FAIpQLSdQ6iO5CbYbuNc7Li7B65nE_pqBhIFe46kFfhZHp4hskT0SAQ\/viewform\" target=\"_blank\" role=\"button\" rel=\"noopener noreferrer\">\n\t\t\t\t\t\tENQUETE\n\t\t\t\t\t<\/a>\n\t\t\t\t<a href=\"https:\/\/drive.google.com\/file\/d\/0BzC3efHGSHDmSG9tN0VIdXJRZndXajA0YXFVazFnRXgtaTJn\/view?usp=sharing\" target=\"_blank\" rel=\"noopener noreferrer\" itemprop=\"url\">\n\t\t\t\t<img decoding=\"async\" src=\"http:\/\/urpspharma.re\/wp-content\/uploads\/2019\/05\/enquete1.png\" alt=\"enquete1\" itemprop=\"image\" title=\"enquete1\"  \/>\n\t\t\t\t<\/a>\n<h3>\n\t\tPHARMACIEN PREVENTION DENGUE\n\t<\/h3>\n\t<p><strong>Enqu\u00eate r\u00e9alis\u00e9e en collaboration avec\u00a0l&#8217;ARS (Agence R\u00e9gionale de Sant\u00e9)<\/strong><\/p>\n<p>L\u2019\u00e9pid\u00e9mie de dengue se poursuit et sa dispersion g\u00e9ographique est de plus en plus marqu\u00e9e sur l&#8217;\u00eele. Vous avez un r\u00f4le crucial dans la pr\u00e9vention et la promotion de la sant\u00e9 (conseils sur l&#8217;utilisation des r\u00e9pulsifs, informations sur les risques d&#8217;aggravations, \u2026). A ce titre, nous vous invitons \u00e0 compl\u00e9ter ce bref questionnaire afin d&#8217;identifier vos attentes, et difficult\u00e9s rencontr\u00e9es avec vos patients.<\/p>\n\t<p>Enqu\u00eate termin\u00e9e<\/p>\n\t\t\t<a href=\"https:\/\/docs.google.com\/forms\/d\/e\/1FAIpQLSczjaYF3qB9Zkb-8UjTkQpma9QTpNdwLT3ktJEh4H8ZFaK31w\/viewform\" target=\"_blank\" role=\"button\" rel=\"noopener noreferrer\">\n\t\t\t\t\t\tENQUETE\n\t\t\t\t\t<\/a>\n\t\t\t\t<a href=\"https:\/\/drive.google.com\/file\/d\/0BzC3efHGSHDmSG9tN0VIdXJRZndXajA0YXFVazFnRXgtaTJn\/view?usp=sharing\" target=\"_blank\" rel=\"noopener noreferrer\" itemprop=\"url\">\n\t\t\t\t<img decoding=\"async\" src=\"http:\/\/urpspharma.re\/wp-content\/uploads\/2019\/04\/image-moustique.png\" alt=\"image moustique\" itemprop=\"image\" title=\"image moustique\"  \/>\n\t\t\t\t<\/a>\n<h3>\n\t\tRELATION VILLE H\u00d4PITAL &#8211; DONNEZ VOTRE AVIS C&#8217;EST IMPORTANT !  \n\t<\/h3>\n\t<p><strong>Pendant le mois d&#8217;avril 2018, vous serez contact\u00e9s par l&#8217;\u00e9quipe OIIS pour planifier leur passage afin de vous pr\u00e9senter la messagerie s\u00e9curis\u00e9e.<\/strong><\/p>\n<p>La Messagerie S\u00e9curis\u00e9e de Sant\u00e9 (MSS) permet\u00a0 d&#8217;\u00e9changer des messages s\u00e9curis\u00e9s et des donn\u00e9es de sant\u00e9 entre professionnels.<\/p>\n\t<p>Enqu\u00eate termin\u00e9e<\/p>\n\t\t\t<a href=\"https:\/\/docs.google.com\/forms\/d\/e\/1FAIpQLScnx4sHTMA4yi-Y29-k25-uQK0BtmQaY178Qnw_krbThqYZBw\/viewform\" target=\"_blank\" role=\"button\" rel=\"noopener noreferrer\">\n\t\t\t\t\t\tENQUETE\n\t\t\t\t\t<\/a>\n\t\t\t<a href=\"https:\/\/drive.google.com\/file\/d\/12WOFg1__gZtH8UTVxtibOF_-nxkpyoYd\/view?usp=sharing\" target=\"_blank\" role=\"button\" rel=\"noopener noreferrer\">\n\t\t\t\t\t\tCourrier du pr\u00e9sident\n\t\t\t\t\t<\/a>\n\t\t\t\t<a href=\"https:\/\/drive.google.com\/file\/d\/0BzC3efHGSHDmSG9tN0VIdXJRZndXajA0YXFVazFnRXgtaTJn\/view?usp=sharing\" target=\"_blank\" rel=\"noopener noreferrer\" itemprop=\"url\">\n\t\t\t\t<img decoding=\"async\" src=\"http:\/\/urpspharma.re\/wp-content\/uploads\/2018\/05\/LOGO-MSS-298x300.png\" alt=\"LOGO MSS\" itemprop=\"image\" title=\"LOGO MSS\"  \/>\n\t\t\t\t<\/a>\n","protected":false},"excerpt":{"rendered":"<p>ENQUETES 2018 D\u00e9fibrillateur : Formation et Equipement en officine Enqu\u00eate sur l\u2019\u00e9quipement, la formation \u00e0 l\u2019utilisation des d\u00e9fibrillateurs semi-automatique (DSA) et la formation aux gestes de premiers secours \u00e0 l\u2019officine Dans le cadre de ses missions d\u2019organisation de l\u2019offre de soins, l\u2019URPS pharmaciens de La R\u00e9union vous invite \u00e0 r\u00e9pondre \u00e0 un questionnaire rapide pour&hellip;<\/p>\n","protected":false},"author":3,"featured_media":0,"parent":0,"menu_order":0,"comment_status":"closed","ping_status":"closed","template":"","meta":{"footnotes":""},"amp_enabled":true,"_links":{"self":[{"href":"https:\/\/urpspharma.re\/index.php?rest_route=\/wp\/v2\/pages\/3605"}],"collection":[{"href":"https:\/\/urpspharma.re\/index.php?rest_route=\/wp\/v2\/pages"}],"about":[{"href":"https:\/\/urpspharma.re\/index.php?rest_route=\/wp\/v2\/types\/page"}],"author":[{"embeddable":true,"href":"https:\/\/urpspharma.re\/index.php?rest_route=\/wp\/v2\/users\/3"}],"replies":[{"embeddable":true,"href":"https:\/\/urpspharma.re\/index.php?rest_route=%2Fwp%2Fv2%2Fcomments&post=3605"}],"version-history":[{"count":4,"href":"https:\/\/urpspharma.re\/index.php?rest_route=\/wp\/v2\/pages\/3605\/revisions"}],"predecessor-version":[{"id":3765,"href":"https:\/\/urpspharma.re\/index.php?rest_route=\/wp\/v2\/pages\/3605\/revisions\/3765"}],"wp:attachment":[{"href":"https:\/\/urpspharma.re\/index.php?rest_route=%2Fwp%2Fv2%2Fmedia&parent=3605"}],"curies":[{"name":"wp","href":"https:\/\/api.w.org\/{rel}","templated":true}]}}