{"id":3611,"date":"2020-08-21T15:31:36","date_gmt":"2020-08-21T11:31:36","guid":{"rendered":"https:\/\/urpspharma.re\/?page_id=3611"},"modified":"2020-09-29T14:19:20","modified_gmt":"2020-09-29T10:19:20","slug":"enquetes-2019","status":"publish","type":"page","link":"https:\/\/urpspharma.re\/?page_id=3611","title":{"rendered":"ENQUETES 2019"},"content":{"rendered":"\n\t\t\t\t<img decoding=\"async\" src=\"http:\/\/urpspharma.re\/wp-content\/uploads\/2017\/09\/cropped-cropped-BANDEAU-980x200px.jpg\" alt=\"cropped-cropped-BANDEAU-980x200px.jpg\" itemprop=\"image\" title=\"cropped-cropped-BANDEAU-980x200px.jpg\"  \/>\n<h1>\n\t\tENQUETES 2019\n\t<\/h1>\n<h3>\n\t\tTROD (Test Rapide d\u2019Orientation Diagnostique) angine en officine \n\t<\/h3>\n\t<p>A compter du 1er janvier 2020, Lle pharmacien d\u2019officine, en tant qu\u2019acteur de proximit\u00e9 et de sant\u00e9 publique jouera un r\u00f4le essentiel dans l&#8217;utilisation de TROD angine en pharmacie.<\/p>\n<p>L\u2019objectif est \u00ab d\u2019accompagner l\u2019\u00e9volution des missions de sant\u00e9 publique des pharmaciens et de leur valorisation \u00bb. Il s\u2019agit, pr\u00e9cise le texte, de \u00ab soutenir la diversification du p\u00e9rim\u00e8tre d\u2019activit\u00e9 de l\u2019exercice pharmaceutique en confortant le r\u00f4le du pharmacien dans les missions de conseil, d\u2019accompagnement, de d\u00e9pistage et de pr\u00e9vention, notamment s\u2019agissant de la lutte contre l\u2019antibior\u00e9sistance. \u00bb<\/p>\n<p>Le TROD angine permettra, en quelques minutes, de savoir si l\u2019angine est bact\u00e9rienne \u00e0 SGA (streptocoque b\u00eata-h\u00e9molytique du groupe A) et donc si un traitement par antibiotique est indiqu\u00e9.<\/p>\n<p>Avenant n\u00b018 de septembre 2019 en <a href=\"https:\/\/www.ameli.fr\/sites\/default\/files\/Documents\/658456\/document\/avenant-18-convention-nationale-pharmacien.pdf\" target=\"_blank\" rel=\"noopener noreferrer\">cliquant ICI<\/a><\/p>\n\t<p>Enqu\u00eate termin\u00e9e<\/p>\n\t\t\t<a href=\"https:\/\/docs.google.com\/forms\/d\/e\/1FAIpQLSfJCet1AU42bTIm2wUf5z9QbwQzVWF0ZtfuSCZ8y6engNQPaQ\/viewform\" target=\"_blank\" role=\"button\" rel=\"noopener noreferrer\">\n\t\t\t\t\t\tENQUETE du 19 novembre 2019\n\t\t\t\t\t<\/a>\n\t\t\t\t<a href=\"https:\/\/drive.google.com\/file\/d\/0BzC3efHGSHDmSG9tN0VIdXJRZndXajA0YXFVazFnRXgtaTJn\/view?usp=sharing\" target=\"_blank\" rel=\"noopener noreferrer\" itemprop=\"url\">\n\t\t\t\t<img loading=\"lazy\" decoding=\"async\" src=\"https:\/\/urpspharma.re\/wp-content\/uploads\/2020\/01\/image-bandeau.png\" alt=\"image bandeau\" itemprop=\"image\" height=\"482\" width=\"615\" title=\"image bandeau\"  \/>\n\t\t\t\t<\/a>\n<h3>\n\t\tVaccination par les pharmaciens d&#8217;officine \u00e0 La R\u00e9union\n\t<\/h3>\n\t<p><strong>O\u00f9 en sommes nous \u00e0 La R\u00e9union ?<\/strong><\/p>\nDepuis quelques mois, des formations vous ont d\u00e9j\u00e0 \u00e9t\u00e9 propos\u00e9es pour pouvoir vacciner vos patients.<br \/>\nO\u00f9 en sommes nous pour pr\u00e9parer au mieux la campagne 2020 ?\n<p>Votre contribution est essentielle afin de nous assurer que l&#8217;offre de formations permettra \u00a0de couvrir les besoins du r\u00e9seau officinal r\u00e9unionnais.<\/p>\n\t<p>Enqu\u00eate termin\u00e9e<\/p>\n\t\t\t<a href=\"https:\/\/docs.google.com\/forms\/d\/e\/1FAIpQLSdhCAJZH3MwvyFOTFld-jNK94wkXQeSzcYqCSrWuLes2TPdmw\/viewform\" target=\"_blank\" role=\"button\" rel=\"noopener noreferrer\">\n\t\t\t\t\t\tENQUETE du 28 novembre 2019\n\t\t\t\t\t<\/a>\n\t\t\t<a href=\"https:\/\/drive.google.com\/file\/d\/1wf-VVDC1640gy6aSd4h603PUbTOpIBJC\/view\" target=\"_blank\" role=\"button\" rel=\"noopener noreferrer\">\n\t\t\t\t\t\tRESULTATS DE L&#8217;ENQUETE du 24 mai 2019\n\t\t\t\t\t<\/a>\n\t\t\t\t<a href=\"https:\/\/drive.google.com\/file\/d\/0BzC3efHGSHDmSG9tN0VIdXJRZndXajA0YXFVazFnRXgtaTJn\/view?usp=sharing\" target=\"_blank\" rel=\"noopener noreferrer\" itemprop=\"url\">\n\t\t\t\t<img decoding=\"async\" src=\"http:\/\/urpspharma.re\/wp-content\/uploads\/2019\/07\/image-vaccin400.png\" alt=\"image vaccin400\" itemprop=\"image\" title=\"image vaccin400\"  \/>\n\t\t\t\t<\/a>\n<h3>\n\t\tENQU\u00caTE NATIONALE \u00abOsons la t\u00e9l\u00e9consultation, Tous les feux sont au vert ! \u00bb\n\t<\/h3>\n\t<p><strong>Comment la t\u00e9l\u00e9m\u00e9decine peut-elle devenir r\u00e9alit\u00e9 dans vos pratiques quotidiennes ?<\/strong><\/p>\nUne\u00a0<strong>enqu\u00eate nationale<\/strong>\u00a0est lanc\u00e9e aupr\u00e8s de tous les professionnels de sant\u00e9, dans le cadre de la pr\u00e9paration de la table ronde\u00a0<strong><em>\u00abOsons la t\u00e9l\u00e9consultation, Tous les feux sont au vert ! \u00bb<\/em><\/strong>\n<strong>Le 3 d\u00e9cembre 2019 de 19h \u00e0 19h45<\/strong><br \/>\n<strong>(22h \u00e0 22h45 heure de La R\u00e9union)<\/strong><br \/>\n<strong>sous forme de webinar<\/strong>\nVotre avis est important, c&#8217;est pourquoi nous vous invitons \u00e0 r\u00e9pondre \u00e0 cette courte enqu\u00eate.\n\t<p>Enqu\u00eate termin\u00e9e<\/p>\n\t\t\t<a href=\"http:\/\/enquete-telemedecine.carteblanchepartenaires.fr\/\" target=\"_blank\" role=\"button\" rel=\"noopener noreferrer\">\n\t\t\t\t\t\tENQUETE NATIONALE\n\t\t\t\t\t<\/a>\n\t\t\t\t<a href=\"https:\/\/drive.google.com\/file\/d\/0BzC3efHGSHDmSG9tN0VIdXJRZndXajA0YXFVazFnRXgtaTJn\/view?usp=sharing\" target=\"_blank\" rel=\"noopener noreferrer\" itemprop=\"url\">\n\t\t\t\t<img loading=\"lazy\" decoding=\"async\" src=\"https:\/\/urpspharma.re\/wp-content\/uploads\/2019\/11\/LOGO-st\u00e9-francaise-de-sant\u00e9-digitale.png\" alt=\"LOGO st\u00e9 francaise de sant\u00e9 digitale\" itemprop=\"image\" height=\"213\" width=\"435\" title=\"LOGO st\u00e9 francaise de sant\u00e9 digitale\"  \/>\n\t\t\t\t<\/a>\n<h3>\n\t\tCr\u00e9ation de l\u2019Unit\u00e9 r\u00e9gionale de Coordination et d\u2019appui \u00e0 l\u2019Education th\u00e9rapeutique des Patients ( UCEP2.0) \n\t<\/h3>\n\t<p><strong>Enqu\u00eate<\/strong><\/p>\nNous relan\u00e7ons cette enqu\u00eate car \u00e0 ce jour, les\u00a0r\u00e9ponses ne nous semblent pas exhaustives.<br \/>\nEn effet, il est important de signaler vos comp\u00e9tences et votre int\u00e9r\u00eat\u00a0en mati\u00e8re d&#8217;ETP (Education Th\u00e9rapeutique du Patient) pour \u00eatre inform\u00e9 de la suite du programme.\n\t<p>Enqu\u00eate termin\u00e9e<\/p>\n\t\t\t<a href=\"https:\/\/docs.google.com\/forms\/d\/e\/1FAIpQLScA95LQrbhEJoklztZDMS5kPJ9XVEtG-Jsw-uDwQSIrqnHDqQ\/viewform\" target=\"_blank\" role=\"button\" rel=\"noopener noreferrer\">\n\t\t\t\t\t\tCliquez ICI pour donner votre avis en 1 minute\n\t\t\t\t\t<\/a>\n<p>Cette Unit\u00e9, nomm\u00e9e \u00ab UCEP 2.0 \u00bb et port\u00e9e en association avec les URPS, est actuellement en cours de cr\u00e9ation \u00e0 La R\u00e9union.<\/p>\n<p>Elle a pour but d\u2019assurer le d\u00e9veloppement r\u00e9gional de l\u2019ETP, en proposant la mise en \u0153uvre d\u2019un programme d\u2019\u00e9ducation th\u00e9rapeutique coordonn\u00e9 pour les patients diab\u00e9tiques de type 2 et en assurant un appui aux professionnels de sant\u00e9 intervenants.<\/p>\n<p>Dans ce cadre, nous souhaitons r\u00e9pertorier tous les professionnels form\u00e9s ou int\u00e9ress\u00e9s par l\u2019ETP (Education Th\u00e9rapeutique du Patient).<\/p>\n\t\t\t<a href=\"https:\/\/drive.google.com\/file\/d\/1PXfjavZlK3zc6YLRf3bp1TCuk6nnqN9e\/view\" target=\"_blank\" role=\"button\" rel=\"noopener noreferrer\">\n\t\t\t\t\t\tcliquez ici pour consulter les premi\u00e8res r\u00e9ponses\n\t\t\t\t\t<\/a>\n\t\t\t\t<a href=\"https:\/\/drive.google.com\/file\/d\/0BzC3efHGSHDmSG9tN0VIdXJRZndXajA0YXFVazFnRXgtaTJn\/view?usp=sharing\" target=\"_blank\" rel=\"noopener noreferrer\" itemprop=\"url\">\n\t\t\t\t<img decoding=\"async\" src=\"http:\/\/urpspharma.re\/wp-content\/uploads\/2019\/07\/UCEP-LOGO.png\" alt=\"UCEP LOGO\" itemprop=\"image\" title=\"UCEP LOGO\"  \/>\n\t\t\t\t<\/a>\n<h3>\n\t\tVaccination des Equipes Officinales\n\t<\/h3>\n\t<p><strong>Enqu\u00eate Nationale\u00a0<\/strong><\/p>\nA la suite du succ\u00e8s de la 1\u00e8re \u00e9dition (1 853 contributions), TousPourLaSant\u00e9 a fait le choix de relancer sa grande enqu\u00eate sur la Vaccination des Equipes Officinales en 2019.\nCon\u00e7ue avec les deux principaux syndicats (FSPF et USPO) et en partenariat avec de nombreux groupements de pharmaciens, la 2\u00e8me \u00e9dition du barom\u00e8tre de la vaccination des \u00e9quipes officinales est \u00e0 destination de tous les membres de l&#8217;officine.\n\t<p>Enqu\u00eate termin\u00e9e<\/p>\n\t\t\t<a href=\"https:\/\/fr.research.net\/r\/0LaVaccinationDesEquipesOfficinales\" target=\"_blank\" role=\"button\" rel=\"noopener noreferrer\">\n\t\t\t\t\t\tENQUETE NATIONALE\n\t\t\t\t\t<\/a>\n\t\t\t\t<a href=\"https:\/\/drive.google.com\/file\/d\/0BzC3efHGSHDmSG9tN0VIdXJRZndXajA0YXFVazFnRXgtaTJn\/view?usp=sharing\" target=\"_blank\" rel=\"noopener noreferrer\" itemprop=\"url\">\n\t\t\t\t<img loading=\"lazy\" decoding=\"async\" src=\"https:\/\/urpspharma.re\/wp-content\/uploads\/2019\/07\/image314-288x300.png\" alt=\"image314\" itemprop=\"image\" height=\"300\" width=\"288\" title=\"image314\"  \/>\n\t\t\t\t<\/a>\n<h3>\n\t\tVaccination en officine\n\t<\/h3>\n\t<p><strong>Des formations vous sont d&#8217;ores et d\u00e9j\u00e0 propos\u00e9es pour pouvoir vacciner vos patients. En l&#8217;absence d&#8217;honoraire jusqu\u2019\u00e0 la signature d&#8217;un nouvel avenant conventionnel avec l&#8217;Assurance Maladie (signature pr\u00e9vue en fin d&#8217;ann\u00e9e 2019), votre avis nous int\u00e9resse.<\/strong><\/p>\n<p>Vos r\u00e9ponses nous permettront de mesurer le nombre d&#8217;officines et de pharmaciens par officine, volontaires pour se former, d\u00e9j\u00e0 form\u00e9s ou d\u00e9j\u00e0 agr\u00e9\u00e9s pour vacciner.<\/p>\n<p>Votre contribution est importante afin de mieux organiser le plan de formation n\u00e9cessaire pour le r\u00e9seau officinal r\u00e9unionnais.<\/p>\n\t<p>Enqu\u00eate termin\u00e9e<\/p>\n\t\t\t<a href=\"https:\/\/docs.google.com\/forms\/d\/e\/1FAIpQLSdLr1bK1Be5eWggwrqVKuz5V35PZ8P1DlRYyPqjmqXePhFZIA\/closedform\" target=\"_blank\" role=\"button\" rel=\"noopener noreferrer\">\n\t\t\t\t\t\tENQUETE du 24 mai 2019\n\t\t\t\t\t<\/a>\n\t\t\t<a href=\"https:\/\/drive.google.com\/file\/d\/1wf-VVDC1640gy6aSd4h603PUbTOpIBJC\/view\" target=\"_blank\" role=\"button\" rel=\"noopener noreferrer\">\n\t\t\t\t\t\tRESULTATS DE L&#8217;ENQUETE\n\t\t\t\t\t<\/a>\n\t\t\t\t<a href=\"https:\/\/drive.google.com\/file\/d\/0BzC3efHGSHDmSG9tN0VIdXJRZndXajA0YXFVazFnRXgtaTJn\/view?usp=sharing\" target=\"_blank\" rel=\"noopener noreferrer\" itemprop=\"url\">\n\t\t\t\t<img decoding=\"async\" src=\"http:\/\/urpspharma.re\/wp-content\/uploads\/2019\/07\/image-vaccin400.png\" alt=\"image vaccin400\" itemprop=\"image\" title=\"image vaccin400\"  \/>\n\t\t\t\t<\/a>\n","protected":false},"excerpt":{"rendered":"<p>ENQUETES 2019 TROD (Test Rapide d\u2019Orientation Diagnostique) angine en officine A compter du 1er janvier 2020, Lle pharmacien d\u2019officine, en tant qu\u2019acteur de proximit\u00e9 et de sant\u00e9 publique jouera un r\u00f4le essentiel dans l&#8217;utilisation de TROD angine en pharmacie. L\u2019objectif est \u00ab d\u2019accompagner l\u2019\u00e9volution des missions de sant\u00e9 publique des pharmaciens et de leur valorisation&hellip;<\/p>\n","protected":false},"author":3,"featured_media":0,"parent":0,"menu_order":0,"comment_status":"closed","ping_status":"closed","template":"","meta":{"footnotes":""},"amp_enabled":true,"_links":{"self":[{"href":"https:\/\/urpspharma.re\/index.php?rest_route=\/wp\/v2\/pages\/3611"}],"collection":[{"href":"https:\/\/urpspharma.re\/index.php?rest_route=\/wp\/v2\/pages"}],"about":[{"href":"https:\/\/urpspharma.re\/index.php?rest_route=\/wp\/v2\/types\/page"}],"author":[{"embeddable":true,"href":"https:\/\/urpspharma.re\/index.php?rest_route=\/wp\/v2\/users\/3"}],"replies":[{"embeddable":true,"href":"https:\/\/urpspharma.re\/index.php?rest_route=%2Fwp%2Fv2%2Fcomments&post=3611"}],"version-history":[{"count":4,"href":"https:\/\/urpspharma.re\/index.php?rest_route=\/wp\/v2\/pages\/3611\/revisions"}],"predecessor-version":[{"id":3766,"href":"https:\/\/urpspharma.re\/index.php?rest_route=\/wp\/v2\/pages\/3611\/revisions\/3766"}],"wp:attachment":[{"href":"https:\/\/urpspharma.re\/index.php?rest_route=%2Fwp%2Fv2%2Fmedia&parent=3611"}],"curies":[{"name":"wp","href":"https:\/\/api.w.org\/{rel}","templated":true}]}}