{"id":4143,"date":"2020-12-01T16:19:42","date_gmt":"2020-12-01T12:19:42","guid":{"rendered":"https:\/\/urpspharma.re\/?page_id=4143"},"modified":"2023-09-15T10:10:32","modified_gmt":"2023-09-15T06:10:32","slug":"action-covid-19-trod-antigeniques","status":"publish","type":"page","link":"https:\/\/urpspharma.re\/?page_id=4143","title":{"rendered":"Action : Covid-19 &#8211; Trod antig\u00e9niques : l&#8217;essentiel"},"content":{"rendered":"<h1>\n\t\tTESTS ANTIGENIQUES &#8211; L&#8217;ESSENTIEL\n\t<\/h1>\n\t\t\t\t<img loading=\"lazy\" decoding=\"async\" src=\"https:\/\/urpspharma.re\/wp-content\/uploads\/2020\/03\/bandeau-coronavirus.png\" alt=\"bandeau coronavirus\" itemprop=\"image\" height=\"100\" width=\"600\" title=\"bandeau coronavirus\"  \/>\n<p><strong>IMPORTANT :\u00a0<\/strong><\/p>\n<strong>Le r\u00e9sultat du 1er test \u00e0 vis\u00e9e diagnostic (RT-PCR) ou test antig\u00e9nique doit imp\u00e9rativement \u00eatre saisi dans SI-DEP sans attendre le r\u00e9sultat du criblage afin de permettre la mise en \u0153uvre rapide\u00a0des op\u00e9rations classiques de tracing et d\u2019isolement qui seront secondairement renforc\u00e9es s\u2019il apparait\u00a0que le patient est porteur d\u2019une variante d\u2019int\u00e9r\u00eat.<\/strong>\n<a href=\"https:\/\/solidarites-sante.gouv.fr\/IMG\/pdf\/fiche-lbm_vdef1.pdf\" target=\"_blank\" rel=\"noopener noreferrer\">\u25ba t\u00e9l\u00e9chargement : Strat\u00e9gie nationale de lutte contre l&#8217;\u00e9mergence des variantes d&#8217;int\u00e9r\u00eat du SARS-CoV2<\/a>\n\t<h4><strong>\u00ab Contact tracing \u00bb :<\/strong> <strong>Num\u00e9ro d\u00e9di\u00e9 aux professionnels de sant\u00e9\u00a0 :\u00a0<\/strong><\/h4>\n\t\t\t<a href=\"\" target=\"_self\" role=\"button\" rel=\"noopener noreferrer\">\n\t\t\t\t\t\t\t09 74 75 76 78\n\t\t\t\t\t<\/a>\n<h1>\n\t\tCRITERES D&#8217;ELIGIBILITES\n\t<\/h1>\n\t\t\t<a href=\"https:\/\/www.demarchequaliteofficine.fr\/outils\/c06.-criteres-d-eligibilite\" target=\"_blank\" role=\"button\" rel=\"noopener noreferrer\">\n\t\t\t\t\t\t\t\u25baCrit\u00e8res d&#8217;\u00e9ligibilit\u00e9 en cliquant ICI\n\t\t\t\t\t<\/a>\n<h1>\n\t\tCOMMENT FAIRE CONNAITRE L&#8217;ACTIVITE DE DEPISTAGE A L&#8217;OFFICINE?\n\t<\/h1>\n\t<p>Votre URPS vous invite fortement \u00e0 d\u00e9clarer votre activit\u00e9 sur le portail de t\u00e9l\u00e9d\u00e9claration des pharmacies.<\/p>\n<p>Un nouvel annuaire des pharmacies sp\u00e9cial d\u00e9pistage sera constitu\u00e9 ult\u00e9rieurement \u00e0 partir de vos t\u00e9l\u00e9d\u00e9clarations \u00e0 destination du grand public et des professionnels de sant\u00e9.<\/p>\n\t\t\t<a href=\"https:\/\/declarations-pharmacie.ars.sante.fr\/\" target=\"_blank\" role=\"button\" rel=\"noopener noreferrer\">\n\t\t\t\t\t\t\t\u25baG\u00e9rer l&#8217;affichage de mon offre de tests antig\u00e9niques sur sante.fr en cliquant ICI\n\t\t\t\t\t<\/a>\n\t\t\t<a href=\"https:\/\/sante.fr\/recherche\/trouver\/DepistageCovid\" target=\"_blank\" role=\"button\" rel=\"noopener noreferrer\">\n\t\t\t\t\t\t\t\u25baRetrouver les points de d\u00e9pistages sur sante.fr en cliquant ICI\n\t\t\t\t\t<\/a>\n<h1>\n\t\tREALISATION DU TEST ANTIGENIQUE PAR PRELEVEMENT NASO-PHARYNGE\n\t<\/h1>\n\tEn cas de r\u00e9sultat positif, votre URPS pr\u00e9conise :<br \/>\n&#8211; d&#8217;informer le m\u00e9decin traitant du patient avec son consentement (car ce n&#8217;est pas automatiquement fait malgr\u00e9 la d\u00e9claration sur SI-DEP)<br \/>\n&#8211; d&#8217;insister aupr\u00e8s du patient sur l&#8217;importance de son isolement et des gestes barri\u00e8res, en lui remettant imm\u00e9diatement 30 masques pour lui et pour chaque personne contact vivant sous le m\u00eame toit.\n\t\t\t<a href=\"https:\/\/urpspharma.re\/?page_id=4159\" target=\"_blank\" role=\"button\" rel=\"noopener noreferrer\">\n\t\t\t\t\t\t\t\u25baEn savoir plus\n\t\t\t\t\t<\/a>\n<h1>\n\t\tINFORMATIONS UTILES\n\t<\/h1>\n<h1>\n\t\tAssurance Maladie\n\t<\/h1>\n\t\t\t<a href=\"https:\/\/www.ameli.fr\/la-reunion\/assure\/covid-19\/tester-alerter-proteger-comprendre-la-strategie-pour-stopper-lepidemie\/les-tests-de-depistage-de-la-covid-19\/les-tests-antigeniques-du-sras-cov-2\" target=\"_blank\" role=\"button\" rel=\"noopener noreferrer\">\n\t\t\t\t\t\t\t\u25baLes tests antig\u00e9niques du SRAS-CoV-2\n\t\t\t\t\t<\/a>\n\t\t\t<a href=\"https:\/\/www.ameli.fr\/la-reunion\/assure\/covid-19\/tester-alerter-proteger-comprendre-la-strategie-pour-stopper-lepidemie\/contact-tracing-arreter-les-chaines-de-transmission\" target=\"_blank\" role=\"button\" rel=\"noopener noreferrer\">\n\t\t\t\t\t\t\t\u25ba&#8221; Contact tracing &#8221; : le dispositif pour arr\u00eater plus vite les cha\u00eenes de transmission du virus\n\t\t\t\t\t<\/a>\n\t\t\t<a href=\"https:\/\/www.ameli.fr\/la-reunion\/pharmacien\/actualites\/depistage-de-la-covid-19-deploiement-des-tests-antigeniques\" target=\"_blank\" role=\"button\" rel=\"noopener noreferrer\">\n\t\t\t\t\t\t\t\u25baR\u00e9alisation \u25bad\u00e9livrance gratuite aux professionnels \u25bamodalit\u00e9s de r\u00e9mun\u00e9ration des pharmacies pour la d\u00e9livrance des tests antig\u00e9niques \u25baModalit\u00e9 de r\u00e9mun\u00e9ration des pharmacies pour la r\u00e9alisation des tests antig\u00e9niques\n\t\t\t\t\t<\/a>\n\t\t\t<a href=\"https:\/\/www.ameli.fr\/la-reunion\/assure\/covid-19\/isolement-principes-et-regles-respecter\/isolement-principes-generaux\" target=\"_blank\" role=\"button\" rel=\"noopener noreferrer\">\n\t\t\t\t\t\t\t\u25baIsolement : principes g\u00e9n\u00e9raux\n\t\t\t\t\t<\/a>\n<h1>\n\t\tOrdre national des pharmaciens\n\t<\/h1>\n\t\t\t<a href=\"https:\/\/www.demarchequaliteofficine.fr\/covid-19\" target=\"_blank\" role=\"button\" rel=\"noopener noreferrer\">\n\t\t\t\t\t\t\t\u25baOutils disponibles et modalit\u00e9s \u00e0 respecter pour cette nouvelle mission\n\t\t\t\t\t<\/a>\n\t\t\t<a href=\"http:\/\/www.ordre.pharmacien.fr\/Communications\/Les-actualites\/Tests-antigeniques-comment-referencer-l-officine-sur-Sante.fr\" target=\"_blank\" role=\"button\" rel=\"noopener noreferrer\">\n\t\t\t\t\t\t\t\u25baTests antig\u00e9niques : comment r\u00e9f\u00e9rencer l\u2019officine sur Sant\u00e9.fr ?\n\t\t\t\t\t<\/a>\n<h1>\n\t\tMinist\u00e8re des Solidarit\u00e9s et de la Sant\u00e9\n\t<\/h1>\n\t\t\t<a href=\"https:\/\/solidarites-sante.gouv.fr\/soins-et-maladies\/maladies\/maladies-infectieuses\/coronavirus\/professionnels-de-sante\/article\/ressources-documentaires-a-destination-des-professionnels-de-sante\" target=\"_blank\" role=\"button\" rel=\"noopener noreferrer\">\n\t\t\t\t\t\t\t\u25baRessources documentaires \u00e0 destination des professionnels de sant\u00e9\n\t\t\t\t\t<\/a>\n\t\t\t<a href=\"https:\/\/drive.google.com\/file\/d\/1CeyEkpFi4EZR2syTKHZgkWuRDCzpxo99\/view?usp=sharing\" target=\"_blank\" role=\"button\" rel=\"noopener noreferrer\">\n\t\t\t\t\t\t\t\u25baStrat\u00e9gie de d\u00e9ploiement des tests antig\u00e9niques\n\t\t\t\t\t<\/a>\n<h1>\n\t\tDGS-urgent\n\t<\/h1>\n\t\t\t<a href=\"https:\/\/solidarites-sante.gouv.fr\/professionnels\/article\/dgs-urgent\" target=\"_blank\" role=\"button\" rel=\"noopener noreferrer\">\n\t\t\t\t\t\t\t\u25baListe de diffusion DGS-Urgent &#8211; Service pour les professionnels de la sant\u00e9\n\t\t\t\t\t<\/a>\n<h1>\n\t\tHAS &#8211; Haute Autorit\u00e9 de Sant\u00e9\n\t<\/h1>\n\t\t\t<a href=\"https:\/\/www.has-sante.fr\/jcms\/p_3221157\/fr\/covid-19-la-has-se-prononce-sur-les-tests-salivaires-rt-lamp-et-met-a-jour-les-indications-des-tests-antigeniques\" target=\"_blank\" role=\"button\" rel=\"noopener noreferrer\">\n\t\t\t\t\t\t\t\u25baLa HAS se prononce sur les tests salivaires RT-LAMP et met \u00e0 jour les indications des tests antig\u00e9niques\n\t\t\t\t\t<\/a>\n<h1>\n\t\tFormations : test antig\u00e9nrique\n\t<\/h1>\n\t<p>Votre URPS a regroup\u00e9 les formations disponibles. Merci de nous signaler tout autre organisme \u00e0 <a href=\"mailto:contac@urpspharma.re\" target=\"_blank\" rel=\"noopener noreferrer\">contac@urpspharma.re<\/a><\/p>\n\t\t\t<a href=\"https:\/\/urpspharma.re\/?page_id=3345\" target=\"_blank\" role=\"button\" rel=\"noopener noreferrer\">\n\t\t\t\t\t\t\t\u25baFormations r\u00e9pertori\u00e9es\n\t\t\t\t\t<\/a>\n<h1>\n\t\tPTA974 : Plateforme d&#8217;appui pour les professionnels de sant\u00e9\n\t<\/h1>\n\t\t\t<a href=\"https:\/\/pta974.re\/missions-pta-covid\/\" target=\"_blank\" role=\"button\" rel=\"noopener noreferrer\">\n\t\t\t\t\t\t\t\u25baPlateforme COVID &#8211; Appuis propos\u00e9s aux professionnels de sant\u00e9\n\t\t\t\t\t<\/a>\n<h1>\n\t\tLIENS UTILES\n\t<\/h1>\n\t<p>ARS de La R\u00e9union en <a href=\"https:\/\/urpspharma.us8.list-manage.com\/track\/click?u=07e1c2e988d75c3f3beefa643&amp;id=278f7d676f&amp;e=6902c74b14\" target=\"_blank\" rel=\"noopener noreferrer\" data-saferedirecturl=\"https:\/\/www.google.com\/url?q=https:\/\/urpspharma.us8.list-manage.com\/track\/click?u%3D07e1c2e988d75c3f3beefa643%26id%3D278f7d676f%26e%3D6902c74b14&amp;source=gmail&amp;ust=1586601213081000&amp;usg=AFQjCNF3zxfJreXW-iSZHF7oQftl7UzTiA\">cliquant ICI<\/a><\/p>\n<p>Pr\u00e9fecture en <a href=\"http:\/\/www.reunion.gouv.fr\/points-de-situation-r464.html\" target=\"_blank\" rel=\"noopener noreferrer\" data-saferedirecturl=\"https:\/\/www.google.com\/url?q=https:\/\/urpspharma.us8.list-manage.com\/track\/click?u%3D07e1c2e988d75c3f3beefa643%26id%3D083bca479e%26e%3D6902c74b14&amp;source=gmail&amp;ust=1586601213081000&amp;usg=AFQjCNHSov2r3F7yfb2GndbIwR6KCzz7iA\">cliquant ICI<\/a><\/p>\n<p>Assurance maladie en\u00a0<a href=\"https:\/\/www.ameli.fr\/la-reunion\/pharmacien\" target=\"_blank\" rel=\"noopener noreferrer\" data-saferedirecturl=\"https:\/\/www.google.com\/url?q=https:\/\/urpspharma.us8.list-manage.com\/track\/click?u%3D07e1c2e988d75c3f3beefa643%26id%3D4ed63cebac%26e%3D6902c74b14&amp;source=gmail&amp;ust=1586601213081000&amp;usg=AFQjCNGn59vyJ7fXrdEa8d_6j0K9qqlJ7g\">cliquant ICI<\/a><\/p>\n<p>DGS-urgent en<a href=\"https:\/\/dgs-urgent.sante.gouv.fr\/dgsurgent\/inter\/accueilBuilder.do?cmd=affiche\" target=\"_blank\" rel=\"noopener noreferrer\"> cliquant ICI<\/a><\/p>\n<p>Sant\u00e9 publique France &#8211; bulletin \u00e9pid\u00e9miologique r\u00e9gional en <a href=\"https:\/\/www.santepubliquefrance.fr\/recherche\/#search=COVID%2019%20point%20epidemiologique&amp;themes=maladies%20et%20infections%20respiratoires&amp;publications=donn%C3%A9es&amp;regions=Oc%C3%A9an%20Indien&amp;sort=date\" target=\"_blank\" rel=\"noopener noreferrer\">cliquant ICI<\/a><\/p>\n\t<strong>Nous contacter<\/strong><br \/>\nMME LAHOGUE Sandrine &#8211; Charg\u00e9e de mission<br \/>\nEmail : <a href=\"mailto:contact@urpspharma.re\" target=\"_blank\" rel=\"noopener noreferrer\">contact@urpspharma.re<\/a><br \/>\nGsm : 06.93.90.96.42\n","protected":false},"excerpt":{"rendered":"<p>TESTS ANTIGENIQUES &#8211; L&#8217;ESSENTIEL IMPORTANT :\u00a0 Le r\u00e9sultat du 1er test \u00e0 vis\u00e9e diagnostic (RT-PCR) ou test antig\u00e9nique doit imp\u00e9rativement \u00eatre saisi dans SI-DEP sans attendre le r\u00e9sultat du criblage afin de permettre la mise en \u0153uvre rapide\u00a0des op\u00e9rations classiques de tracing et d\u2019isolement qui seront secondairement renforc\u00e9es s\u2019il apparait\u00a0que le patient est porteur d\u2019une&hellip;<\/p>\n","protected":false},"author":3,"featured_media":0,"parent":0,"menu_order":0,"comment_status":"closed","ping_status":"closed","template":"","meta":{"footnotes":""},"amp_enabled":true,"_links":{"self":[{"href":"https:\/\/urpspharma.re\/index.php?rest_route=\/wp\/v2\/pages\/4143"}],"collection":[{"href":"https:\/\/urpspharma.re\/index.php?rest_route=\/wp\/v2\/pages"}],"about":[{"href":"https:\/\/urpspharma.re\/index.php?rest_route=\/wp\/v2\/types\/page"}],"author":[{"embeddable":true,"href":"https:\/\/urpspharma.re\/index.php?rest_route=\/wp\/v2\/users\/3"}],"replies":[{"embeddable":true,"href":"https:\/\/urpspharma.re\/index.php?rest_route=%2Fwp%2Fv2%2Fcomments&post=4143"}],"version-history":[{"count":43,"href":"https:\/\/urpspharma.re\/index.php?rest_route=\/wp\/v2\/pages\/4143\/revisions"}],"predecessor-version":[{"id":5874,"href":"https:\/\/urpspharma.re\/index.php?rest_route=\/wp\/v2\/pages\/4143\/revisions\/5874"}],"wp:attachment":[{"href":"https:\/\/urpspharma.re\/index.php?rest_route=%2Fwp%2Fv2%2Fmedia&parent=4143"}],"curies":[{"name":"wp","href":"https:\/\/api.w.org\/{rel}","templated":true}]}}