{"id":4734,"date":"2021-08-16T15:52:43","date_gmt":"2021-08-16T11:52:43","guid":{"rendered":"https:\/\/urpspharma.re\/?page_id=4734"},"modified":"2023-09-15T10:12:55","modified_gmt":"2023-09-15T06:12:55","slug":"action-covid-19-autotests-lessentiel","status":"publish","type":"page","link":"https:\/\/urpspharma.re\/?page_id=4734","title":{"rendered":"Action : Covid-19 &#8211; Autotests : l&#8217;essentiel"},"content":{"rendered":"<h1>\n\t\tAUTOTESTS &#8211; L&#8217;ESSENTIEL\n\t<\/h1>\n\t\t\t\t<img loading=\"lazy\" decoding=\"async\" src=\"https:\/\/urpspharma.re\/wp-content\/uploads\/2020\/03\/bandeau-coronavirus.png\" alt=\"bandeau coronavirus\" itemprop=\"image\" height=\"100\" width=\"600\" title=\"bandeau coronavirus\"  \/>\n<h1>\n\t\tAUTOTESTS SUPERVISES PAR LE PROFESSIONNEL DE SANTE\n\t<\/h1>\n\t<p><a href=\"https:\/\/solidarites-sante.gouv.fr\/IMG\/pdf\/dgs-urgent_79_evolution_de_la_strategie_de_depistage.pdf\" target=\"_blank\" rel=\"noopener noreferrer\">DGS-Urgent_79 sur l\u2019\u00e9volution de la strat\u00e9gie de d\u00e9pistage de Covid-19<\/a><\/p>\n\t<h3><strong>Public cible<\/strong><\/h3>\nLes autotests sont destin\u00e9s aux op\u00e9rations de d\u00e9pistage \u00e0 destination des personnes asymptomatiques et qui ne sont pas<br \/>\ncas-contacts relevant des deux cat\u00e9gories suivantes :<br \/>\n&#8211; En population g\u00e9n\u00e9rale, les personnes souhaitant acc\u00e9der aux activit\u00e9s soumises au passe sanitaire \u00ab activit\u00e9 \u00bb,<br \/>\n&#8211; Les personnes non vaccin\u00e9es soumis \u00e0 l\u2019obligation vaccinale qui devront effectuer des tests it\u00e9ratifs jusqu\u2019au 14<br \/>\nseptembre au plus tard, et, par d\u00e9rogation au 15 octobre au plus tard, si elles ont re\u00e7u une premi\u00e8re injection dans<br \/>\nle cadre d\u2019un sch\u00e9ma vaccinal en pr\u00e9voyant deux\n\t<p><strong>Attention les autotests <\/strong><\/p>\n<p><strong>ne sont pas reconnus comme preuve pour le passe sanitaire dans le cadre des voyages <\/strong><\/p>\n<p><strong>ne g\u00e9n\u00e8rent pas un certificat de r\u00e9tablissement\u00a0<\/strong><\/p>\n<p><strong> ne d\u00e9clenchent pas le dispositif de contact-tracing<\/strong><\/p>\n\t<h3><strong>Modalit\u00e9s de d\u00e9ploiement<\/strong><\/h3>\n<p><strong>A l&#8217;officine, lieu attenant ou situ\u00e9 \u00e0 proximit\u00e9 imm\u00e9diate<\/strong><\/p>\n<p>Les pharmaciens d\u2019officine qui proposeront la r\u00e9alisation d\u2019autotests sous supervision au sein de leur lieu d\u2019exercice habituel, ne seront pas tenus de d\u00e9clarer cette action aupr\u00e8s du repr\u00e9sentant de l\u2019Etat dans le d\u00e9partement si le lieu de r\u00e9alisation de cette action est attenant ou situ\u00e9 en proximit\u00e9 imm\u00e9diate de leur officine.<\/p>\n<strong>A distance de l&#8217;officine<\/strong><br \/>\nA contrario, si l\u2019action est mise en \u0153uvre \u00e0 distance de l\u2019officine elle doit \u00eatre consid\u00e9r\u00e9e comme d\u00e9tachable et faire l\u2019objet d\u2019une d\u00e9claration.\n<p><a href=\"http:\/\/invite.contacts-demarches.interieur.gouv.fr\/Tests-antigeniques-et-examens-de-biologie-medicale\" target=\"_blank\" rel=\"noopener noreferrer\">\u25baFormulaire de d\u00e9claration<\/a><\/p>\n<p><a href=\"https:\/\/solidarites-sante.gouv.fr\/IMG\/pdf\/protocole_de_realisation_autotest_sous_supervision.pdf\" target=\"_blank\" rel=\"noopener noreferrer\">\u25baProtocole relatif au d\u00e9ploiement des autotests r\u00e9alis\u00e9s sous supervision Version du 08\/08\/21<\/a><\/p>\n<p><strong>Afin de faciliter l\u2019appropriation par les acteurs et le d\u00e9ploiement de ces op\u00e9rations, plusieurs documents sont disponibles sur le site du\u00a0<a href=\"https:\/\/solidarites-sante.gouv.fr\/soins-et-maladies\/maladies\/maladies-infectieuses\/coronavirus\/tout-savoir-sur-la-covid-19\/autotests-covid-19\" target=\"_blank\" rel=\"noopener noreferrer\">minist\u00e8re des solidarit\u00e9s et de la sant\u00e9 en cliquant ICI<\/a>.<\/strong><\/p>\n<p>&nbsp;<\/p>\n\t<p><a href=\"https:\/\/www.legifrance.gouv.fr\/jorf\/id\/JORFTEXT000043915556?init=true&amp;page=1&amp;query=Autotest&amp;searchField=ALL&amp;tab_selection=all&amp;fbclid=IwAR0YTj38QR85fA-T22BalCJXN_xF_TvketUk5eHclk962RVXfOkzEf_kdVw\" target=\"_blank\" rel=\"noopener noreferrer\">\u25baD\u00e9cret du 7 ao\u00fbt 2021 modifiant l&#8217;arr\u00eat\u00e9 du 1er juin 2021 prescrivant les mesures g\u00e9n\u00e9rales n\u00e9cessaires \u00e0 la gestion de la sortie de crise sanitaire<\/a><\/p>\n<h1>\n\t\tDELIVRANCE ET PRISE EN CHARGE DES AUTOTESTS\n\t<\/h1>\n\tLa d\u00e9livrance d\u2019autotest sera assur\u00e9e sur pr\u00e9sentation d\u2019un justificatif professionnel dans la limite de 10 autotests par mois avec une prise en charge \u00e0 100% par l&#8217;Assurance Maladie uniquement pour les cat\u00e9gories suivantes :<br \/>\n<strong>Pour les professionnels travaillant au sein de services d\u2019aide \u00e0 domicile\u00a0<\/strong>:\n<ul>\n<li>service d&#8217;aide et d&#8217;accompagnement \u00e0 domicile (Saad) en service prestataire,<\/li>\n<li>intervenants mandataires, particuliers employeurs,<\/li>\n<li>salari\u00e9s des services de soins infirmiers \u00e0 domicile (Ssiad),<\/li>\n<li>salari\u00e9s de service pour personnes handicap\u00e9es ;<\/li>\n<\/ul>\n<strong>Pour les accueillants familiaux<\/strong>.<br \/>\nEn savoir plus sur le site\u00a0<a href=\"https:\/\/www.ameli.fr\/la-reunion\/assure\/actualites\/les-autotests-en-vente-en-pharmacie-mode-demploi\" target=\"_blank\" rel=\"noopener noreferrer\">ameli.fr<\/a>\n\t<p><strong>\u25baPrise en charge uniquement dans le cadre du passe sanitaire<\/strong><\/p>\nLa prise en charge de\u00a0l&#8217;autotest\u00a0est applicable UNIQUEMENT si la r\u00e9alisation de celui-ci est supervis\u00e9e par un professionnel de sant\u00e9. En dehors de ce cadre, l&#8217;autotest\u00a0doit\u00a0\u00eatre factur\u00e9.\n<strong>Le professionnel de sant\u00e9 pourra b\u00e9n\u00e9ficier comme pour le grand public de l&#8217;autotest pour usage personnel sous supervision d&#8217;un professionnel de sant\u00e9.<\/strong><br \/>\n<strong>Qui peut s\u2019autotester ?<\/strong><br \/>\nToute personne sans sympt\u00f4mes, de plus de 18 ans n\u2019ayant pas encore de sch\u00e9ma vaccinal complet ou sans certificat de gu\u00e9rison de plus de 11 jours et de moins de 6 mois, qui souhaite r\u00e9aliser une activit\u00e9 soumise au passe sanitaire.\n<p>En savoir plus sur le site\u00a0<a href=\"https:\/\/www.ameli.fr\/la-reunion\/assure\/actualites\/autotest-supervise-par-un-professionnel-de-sante-nouvelle-preuve-integree-au-passe-sanitaire\" target=\"_blank\" rel=\"noopener noreferrer\">ameli.fr<\/a><\/p>\n<h1>\n\t\tAUTRES INFORMATIONS UTILES\n\t<\/h1>\n<h1>\n\t\tAssurance Maladie\n\t<\/h1>\n\t\t\t<a href=\"https:\/\/www.ameli.fr\/la-reunion\/pharmacien\/actualites\/facturer-la-supervision-et-la-delivrance-dautotests-antigeniques-mode-demploi\" target=\"_blank\" role=\"button\" rel=\"noopener noreferrer\">\n\t\t\t\t\t\t\t\u25baFacturer la supervision et la d\u00e9livrance d\u2019autotests antig\u00e9niques : mode d\u2019emploi\n\t\t\t\t\t<\/a>\n\t\t\t<a href=\"https:\/\/www.ameli.fr\/la-reunion\/assure\/covid-19\/tester-alerter-proteger-comprendre-la-strategie-pour-stopper-lepidemie\/contact-tracing-arreter-les-chaines-de-transmission\" target=\"_blank\" role=\"button\" rel=\"noopener noreferrer\">\n\t\t\t\t\t\t\t\u25ba&#8221; Contact tracing &#8221; : le dispositif pour arr\u00eater plus vite les cha\u00eenes de transmission du virus\n\t\t\t\t\t<\/a>\n\t\t\t<a href=\"https:\/\/www.ameli.fr\/la-reunion\/assure\/covid-19\/isolement-principes-et-regles-respecter\/isolement-principes-generaux\" target=\"_blank\" role=\"button\" rel=\"noopener noreferrer\">\n\t\t\t\t\t\t\t\u25baIsolement : principes g\u00e9n\u00e9raux\n\t\t\t\t\t<\/a>\n<h1>\n\t\tOrdre national des pharmaciens\n\t<\/h1>\n\t\t\t<a href=\"http:\/\/www.ordre.pharmacien.fr\/Communications\/Les-actualites\/Covid-19-depistage-vaccination-les-mesures-parues-au-Journal-Officiel-du-8-aout-2021\" target=\"_blank\" role=\"button\" rel=\"noopener noreferrer\">\n\t\t\t\t\t\t\t\u25baCovid-19 : d\u00e9pistage, vaccination, les mesures parues au Journal Officiel du 8 ao\u00fbt 2021En savoir plus\n\t\t\t\t\t<\/a>\n<h1>\n\t\tMinist\u00e8re des Solidarit\u00e9s et de la Sant\u00e9\n\t<\/h1>\n\t\t\t<a href=\"https:\/\/solidarites-sante.gouv.fr\/soins-et-maladies\/maladies\/maladies-infectieuses\/coronavirus\/professionnels-de-sante\/article\/ressources-documentaires-a-destination-des-professionnels-de-sante\" target=\"_blank\" role=\"button\" rel=\"noopener noreferrer\">\n\t\t\t\t\t\t\t\u25baRessources documentaires \u00e0 destination des professionnels de sant\u00e9\n\t\t\t\t\t<\/a>\n\t\t\t<a href=\"https:\/\/solidarites-sante.gouv.fr\/IMG\/pdf\/protocole_de_realisation_autotest_sous_supervision.pdf\" target=\"_blank\" role=\"button\" rel=\"noopener noreferrer\">\n\t\t\t\t\t\t\t\u25baProtocole de d\u00e9ploiement des autotests supervis\u00e9s par un professionnel de sant\u00e9\n\t\t\t\t\t<\/a>\n<h1>\n\t\tDGS-urgent\n\t<\/h1>\n\t\t\t<a href=\"https:\/\/solidarites-sante.gouv.fr\/professionnels\/article\/dgs-urgent\" target=\"_blank\" role=\"button\" rel=\"noopener noreferrer\">\n\t\t\t\t\t\t\t\u25baListe de diffusion DGS-Urgent &#8211; Service pour les professionnels de la sant\u00e9\n\t\t\t\t\t<\/a>\n<h1>\n\t\tHAS &#8211; Haute Autorit\u00e9 de Sant\u00e9\n\t<\/h1>\n\t\t\t<a href=\"https:\/\/www.has-sante.fr\/jcms\/p_3221157\/fr\/covid-19-la-has-se-prononce-sur-les-tests-salivaires-rt-lamp-et-met-a-jour-les-indications-des-tests-antigeniques\" target=\"_blank\" role=\"button\" rel=\"noopener noreferrer\">\n\t\t\t\t\t\t\t\u25baLa HAS se prononce sur les tests salivaires RT-LAMP et met \u00e0 jour les indications des tests antig\u00e9niques\n\t\t\t\t\t<\/a>\n<h1>\n\t\tLIENS UTILES\n\t<\/h1>\n\t<p>ARS de La R\u00e9union en <a href=\"https:\/\/urpspharma.us8.list-manage.com\/track\/click?u=07e1c2e988d75c3f3beefa643&amp;id=278f7d676f&amp;e=6902c74b14\" target=\"_blank\" rel=\"noopener noreferrer\" data-saferedirecturl=\"https:\/\/www.google.com\/url?q=https:\/\/urpspharma.us8.list-manage.com\/track\/click?u%3D07e1c2e988d75c3f3beefa643%26id%3D278f7d676f%26e%3D6902c74b14&amp;source=gmail&amp;ust=1586601213081000&amp;usg=AFQjCNF3zxfJreXW-iSZHF7oQftl7UzTiA\">cliquant ICI<\/a><\/p>\n<p>Pr\u00e9fecture en <a href=\"http:\/\/www.reunion.gouv.fr\/points-de-situation-r464.html\" target=\"_blank\" rel=\"noopener noreferrer\" data-saferedirecturl=\"https:\/\/www.google.com\/url?q=https:\/\/urpspharma.us8.list-manage.com\/track\/click?u%3D07e1c2e988d75c3f3beefa643%26id%3D083bca479e%26e%3D6902c74b14&amp;source=gmail&amp;ust=1586601213081000&amp;usg=AFQjCNHSov2r3F7yfb2GndbIwR6KCzz7iA\">cliquant ICI<\/a><\/p>\n<p>Assurance maladie en\u00a0<a href=\"https:\/\/www.ameli.fr\/la-reunion\/pharmacien\" target=\"_blank\" rel=\"noopener noreferrer\" data-saferedirecturl=\"https:\/\/www.google.com\/url?q=https:\/\/urpspharma.us8.list-manage.com\/track\/click?u%3D07e1c2e988d75c3f3beefa643%26id%3D4ed63cebac%26e%3D6902c74b14&amp;source=gmail&amp;ust=1586601213081000&amp;usg=AFQjCNGn59vyJ7fXrdEa8d_6j0K9qqlJ7g\">cliquant ICI<\/a><\/p>\n<p>DGS-urgent en<a href=\"https:\/\/dgs-urgent.sante.gouv.fr\/dgsurgent\/inter\/accueilBuilder.do?cmd=affiche\" target=\"_blank\" rel=\"noopener noreferrer\"> cliquant ICI<\/a><\/p>\n<p>Sant\u00e9 publique France &#8211; bulletin \u00e9pid\u00e9miologique r\u00e9gional en <a href=\"https:\/\/www.santepubliquefrance.fr\/recherche\/#search=COVID%2019%20point%20epidemiologique&amp;themes=maladies%20et%20infections%20respiratoires&amp;publications=donn%C3%A9es&amp;regions=Oc%C3%A9an%20Indien&amp;sort=date\" target=\"_blank\" rel=\"noopener noreferrer\">cliquant ICI<\/a><\/p>\n\t<strong>Nous contacter<\/strong><br \/>\nMME LAHOGUE Sandrine &#8211; Charg\u00e9e de mission<br \/>\nEmail : <a href=\"mailto:contact@urpspharma.re\" target=\"_blank\" rel=\"noopener noreferrer\">contact@urpspharma.re<\/a><br \/>\nGsm : 06.93.90.96.42\n","protected":false},"excerpt":{"rendered":"<p>AUTOTESTS &#8211; L&#8217;ESSENTIEL AUTOTESTS SUPERVISES PAR LE PROFESSIONNEL DE SANTE DGS-Urgent_79 sur l\u2019\u00e9volution de la strat\u00e9gie de d\u00e9pistage de Covid-19 Public cible Les autotests sont destin\u00e9s aux op\u00e9rations de d\u00e9pistage \u00e0 destination des personnes asymptomatiques et qui ne sont pas cas-contacts relevant des deux cat\u00e9gories suivantes : &#8211; En population g\u00e9n\u00e9rale, les personnes souhaitant acc\u00e9der&hellip;<\/p>\n","protected":false},"author":3,"featured_media":0,"parent":0,"menu_order":0,"comment_status":"closed","ping_status":"closed","template":"","meta":{"footnotes":""},"amp_enabled":true,"_links":{"self":[{"href":"https:\/\/urpspharma.re\/index.php?rest_route=\/wp\/v2\/pages\/4734"}],"collection":[{"href":"https:\/\/urpspharma.re\/index.php?rest_route=\/wp\/v2\/pages"}],"about":[{"href":"https:\/\/urpspharma.re\/index.php?rest_route=\/wp\/v2\/types\/page"}],"author":[{"embeddable":true,"href":"https:\/\/urpspharma.re\/index.php?rest_route=\/wp\/v2\/users\/3"}],"replies":[{"embeddable":true,"href":"https:\/\/urpspharma.re\/index.php?rest_route=%2Fwp%2Fv2%2Fcomments&post=4734"}],"version-history":[{"count":6,"href":"https:\/\/urpspharma.re\/index.php?rest_route=\/wp\/v2\/pages\/4734\/revisions"}],"predecessor-version":[{"id":5875,"href":"https:\/\/urpspharma.re\/index.php?rest_route=\/wp\/v2\/pages\/4734\/revisions\/5875"}],"wp:attachment":[{"href":"https:\/\/urpspharma.re\/index.php?rest_route=%2Fwp%2Fv2%2Fmedia&parent=4734"}],"curies":[{"name":"wp","href":"https:\/\/api.w.org\/{rel}","templated":true}]}}