{"id":4858,"date":"2021-10-06T09:26:36","date_gmt":"2021-10-06T05:26:36","guid":{"rendered":"https:\/\/urpspharma.re\/?page_id=4858"},"modified":"2023-08-22T10:40:28","modified_gmt":"2023-08-22T06:40:28","slug":"actualites-pharmaciens-communication-urps-2021","status":"publish","type":"page","link":"https:\/\/urpspharma.re\/?page_id=4858","title":{"rendered":"ACTUALIT\u00c9S : PHARMACIENS &#8211; COMMUNICATION URPS 2021"},"content":{"rendered":"<h1>\n\t\tCOMMUNICATION DE L&#8217;URPS 2021\n\t<\/h1>\n\t<p>\u25ba23\/11\/2021 &#8211; <a href=\"https:\/\/us8.campaign-archive.com\/?u=07e1c2e988d75c3f3beefa643&amp;id=4ad75cb390\">Covid-19 : Flash n\u00b020-2021 &#8211; vaccination : dose de rappel et d\u00e9pistage<\/a><\/p>\n<p>&nbsp;<\/p>\n<p>\u25ba14\/10\/2021 &#8211; <a href=\"https:\/\/us8.campaign-archive.com\/?u=07e1c2e988d75c3f3beefa643&amp;id=e497d4f6ca\">Covid-19 : Flash n\u00b019-2021 &#8211; Evolution de la prise en charge des tests de d\u00e9pistage\/Elargissement du rappel de vaccination<\/a><\/p>\n<p>&nbsp;<\/p>\n<p>\u25ba01\/10\/2021 &#8211; <a href=\"https:\/\/us8.campaign-archive.com\/?u=07e1c2e988d75c3f3beefa643&amp;id=5af3b2b868\">Actu pro : Flash n\u00b018-2021 &#8211; Formation DPC : Vendredi 22 octobre 2021 &#8211; Comment prescrire et accompagner le sevrage tabagique de vos patients fumeurs !<\/a><\/p>\n<p>&nbsp;<\/p>\n<p>\u25ba28\/09\/2021 &#8211; <a href=\"https:\/\/us8.campaign-archive.com\/?u=07e1c2e988d75c3f3beefa643&amp;id=00c14fa6c4\">Actu pro : Flash n\u00b017-2021 &#8211; Invitation : vendredi 1er octobre : sensibilisation accueil patients Sourds \/ R\u00e9seau Sourds et Sant\u00e9 R\u00e9union<\/a><\/p>\n<p>&nbsp;<\/p>\n<p>\u25ba28\/09\/2021 &#8211; <a href=\"https:\/\/us8.campaign-archive.com\/?u=07e1c2e988d75c3f3beefa643&amp;id=ded306ca23\">Exercice coordonn\u00e9 : CPTS SUD OUEST &#8211; Appel aux professionnels de sant\u00e9 !<\/a><\/p>\n<p>&nbsp;<\/p>\n<p>\u25ba15\/09\/2021 &#8211; <a href=\"https:\/\/mailchi.mp\/16411d1c00a6\/covid19flash162021dastri-runions-rgionales-2021-seconde-campagnehttpsus8campaign-archivecomu07e1c2e988d75c3f3beefa643id3829d05781\">Actu pro : Flash 16 DASTRI &#8211; R\u00e9unions r\u00e9gionales 2021 &amp; Seconde campagne\u00a0<\/a><\/p>\n<p>&nbsp;<\/p>\n<p>\u25ba07\/09\/2021 &#8211; <a href=\"https:\/\/us8.campaign-archive.com\/?u=07e1c2e988d75c3f3beefa643&amp;id=54a8e3a3a3\">Exercice coordonn\u00e9 : CPTS SUD OUEST &#8211; R\u00e9union de travail en septembre 2021<\/a><\/p>\n<p>&nbsp;<\/p>\n<p>\u25ba06\/09\/2021 &#8211; <a href=\"https:\/\/us8.campaign-archive.com\/?u=07e1c2e988d75c3f3beefa643&amp;id=f8bf1cecc2\">Covid-19 : Flash n\u00b015-2021 &#8211; D\u00e9pistage et vaccination<\/a><\/p>\n<p>&nbsp;<\/p>\n<p>\u25ba25\/08\/2021 &#8211; <a href=\"https:\/\/us8.campaign-archive.com\/?u=07e1c2e988d75c3f3beefa643&amp;id=ab904c591e\">Covid-19 : Flash n\u00b014-2021 &#8211; L&#8217;APPEL &#8211; Guadeloup\u00e9ens, Guyanais, Martiniquais, R\u00e9unionnais : il est urgent de vous faire vacciner !<\/a><\/p>\n<p>&nbsp;<\/p>\n<p>\u25ba16\/08\/2021 &#8211; <a href=\"https:\/\/us8.campaign-archive.com\/?u=07e1c2e988d75c3f3beefa643&amp;id=a94bd071c0\">Covid-19 : Flash n\u00b013-2021 &#8211; D\u00e9pistage et vaccination les mesures pour les officines<\/a><\/p>\n<p>&nbsp;<\/p>\n<p>\u25ba27\/07\/2021 &#8211; <a href=\"https:\/\/us8.campaign-archive.com\/?u=07e1c2e988d75c3f3beefa643&amp;id=e29ed50a31\">Covid-19 &#8211; RAPPEL : D\u00e9pistage avec les TROD antig\u00e9niques : mobilisation des pharmaciens d&#8217;officine pour faire face \u00e0 la hausse de la demande !<\/a><\/p>\n<p>&nbsp;<\/p>\n<p>\u25ba21\/07\/2021 &#8211; <a href=\"https:\/\/us8.campaign-archive.com\/?u=07e1c2e988d75c3f3beefa643&amp;id=8d85018362\">Covid-19 : D\u00e9pistage avec les TROD antig\u00e9niques : mobilisation des pharmaciens d&#8217;officine pour faire face \u00e0 la hausse de la demande !<\/a><\/p>\n<p>&nbsp;<\/p>\n<p>\u25ba15\/07\/2021 &#8211; <a href=\"https:\/\/us8.campaign-archive.com\/?u=07e1c2e988d75c3f3beefa643&amp;id=78559914d1\">Covid-19 &#8211; Appel \u00e0 candidature pour la campagne vaccinale \u00e0 la R\u00e9union<\/a><\/p>\n<p>&nbsp;<\/p>\n<p>\u25ba26\/06\/2021 &#8211; <a href=\"https:\/\/us8.campaign-archive.com\/?u=07e1c2e988d75c3f3beefa643&amp;id=f170e742ff\">Covid-19 &#8211; Dispensation des autotests en officine : Appel au volontariat !<\/a><\/p>\n<p>&nbsp;<\/p>\n<p>\u25ba23\/06\/2021 &#8211; <a href=\"https:\/\/us8.campaign-archive.com\/?u=07e1c2e988d75c3f3beefa643&amp;id=bfc87c5c3f\">Exercice Coordonn\u00e9 : CPTS SUD OUEST &#8211; R\u00e9union D&#8217;information Le Jeudi 24 Juin 2021<\/a><\/p>\n<p>&nbsp;<\/p>\n<p>\u25ba21\/06\/2021 &#8211; <a href=\"https:\/\/us8.campaign-archive.com\/?u=07e1c2e988d75c3f3beefa643&amp;id=6e413c2cd0\">Covid-19 : TRES IMPORTANT<\/a><\/p>\n<p>&nbsp;<\/p>\n<p>\u25ba09\/06\/2021 &#8211; <a href=\"https:\/\/us8.campaign-archive.com\/?u=07e1c2e988d75c3f3beefa643&amp;id=7084765b94\">Exercice coordonn\u00e9 : RAPPEL CPTS OUEST Assembl\u00e9e g\u00e9n\u00e9rale le 10 juin !<\/a><\/p>\n<p>&nbsp;<\/p>\n<p>\u25ba08\/06\/2021 &#8211; <a href=\"https:\/\/us8.campaign-archive.com\/?u=07e1c2e988d75c3f3beefa643&amp;id=fcf98e8ccf\">Nouveau bureau de l&#8217;URPS Pharmaciens<\/a><\/p>\n<p>&nbsp;<\/p>\n<p>\u25ba03\/06\/2021 &#8211; <a href=\"https:\/\/us8.campaign-archive.com\/?u=07e1c2e988d75c3f3beefa643&amp;id=72ab334ac7\">Elections URPS : F\u00e9licitations aux nouveaux \u00e9lus &#8211; Assembl\u00e9e g\u00e9n\u00e9rale le 4 juin 2021<\/a><\/p>\n<p>&nbsp;<\/p>\n<p>\u25ba07\/05\/2021 &#8211; <a href=\"https:\/\/us8.campaign-archive.com\/?u=07e1c2e988d75c3f3beefa643&amp;id=c3f84aa694\">Covid-19 : Flash n\u00b012-2021 &#8211; D\u00e9ploiement de la vaccination en proximit\u00e9 !<\/a><\/p>\n<p>&nbsp;<\/p>\n<p>\u25ba 03\/05\/2021 &#8211; <a href=\"https:\/\/us8.campaign-archive.com\/?u=07e1c2e988d75c3f3beefa643&amp;id=37cbca05e6\">Exercice coordonn\u00e9 : R\u00e9union CPTS NORD le 4 mai et AG CPTS OUEST le 10 juin !<\/a><\/p>\n<p>&nbsp;<\/p>\n<p>\u25ba22\/04\/2021 &#8211; <a href=\"https:\/\/us8.campaign-archive.com\/?u=07e1c2e988d75c3f3beefa643&amp;id=a82ad8d95e\">Covid-19 : Flash n\u00b011-2021 &#8211; Bravo ! Succ\u00e8s du d\u00e9ploiement de la vaccination en proximit\u00e9 !<\/a><\/p>\n<p>&nbsp;<\/p>\n<p>\u25ba15\/04\/2021 &#8211; <a href=\"https:\/\/us8.campaign-archive.com\/?u=07e1c2e988d75c3f3beefa643&amp;id=c04e3d2740\">Covid-19 : Flash n\u00b010-2021 &#8211; Le d\u00e9ploiement de la vaccination en proximit\u00e9 se poursuit !<\/a><\/p>\n<p>&nbsp;<\/p>\n<p>\u25ba08\/04\/2021 &#8211; <a href=\"https:\/\/us8.campaign-archive.com\/?u=07e1c2e988d75c3f3beefa643&amp;id=4b47f45293\">Covid-19 : Flash n\u00b09-2021 &#8211; Le d\u00e9ploiement de la vaccination en proximit\u00e9 se poursuit !<\/a><\/p>\n<p>&nbsp;<\/p>\n<p>\u25ba06\/04\/2021 &#8211; <a href=\"https:\/\/us8.campaign-archive.com\/?u=07e1c2e988d75c3f3beefa643&amp;id=7e1ba75415\">SAVE THE DATE : mercredi 7 avril ! D\u00e9ploiement du vaccin Comirnaty\u00b0 en officine<\/a><\/p>\n<p>&nbsp;<\/p>\n<p>\u25ba31\/03\/2021 &#8211;<a href=\"https:\/\/us8.campaign-archive.com\/?u=07e1c2e988d75c3f3beefa643&amp;id=611fc24d01\"> Covid-19 &#8211; 5 avril 2021 : D\u00e9ploiement de la vaccination anti-Covid-19 en proximit\u00e9 !<\/a><\/p>\n<p>&nbsp;<\/p>\n<p>\u25ba29\/03\/2021 &#8211; <a href=\"https:\/\/us8.campaign-archive.com\/?u=07e1c2e988d75c3f3beefa643&amp;id=422830ef54\">SAVE THE DATE : Rappel &#8211; lundi 29 mars ! Vaccination anti-Covid-19 en proximit\u00e9<\/a><\/p>\n<p>&nbsp;<\/p>\n<p>\u25ba27\/03\/2021 &#8211; <a href=\"https:\/\/us8.campaign-archive.com\/?u=07e1c2e988d75c3f3beefa643&amp;id=5b1b0038b3\">R\u00e9union CPTS SUD : le mardi 30 mars ou le mardi 6 avril 2021<\/a><\/p>\n<p>&nbsp;<\/p>\n<p>\u25ba27\/03\/2021 &#8211; <a href=\"https:\/\/us8.campaign-archive.com\/?u=07e1c2e988d75c3f3beefa643&amp;id=429ced9b41\">R\u00e9union CPTS SUD OUEST : le jeudi 1er avril ou le vendredi 9 avril 2021<\/a><\/p>\n<p>&nbsp;<\/p>\n<p>\u25ba26\/03\/2021 &#8211; <a href=\"https:\/\/us8.campaign-archive.com\/?u=07e1c2e988d75c3f3beefa643&amp;id=e5432caecc\">SAVE THE DATE : lundi 29 mars ! Vaccination anti-Covid-19 en proximit\u00e9<\/a><\/p>\n<p>&nbsp;<\/p>\n<p>\u25ba25\/03\/2021 &#8211; <a href=\"https:\/\/us8.campaign-archive.com\/?u=07e1c2e988d75c3f3beefa643&amp;id=62e58555c8\">Covid-19 &#8211; Appel \u00e0 candidatures pour la vaccination avec le vaccin de Pfizer ou pour sa simple d\u00e9livrance !<\/a><\/p>\n<p>&nbsp;<\/p>\n<p>\u25ba22\/03\/2021 &#8211; <a href=\"https:\/\/us8.campaign-archive.com\/?u=07e1c2e988d75c3f3beefa643&amp;id=6c2b77d442\">Covid-19 &#8211; Rappel Enqu\u00eate flash : votre avis sur le d\u00e9ploiement de la vaccination contre la Covid-19 en officine !<\/a><\/p>\n<p>&nbsp;<\/p>\n<p>\u25ba20\/03\/2021 &#8211; E<a href=\"https:\/\/us8.campaign-archive.com\/?u=07e1c2e988d75c3f3beefa643&amp;id=d9d74d5e8a\">lections URPS : J-12 Vote des URPS<\/a><\/p>\n<p>&nbsp;<\/p>\n<p>\u25ba19\/03\/2021 &#8211; <a href=\"https:\/\/us8.campaign-archive.com\/?u=07e1c2e988d75c3f3beefa643&amp;id=7aaa015835\">Covid-19 &#8211; Enqu\u00eate flash : votre avis sur le d\u00e9ploiement de la vaccination contre la Covid-19 en officine !<\/a><\/p>\n<p>&nbsp;<\/p>\n<p>\u25ba15\/03\/2021 &#8211; <a href=\"https:\/\/us8.campaign-archive.com\/?u=07e1c2e988d75c3f3beefa643&amp;id=e2067e59b7\">Covid-19 &#8211; Flash\u00a0 n\u00b08-2021 &#8211; Rappel : Tout faire pour d\u00e9ployer la vaccination en proximit\u00e9 !<\/a><\/p>\n<p>&nbsp;<\/p>\n<p>\u25ba12\/03\/2021 &#8211; <a href=\"https:\/\/us8.campaign-archive.com\/?u=07e1c2e988d75c3f3beefa643&amp;id=8959b869a5\">Covid-19 &#8211; Flash\u00a0 n\u00b08-2021 &#8211; Tout faire pour d\u00e9ployer la vaccination en proximit\u00e9 !<\/a><\/p>\n<p>&nbsp;<\/p>\n<p>\u25ba05\/03\/2021 &#8211; <a href=\"https:\/\/us8.campaign-archive.com\/?u=07e1c2e988d75c3f3beefa643&amp;id=211ea1ff8b\">Covid-19 &#8211; Flash\u00a0 n\u00b07-2021 &#8211; Couvre feu : les pharmacies peuvent maintenir leurs horaires d&#8217;ouverture habituels<\/a><\/p>\n<p>&nbsp;<\/p>\n<p>\u25ba04\/03\/2021 &#8211; <a href=\"https:\/\/us8.campaign-archive.com\/?u=07e1c2e988d75c3f3beefa643&amp;id=c423a3afcd\">Covid-19 &#8211; Flash\u00a0 n\u00b06-2021 &#8211; Couvre feu : pas d&#8217;obligation pour les pharmacies<\/a><\/p>\n<p>&nbsp;<\/p>\n<p>\u25ba03\/03\/201 &#8211; <a href=\"https:\/\/us8.campaign-archive.com\/?u=07e1c2e988d75c3f3beefa643&amp;id=c958fe1b49\">R\u00e9union CPTS NORD : le mardi 16 mars 202<\/a><\/p>\n<p>&nbsp;<\/p>\n<p>\u25ba02\/03\/2021 &#8211; <a href=\"https:\/\/us8.campaign-archive.com\/?u=07e1c2e988d75c3f3beefa643&amp;id=f5629a597f\">Covid-19 &#8211; Flash\u00a0 n\u00b05-2021 &#8211; Tests et vaccination<\/a><\/p>\n<p>&nbsp;<\/p>\n<p>\u25ba24\/02\/2021 &#8211; <a href=\"https:\/\/us8.campaign-archive.com\/?u=07e1c2e988d75c3f3beefa643&amp;id=be6393caaa\">Covid-19 &#8211; Flash n\u00b04-2021 : Tester, Isoler : les nouveaut\u00e9s<\/a><\/p>\n<p>&nbsp;<\/p>\n<p>\u25ba17\/02\/2021 &#8211; <a href=\"https:\/\/us8.campaign-archive.com\/?u=07e1c2e988d75c3f3beefa643&amp;id=b54c179390\">Exercice coordonn\u00e9 : CPTS OUEST &#8211; R\u00e9union de lancement : le lundi 22 f\u00e9vrier 2021<\/a><\/p>\n<p>&nbsp;<\/p>\n<p>\u25ba16\/02\/2021 &#8211; <a href=\"https:\/\/us8.campaign-archive.com\/?u=07e1c2e988d75c3f3beefa643&amp;id=528add9301\">Covid-19 &#8211; Urgent : Vaccination et vaccin AstraZeneca<\/a><\/p>\n<p>&nbsp;<\/p>\n<p>\u25ba12\/02\/2021 &#8211; <a href=\"https:\/\/us8.campaign-archive.com\/?u=07e1c2e988d75c3f3beefa643&amp;id=c12c21724e\">Covid-19 &#8211; Urgent : Tests antig\u00e9niques &#8211; Nouvelles dispositions<\/a><\/p>\n<p>&nbsp;<\/p>\n<p>\u25ba09\/02\/2021 &#8211;<a href=\"https:\/\/us8.campaign-archive.com\/?u=07e1c2e988d75c3f3beefa643&amp;id=c9b530f6d2\"> Covid-19 &#8211; D\u00e9pistons ! : D\u00e9pistage populationnel \u00e0 Saint-Louis : Informez vos patients !<\/a><\/p>\n<p>&nbsp;<\/p>\n<p>\u25ba09\/02\/2021 &#8211; <a href=\"https:\/\/us8.campaign-archive.com\/?u=07e1c2e988d75c3f3beefa643&amp;id=78959ea137\">Covid-19 &#8211; D\u00e9pistons ! : D\u00e9pistage populationnel \u00e0 Sainte-Suzanne : Informez vos patients !<\/a><\/p>\n<p>&nbsp;<\/p>\n<p>\u25ba09\/02\/2021 &#8211; <a href=\"https:\/\/us8.campaign-archive.com\/?u=07e1c2e988d75c3f3beefa643&amp;id=5dec5edec0\">Covid-19 &#8211; D\u00e9pistons ! : D\u00e9pistage populationnel \u00e0 Saint-Beno\u00eet : Informez vos patients !<\/a><\/p>\n<p>&nbsp;<\/p>\n<p>\u25ba05\/02\/2021 &#8211; <a href=\"https:\/\/us8.campaign-archive.com\/?u=07e1c2e988d75c3f3beefa643&amp;id=9ffa871299\">Covid-19 &#8211; D\u00e9pistons ! : D\u00e9pistage populationnel au Port : Informez vos patients !<\/a><\/p>\n<p>&nbsp;<\/p>\n<p>\u25ba26\/01\/2021 &#8211; <a href=\"https:\/\/us8.campaign-archive.com\/?u=07e1c2e988d75c3f3beefa643&amp;id=584cec92df\">Webinaire interprofessionnel : Rappel &#8211; vaccination anti-Covid-19<\/a><\/p>\n<p>&nbsp;<\/p>\n<p>\u25ba22\/01\/2021 &#8211; <a href=\"https:\/\/us8.campaign-archive.com\/?u=07e1c2e988d75c3f3beefa643&amp;id=d1a9dbe7f8\">Webinaire interprofessionnel : vaccination anti-Covid-19<\/a><\/p>\n<p>&nbsp;<\/p>\n<p>\u25ba20\/01\/2021 &#8211; <a href=\"https:\/\/us8.campaign-archive.com\/?u=07e1c2e988d75c3f3beefa643&amp;id=1ee7e051d1\">Participez \u00e0 l&#8217;enqu\u00eate sur le futur DAC (Dispositif d&#8217;Appui \u00e0 la Coordination) de La R\u00e9union<\/a><\/p>\n<p>&nbsp;<\/p>\n<p>\u25ba19\/01\/2021 &#8211; <a href=\"https:\/\/us8.campaign-archive.com\/?u=07e1c2e988d75c3f3beefa643&amp;id=fa54ef12b6\">Covid-19 &#8211; Flash n\u00b03-2021 : Trod antig\u00e9niques (Evolution du dispositif) et vaccination<\/a><\/p>\n<p>&nbsp;<\/p>\n<p>\u25ba15\/01\/2021 &#8211; <a href=\"https:\/\/us8.campaign-archive.com\/?u=07e1c2e988d75c3f3beefa643&amp;id=b2fd371962\">Covid-19 &#8211; Flash n\u00b02-2021 : Acc\u00e8s aux centres de vaccination contre la Covid-19<\/a><\/p>\n<p>&nbsp;<\/p>\n<p>\u25ba14\/01\/2021 &#8211;<a href=\"https:\/\/us8.campaign-archive.com\/?u=07e1c2e988d75c3f3beefa643&amp;id=3b44573f83\"> R\u00e9union CPTS NORD : le mardi 19 janvier 2021<\/a><\/p>\n<p>&nbsp;<\/p>\n<p>\u25ba14\/01\/2021 &#8211; <a href=\"https:\/\/us8.campaign-archive.com\/?u=07e1c2e988d75c3f3beefa643&amp;id=72efa289fd\">2\u00e8me r\u00e9union d&#8217;information CPTS OUEST : le mardi 19 janvier 2021<\/a><\/p>\n<p>&nbsp;<\/p>\n<p>\u25ba11\/01\/2021 &#8211; <a href=\"https:\/\/us8.campaign-archive.com\/?u=07e1c2e988d75c3f3beefa643&amp;id=5b753c4148\">Covid-19 &#8211; RAPPEL &#8211; Flash n\u00b01-2021 : La vaccination<\/a><\/p>\n<p>\u25ba08\/01\/2021 &#8211; <a href=\"https:\/\/us8.campaign-archive.com\/?u=07e1c2e988d75c3f3beefa643&amp;id=bd77da2ce3\">Covid-19 &#8211; Flash n\u00b01-2021 : La vaccination<\/a><\/p>\n","protected":false},"excerpt":{"rendered":"<p>COMMUNICATION DE L&#8217;URPS 2021 \u25ba23\/11\/2021 &#8211; Covid-19 : Flash n\u00b020-2021 &#8211; vaccination : dose de rappel et d\u00e9pistage &nbsp; \u25ba14\/10\/2021 &#8211; Covid-19 : Flash n\u00b019-2021 &#8211; Evolution de la prise en charge des tests de d\u00e9pistage\/Elargissement du rappel de vaccination &nbsp; \u25ba01\/10\/2021 &#8211; Actu pro : Flash n\u00b018-2021 &#8211; Formation DPC : Vendredi 22 octobre&hellip;<\/p>\n","protected":false},"author":3,"featured_media":0,"parent":0,"menu_order":0,"comment_status":"closed","ping_status":"closed","template":"","meta":{"footnotes":""},"amp_enabled":true,"_links":{"self":[{"href":"https:\/\/urpspharma.re\/index.php?rest_route=\/wp\/v2\/pages\/4858"}],"collection":[{"href":"https:\/\/urpspharma.re\/index.php?rest_route=\/wp\/v2\/pages"}],"about":[{"href":"https:\/\/urpspharma.re\/index.php?rest_route=\/wp\/v2\/types\/page"}],"author":[{"embeddable":true,"href":"https:\/\/urpspharma.re\/index.php?rest_route=\/wp\/v2\/users\/3"}],"replies":[{"embeddable":true,"href":"https:\/\/urpspharma.re\/index.php?rest_route=%2Fwp%2Fv2%2Fcomments&post=4858"}],"version-history":[{"count":8,"href":"https:\/\/urpspharma.re\/index.php?rest_route=\/wp\/v2\/pages\/4858\/revisions"}],"predecessor-version":[{"id":5787,"href":"https:\/\/urpspharma.re\/index.php?rest_route=\/wp\/v2\/pages\/4858\/revisions\/5787"}],"wp:attachment":[{"href":"https:\/\/urpspharma.re\/index.php?rest_route=%2Fwp%2Fv2%2Fmedia&parent=4858"}],"curies":[{"name":"wp","href":"https:\/\/api.w.org\/{rel}","templated":true}]}}