{"id":5482,"date":"2022-10-21T11:54:22","date_gmt":"2022-10-21T07:54:22","guid":{"rendered":"https:\/\/urpspharma.re\/?page_id=5482"},"modified":"2023-08-22T10:44:05","modified_gmt":"2023-08-22T06:44:05","slug":"actualites-pharmaciens-communication-urps-2022","status":"publish","type":"page","link":"https:\/\/urpspharma.re\/?page_id=5482","title":{"rendered":"ACTUALIT\u00c9S : PHARMACIENS &#8211; COMMUNICATION URPS 2022"},"content":{"rendered":"<h1>\n\t\tCOMMUNICATION DE L&#8217;URPS 2022\n\t<\/h1>\n\t<p>\u25ba23\/11\/2022 &#8211; <a href=\"https:\/\/us8.campaign-archive.com\/?u=07e1c2e988d75c3f3beefa643&amp;id=d0408e5051\">Flash n\u00b037 : DERNIER JOUR Inscription : Soir\u00e9e\u00a0 &#8220;infections urinaires &#8211; le bon usage des antibiotiques&#8221; Jeudi 24 novembre 2022!<\/a><\/p>\n<p>&nbsp;<\/p>\n<p>\u25ba18\/11\/2022 &#8211;<a href=\"https:\/\/us8.campaign-archive.com\/?u=07e1c2e988d75c3f3beefa643&amp;id=56b8998cf3\"> Flash n\u00b036 : Jeudi 24 novembre 2022 : Soir\u00e9e\u00a0 &#8220;infections urinaires &#8211; le bon usage des antibiotiques&#8221; en partenariat avec votre URPS!<\/a><\/p>\n<p>&nbsp;<\/p>\n<p>\u25ba15\/11\/2022 &#8211; <a href=\"https:\/\/us8.campaign-archive.com\/?u=07e1c2e988d75c3f3beefa643&amp;id=a63ebbfa75\">Flash n\u00b035 : mardi 22 novembre 2022 : Soir\u00e9e cas clinique OMEDIT OI en partenariat avec votre URPS!<\/a><\/p>\n<p>&nbsp;<\/p>\n<p>\u25ba07\/11\/2022 &#8211;<a href=\"https:\/\/us8.campaign-archive.com\/?u=07e1c2e988d75c3f3beefa643&amp;id=82e81b7a6a\"> Flash N\u00b034-2022 : mardi 8 novembre : e-Nov : journ\u00e9e du num\u00e9rique en sant\u00e9 &#8211; Cit\u00e9 des Arts \u00e0 Saint-Denis<\/a><\/p>\n<p>&nbsp;<\/p>\n<p>\u25ba25\/10\/2022 &#8211; <a href=\"https:\/\/us8.campaign-archive.com\/?u=07e1c2e988d75c3f3beefa643&amp;id=e2bd2b432c\">Flash N\u00b033-2022 : En avant 1\u00e8re &#8211; Cancer colorectal : lancement de la formation d\u00e8s octobre!<\/a><\/p>\n<p>\u25ba25\/10\/2022 &#8211; <a href=\"https:\/\/us8.campaign-archive.com\/?u=07e1c2e988d75c3f3beefa643&amp;id=31d8977908\">Flash n\u00b032 : Dernier jour : Ev\u00e8nement URPS : Inscription Journ\u00e9e &#8211; Canc\u00e9rologie ambulatoire et Pharmaciens d\u2019officine, vendredi 28 octobre 2022!<\/a><\/p>\n<p>&nbsp;<\/p>\n<p>\u25ba20\/10\/2022 &#8211; <a href=\"https:\/\/us8.campaign-archive.com\/?u=07e1c2e988d75c3f3beefa643&amp;id=ce4b384a3d\">Flash N\u00b031-2022 : Etes-vous inscrit? Lancement de l&#8217;op\u00e9ration r\u00e9gionale #MoisSansTabac en officine!<\/a><\/p>\n<p>&nbsp;<\/p>\n<p>\u25ba11\/10\/2022 &#8211; <a href=\"https:\/\/us8.campaign-archive.com\/?u=07e1c2e988d75c3f3beefa643&amp;id=4d79395c80\">Flash n\u00b030 : Invitation : Journ\u00e9e &#8211; Canc\u00e9rologie ambulatoire et Pharmaciens d\u2019officine, vendredi 28 octobre 2022!<\/a><\/p>\n<p>&nbsp;<\/p>\n<p>\u25ba11\/10\/2022 &#8211; <a href=\"https:\/\/us8.campaign-archive.com\/?u=07e1c2e988d75c3f3beefa643&amp;id=14f5eea455\">Flash N\u00b029-2022 :  Entretiens pharmaceutiques (chimioth\u00e9rapies orales) &#8211;\u00a0 Formation pr\u00e9sentielle du 24 au 27 octobre 2022!<\/a><\/p>\n<p>&nbsp;<\/p>\n<p>\u25ba07\/10\/2022 &#8211; <a href=\"https:\/\/us8.campaign-archive.com\/?u=07e1c2e988d75c3f3beefa643&amp;id=9f9e335e26\">Flash N\u00b028-2022 : J&#8217;inscris ma pharmacie \u00e0 l&#8217;action r\u00e9gionale du #MoisSansTabac!<\/a><\/p>\n<p>&nbsp;<\/p>\n<p>\u25ba03\/10\/2022 &#8211; <a href=\"https:\/\/us8.campaign-archive.com\/?u=07e1c2e988d75c3f3beefa643&amp;id=3423c4fcac\">Exercice coordonn\u00e9 CPTS R\u00e9SO (Sud Ouest) : Assembl\u00e9es g\u00e9n\u00e9rales le 06 octobre 2022!<\/a><\/p>\n<p>\u25ba09\/09\/2022 &#8211;<a href=\"https:\/\/us8.campaign-archive.com\/?u=07e1c2e988d75c3f3beefa643&amp;id=33dd5ff9a8\"> Flash N\u00b027-2022 : <\/a><a href=\"https:\/\/us8.campaign-archive.com\/?u=07e1c2e988d75c3f3beefa643&amp;id=33dd5ff9a8\">POINT Formation Chimioth\u00e9rapies orales  : Ouverture de la session le 1 septembre 2022!<\/a><\/p>\n<p>&nbsp;<\/p>\n<p>\u25ba08\/09\/2022 &#8211; <a href=\"https:\/\/us8.campaign-archive.com\/?u=07e1c2e988d75c3f3beefa643&amp;id=75186ec330\">Flash n\u00b026 : Save the date : Journ\u00e9e &#8211; Canc\u00e9rologie ambulatoire et Pharmaciens d\u2019officine, vendredi 28 octobre 2022<\/a><\/p>\n<p>&nbsp;<\/p>\n<p>\u25ba02\/09\/2022 &#8211; <a href=\"https:\/\/us8.campaign-archive.com\/?u=07e1c2e988d75c3f3beefa643&amp;id=70beb0b134\">Flash N\u00b025-2022 : Rappel &#8211; Vaccination antivariolique bient\u00f4t en officine, seriez-vous volontaire ?<\/a><\/p>\n<p>&nbsp;<\/p>\n<p>A\u25ba23\/08\/2022 &#8211; <a href=\"https:\/\/us8.campaign-archive.com\/?u=07e1c2e988d75c3f3beefa643&amp;id=748a0df7a4\">Flash N\u00b024-2022 : Enqu\u00eate vaccination contre le Monkeypox (Variole du singe) en officine, seriez-vous volontaire ?<\/a><\/p>\n<p>&nbsp;<\/p>\n<p>\u25ba22\/08\/2022 &#8211; <a href=\"https:\/\/us8.campaign-archive.com\/?u=07e1c2e988d75c3f3beefa643&amp;id=852f58cd56\">Flash N\u00b023-2022 : RappelFormation et r\u00e9mun\u00e9ration du pharmacien d&#8217;officine dans la prise en charge des patients atteints du cancer!<\/a><\/p>\n<p>&nbsp;<\/p>\n<p>\u25ba17\/08\/2022 &#8211; <a href=\"https:\/\/us8.campaign-archive.com\/?u=07e1c2e988d75c3f3beefa643&amp;id=77c3f61a30\">Flash n\u00b022 : Webinaire &#8211; Infection par le virus Monkeypox &#8211; Vendredi 19 ao\u00fbt : 18h15!<\/a><\/p>\n<p>&nbsp;<\/p>\n<p>A\u25ba09\/08\/2022 &#8211; <a href=\"https:\/\/us8.campaign-archive.com\/?u=07e1c2e988d75c3f3beefa643&amp;id=9d89c9e54a\">Flash n\u00b021 : Save the date : Journ\u00e9e &#8211; Canc\u00e9rologie ambulatoire et Pharmaciens d\u2019officine, vendredi 28 octobre 2022<\/a><\/p>\n<p>&nbsp;<\/p>\n<p>A\u25ba01\/07\/2022 &#8211; <a href=\"https:\/\/us8.campaign-archive.com\/?u=07e1c2e988d75c3f3beefa643&amp;id=d3db130104\">Flash N\u00b020-2022 : Vaccin COMIRNATY de Pfizer &#8211; Extension de la dur\u00e9e de conservation!<\/a><\/p>\n<p>&nbsp;<\/p>\n<p>A\u25ba27\/06\/22 &#8211; <a href=\"https:\/\/us8.campaign-archive.com\/?u=07e1c2e988d75c3f3beefa643&amp;id=ea0e5ed645\">Flash N\u00b019-2022 : Formation et r\u00e9mun\u00e9ration du pharmacien d&#8217;officine dans la prise en charge des patients atteints du cancer!<\/a><\/p>\n<p>&nbsp;<\/p>\n<p>A\u25ba10\/06\/2022 &#8211; <a href=\"https:\/\/us8.campaign-archive.com\/?u=07e1c2e988d75c3f3beefa643&amp;id=4bcb0f582e\">Flash N\u00b018-2022 : A LIRE TRES ATTENTIVEMENT, votre URPS vous informe!<\/a><\/p>\n<p>(formation chimioth\u00e9rapie orale)<\/p>\n<p>&nbsp;<\/p>\n<p>\u25ba13\/05\/2022 &#8211; <a href=\"https:\/\/us8.campaign-archive.com\/?u=07e1c2e988d75c3f3beefa643&amp;id=a7f3c5e93e\">Flash n\u00b017-2022 &#8211; SOIREE DPC EN VISIOMardi 31 mai 2022 &#8211; Le tabagisme : une maladie qui se soigne<\/a><\/p>\n<p>&nbsp;<\/p>\n<p>A\u25ba29\/04\/2022 &#8211; <a href=\"https:\/\/us8.campaign-archive.com\/?u=07e1c2e988d75c3f3beefa643&amp;id=428aa01089\">Flash n\u00b016-2022 &#8211; S\u00e9gur de la sant\u00e9 : D\u00e9ploiement du volet num\u00e9rique pour les officines de ville!<\/a><\/p>\n<p>&nbsp;<\/p>\n<p>A\u25ba21\/04\/2022 &#8211; <a href=\"https:\/\/us8.campaign-archive.com\/?u=07e1c2e988d75c3f3beefa643&amp;id=ad87ac3143\">Flash n\u00b015-2022 &#8211; Grippe saisonni\u00e8re : 19 avril 2022 &#8211; lancement de la campagne de vaccination !<\/a><\/p>\n<p>&nbsp;<\/p>\n<p>A\u25ba29\/03\/2022 &#8211; <a href=\"https:\/\/us8.campaign-archive.com\/?u=07e1c2e988d75c3f3beefa643&amp;id=9bb8bc3c7a\">Flash n\u00b014-2022 &#8211; Soir\u00e9e inter-proMardi 5 avril 2022 &#8211; 1\u00e8re soir\u00e9e sur la th\u00e9matique TABAC et DIABETE<\/a><\/p>\n<p>&nbsp;<\/p>\n<p>A\u25ba15\/03\/2022 &#8211; <a href=\"https:\/\/us8.campaign-archive.com\/?u=07e1c2e988d75c3f3beefa643&amp;id=c830f9db8d\">Flash n\u00b013-2022 &#8211; Formation : DPC\/OPCOJeudi 14 octobre 2022 &#8211; Comment prescrire les substituts nicotiniques &amp; accompagner vos patients fumeurs<\/a><\/p>\n<p>&nbsp;<\/p>\n<p>A\u25ba11\/03\/2022 &#8211; <a href=\"https:\/\/us8.campaign-archive.com\/?u=07e1c2e988d75c3f3beefa643&amp;id=1a751f7055\">Flash n\u00b012-2022 &#8211; Covid-19 : NUVAXOVID le d\u00e9ploiement de la vaccination en proximit\u00e9 se poursuit !<\/a><\/p>\n<p>&nbsp;<\/p>\n<p>\u25ba04\/03\/2022 &#8211; <a href=\"https:\/\/us8.campaign-archive.com\/?u=07e1c2e988d75c3f3beefa643&amp;id=0ba5cbc28b\">Flash n\u00b011-2022 &#8211; Exercice coordonn\u00e9 : La CPTS R\u00e9union Sud Ouest (R\u00e9SO) est en marche !<\/a><\/p>\n<p>&nbsp;<\/p>\n<p>A\u25ba16\/02\/2022 &#8211; <a href=\"https:\/\/us8.campaign-archive.com\/?u=07e1c2e988d75c3f3beefa643&amp;id=ac4fe6f682\">Flash n\u00b010-2022 &#8211; Covid-19 : Crit\u00e8res de maintien \u00e0 domicile &#8211; vaccination et infection Covid-19<\/a><\/p>\n<p>&nbsp;<\/p>\n<p>A\u25ba16\/02\/2022 &#8211; <a href=\"https:\/\/us8.campaign-archive.com\/?u=07e1c2e988d75c3f3beefa643&amp;id=f00c51ed90\">Flash n\u00b09-2022 &#8211; Covid-19 : Nouvelles modalit\u00e9s : dispensation des masques FFP2 et chirurgicaux<\/a><\/p>\n<p>&nbsp;<\/p>\n<p>A\u25ba11\/02\/2022 &#8211; <a href=\"https:\/\/us8.campaign-archive.com\/?u=07e1c2e988d75c3f3beefa643&amp;id=8d19492ff9\">Flash n\u00b08-2022 &#8211; Exercice coordonn\u00e9 : Actualit\u00e9s de vos CPTS  Save the date &#8211; CPTS R\u00e9SO et CPTS Australe !<\/a><\/p>\n<p>&nbsp;<\/p>\n<p>A\u25ba 03\/02\/2022 &#8211; <a href=\"https:\/\/us8.campaign-archive.com\/?u=07e1c2e988d75c3f3beefa643&amp;id=dafd0b8232\">Flash n\u00b07-2022 &#8211; Urgent &#8211; Alerte rouge \u00e0 19H : Rappel des mesures particuli\u00e8res<\/a><\/p>\n<p>&nbsp;<\/p>\n<p>A\u25ba02\/02\/2022 &#8211; <a href=\"https:\/\/us8.campaign-archive.com\/?u=07e1c2e988d75c3f3beefa643&amp;id=ad6d1eefd7\">Flash n\u00b06-2022 &#8211; Covid-19 : Tests antig\u00e9niques &#8211; d\u00e9livrance aux professionnels de sant\u00e9<\/a><\/p>\n<p>&nbsp;<\/p>\n<p>A\u25ba28\/01\/2022 &#8211; <a href=\"https:\/\/us8.campaign-archive.com\/?u=07e1c2e988d75c3f3beefa643&amp;id=aead5153bf\">Flash n\u00b05-2022 &#8211; Autotests en officine<\/a><\/p>\n<p>&nbsp;<\/p>\n<p>A\u25ba26\/01\/2022 &#8211;<a href=\"https:\/\/us8.campaign-archive.com\/?u=07e1c2e988d75c3f3beefa643&amp;id=8c33d4f1a8\"> Flash n\u00b04-2022 &#8211; Covid-19 : Tests de d\u00e9pistage : lieux et modalit\u00e9s<\/a><\/p>\n<p>&nbsp;<\/p>\n<p>A\u25ba07\/01\/2022 &#8211; <a href=\"https:\/\/us8.campaign-archive.com\/?u=07e1c2e988d75c3f3beefa643&amp;id=766ebc2125\">Flash n\u00b03-2022 &#8211; Covid-19 &#8211; Formation : Tests antig\u00e9niques le mardi 18 janvier 2022<\/a><\/p>\n<p>&nbsp;<\/p>\n<p>A\u25ba06\/01\/2022 &#8211; <a href=\"https:\/\/us8.campaign-archive.com\/?u=07e1c2e988d75c3f3beefa643&amp;id=629825375e\">Flash n\u00b02-2022 &#8211; Covid-19 : Tests antig\u00e9niques et autotests des cas contacts<\/a><\/p>\n<p>&nbsp;<\/p>\n<p>A\u25ba04\/01\/2022 &#8211; <a href=\"https:\/\/us8.campaign-archive.com\/?u=07e1c2e988d75c3f3beefa643&amp;id=c91c88ef27\">Covid-19 : Flash n\u00b01-2022 &#8211; vaccination : dose de rappel et enfants de 5 \u00e0 11 ans<\/a><\/p>\n","protected":false},"excerpt":{"rendered":"<p>COMMUNICATION DE L&#8217;URPS 2022 \u25ba23\/11\/2022 &#8211; Flash n\u00b037 : DERNIER JOUR Inscription : Soir\u00e9e\u00a0 &#8220;infections urinaires &#8211; le bon usage des antibiotiques&#8221; Jeudi 24 novembre 2022! &nbsp; \u25ba18\/11\/2022 &#8211; Flash n\u00b036 : Jeudi 24 novembre 2022 : Soir\u00e9e\u00a0 &#8220;infections urinaires &#8211; le bon usage des antibiotiques&#8221; en partenariat avec votre URPS! &nbsp; \u25ba15\/11\/2022 &#8211; Flash&hellip;<\/p>\n","protected":false},"author":3,"featured_media":0,"parent":0,"menu_order":0,"comment_status":"closed","ping_status":"closed","template":"","meta":{"footnotes":""},"amp_enabled":true,"_links":{"self":[{"href":"https:\/\/urpspharma.re\/index.php?rest_route=\/wp\/v2\/pages\/5482"}],"collection":[{"href":"https:\/\/urpspharma.re\/index.php?rest_route=\/wp\/v2\/pages"}],"about":[{"href":"https:\/\/urpspharma.re\/index.php?rest_route=\/wp\/v2\/types\/page"}],"author":[{"embeddable":true,"href":"https:\/\/urpspharma.re\/index.php?rest_route=\/wp\/v2\/users\/3"}],"replies":[{"embeddable":true,"href":"https:\/\/urpspharma.re\/index.php?rest_route=%2Fwp%2Fv2%2Fcomments&post=5482"}],"version-history":[{"count":4,"href":"https:\/\/urpspharma.re\/index.php?rest_route=\/wp\/v2\/pages\/5482\/revisions"}],"predecessor-version":[{"id":5788,"href":"https:\/\/urpspharma.re\/index.php?rest_route=\/wp\/v2\/pages\/5482\/revisions\/5788"}],"wp:attachment":[{"href":"https:\/\/urpspharma.re\/index.php?rest_route=%2Fwp%2Fv2%2Fmedia&parent=5482"}],"curies":[{"name":"wp","href":"https:\/\/api.w.org\/{rel}","templated":true}]}}