{"id":5531,"date":"2023-03-08T09:58:56","date_gmt":"2023-03-08T05:58:56","guid":{"rendered":"https:\/\/urpspharma.re\/?page_id=5531"},"modified":"2023-12-19T16:56:33","modified_gmt":"2023-12-19T12:56:33","slug":"actualites-pharmaciens-communication-urps-2023","status":"publish","type":"page","link":"https:\/\/urpspharma.re\/?page_id=5531","title":{"rendered":"ACTUALIT\u00c9S : PHARMACIENS &#8211; COMMUNICATION URPS 2023"},"content":{"rendered":"\n<h1>\n\t\tFLASHS DE L&#8217;URPS 2023\n\t<\/h1>\n\t<p>\u25ba19\/12\/2023 &#8211; <a href=\"https:\/\/us8.campaign-archive.com\/?u=07e1c2e988d75c3f3beefa643&amp;id=902cc09803\">Flash n\u00b029 : Bonnes f\u00eates de fin d&#8217;ann\u00e9e !<\/a><\/p>\n<p>&nbsp;<\/p>\n<p>\u25ba18\/12\/2023 &#8211; <a href=\"https:\/\/us8.campaign-archive.com\/?u=07e1c2e988d75c3f3beefa643&amp;id=9635de1b1c\">Flash n\u00b028 : La sant\u00e9 des soignants : \u00e9tat des lieux du territoire<\/a><\/p>\n<p>&nbsp;<\/p>\n<p>\u25ba10\/12\/2023 &#8211; <a href=\"https:\/\/us8.campaign-archive.com\/?u=07e1c2e988d75c3f3beefa643&amp;id=957f9bda8c\">Flash n\u00b027 : IVG m\u00e9dicamenteuse : Tarification et d\u00e9livrance en officine<\/a><\/p>\n<p>&nbsp;<\/p>\n<p>\u25ba22\/11\/2023 &#8211; <a href=\"https:\/\/us8.campaign-archive.com\/?u=07e1c2e988d75c3f3beefa643&amp;id=b3b729c848\">Flash n\u00b026 : Invitation soir\u00e9e jeudi 7 d\u00e9cembre 2023 \u2022 Rappel du juridique en officine \u2022 Comment communiquer en toute d\u00e9ontologie ?<\/a><\/p>\n<p>&nbsp;<\/p>\n<p>\u25ba18\/11\/2023 &#8211; <a href=\"https:\/\/us8.campaign-archive.com\/?u=07e1c2e988d75c3f3beefa643&amp;id=b7ede2486e\">Flash N\u00b025 : Point mi-novembre 2023 \u2022 Action r\u00e9gionale #MoisSansTabac!<\/a><\/p>\n<p>&nbsp;<\/p>\n<p>\u25ba10\/11\/2023 &#8211; <a href=\"https:\/\/us8.campaign-archive.com\/?u=07e1c2e988d75c3f3beefa643&amp;id=29bcf0054f\">DERNIER JOUR : [Inscription] Soins Non Programm\u00e9s \u2022 14-15-16 novembre \u2022 Harmonisation des pratiques<\/a><\/p>\n<p>&nbsp;<\/p>\n<p>\u25ba03\/11\/2023 &#8211;<a href=\"https:\/\/us8.campaign-archive.com\/?u=07e1c2e988d75c3f3beefa643&amp;id=29a9cfc63d\"> URGENT : [Inscription] Soins Non Programm\u00e9s \u2022 14-15-16 novembre \u2022 Harmonisation des pratiques<\/a><\/p>\n<p>&nbsp;<\/p>\n<p>\u25ba30\/10\/2023 &#8211; <a href=\"https:\/\/us8.campaign-archive.com\/?u=07e1c2e988d75c3f3beefa643&amp;id=bce273a593\">Flash N\u00b022 : [J-8 Inscription] Soins Non Programm\u00e9s \u2022 14-15-16 novembre \u2022 Harmonisation des pratiques<\/a><\/p>\n<p>&nbsp;<\/p>\n<p>\u25ba19\/10\/2023 &#8211; <a href=\"https:\/\/us8.campaign-archive.com\/?u=07e1c2e988d75c3f3beefa643&amp;id=a1cd74061b\">Flash : Livraison des outils de communication et identification des pharmacies : Action r\u00e9gionale du #MoisSansTabac!\u00a0<\/a><\/p>\n<p>&nbsp;<\/p>\n<p>\u25ba17\/10\/2023 &#8211; <a href=\"https:\/\/us8.campaign-archive.com\/?u=07e1c2e988d75c3f3beefa643&amp;id=4b38bacd22\">Flash N\u00b021 : Inscription : rencontre pharmaceutique &#8211; Harmonisation des pratiques en Soins Non Programm\u00e9s<\/a><\/p>\n<p>&nbsp;<\/p>\n<p>\u25ba10\/10\/2023 &#8211; <a href=\"https:\/\/us8.campaign-archive.com\/?u=07e1c2e988d75c3f3beefa643&amp;id=4da99250b8\">Flash N\u00b020 : Etes-vous inscrit ? Action r\u00e9gionale du #MoisSansTabac!<\/a><\/p>\n<p>&nbsp;<\/p>\n<p>\u25ba09\/10\/2023 &#8211; <a href=\"https:\/\/us8.campaign-archive.com\/?u=07e1c2e988d75c3f3beefa643&amp;id=79b8f9bf7f\">Flash n\u00b019 : Cyclamed &#8211; Point sur le dispositif en Officine<\/a><\/p>\n<p>&nbsp;<\/p>\n<p>\u25ba07\/10\/2023 &#8211; <a href=\"https:\/\/us8.campaign-archive.com\/?u=07e1c2e988d75c3f3beefa643&amp;id=779e4b86a4\">Flash n\u00b018 : Les pharmaciens peuvent prescrire et administrer les VACCINS : O\u00f9 en sommes nous?<\/a><\/p>\n<p>&nbsp;<\/p>\n<p>\u25ba03\/10\/2023 &#8211;<a href=\"https:\/\/us8.campaign-archive.com\/?u=07e1c2e988d75c3f3beefa643&amp;id=7b5cda194e\"> Flash N\u00b017 : J&#8217;inscris ma pharmacie \u00e0 l&#8217;action r\u00e9gionale du #MoisSansTabac!<\/a><\/p>\n<p>&nbsp;<\/p>\n<p>\u25ba05\/09\/2023 &#8211;<a href=\"https:\/\/us8.campaign-archive.com\/?u=07e1c2e988d75c3f3beefa643&amp;id=a58fed0648\"> Flash n\u00b016 : jeudi 26 octobre 2023 : Soir\u00e9e cas clinique OMEDIT OI en partenariat avec votre URPS!<\/a><\/p>\n<p>&nbsp;<\/p>\n<p>\u25ba25\/08\/2023 &#8211;<a href=\"https:\/\/us8.campaign-archive.com\/?u=07e1c2e988d75c3f3beefa643&amp;id=e34eafe3dd\"> Flash n\u00b015 : D\u00e9ploiement de la pharmacie clinique en Officine \u00e0 La R\u00e9union<\/a><\/p>\n<p>&nbsp;<\/p>\n<p>\u25ba24\/08\/2023 &#8211; <a href=\"https:\/\/us8.campaign-archive.com\/?u=07e1c2e988d75c3f3beefa643&amp;id=28bca1135b\">Flash n\u00b014 : Jeudi 21 septembre : Webinaire &#8220;infections respiratoires &#8221; en partenariat avec votre URPS!<\/a><\/p>\n<p>&nbsp;<\/p>\n<p>\u25ba28\/06\/2023 &#8211; <a href=\"https:\/\/us8.campaign-archive.com\/?u=07e1c2e988d75c3f3beefa643&amp;id=e93d4b9387\">Flash n\u00b013 : Tension d&#8217;approvisionnement et recommandations (CLINDAMYCINE \/ LEVOFLOXACINE)<\/a><\/p>\n<p>&nbsp;<\/p>\n<p>\u25ba20\/06\/2023 &#8211; <a href=\"https:\/\/us8.campaign-archive.com\/?u=07e1c2e988d75c3f3beefa643&amp;id=a2cf00db4b\">Flash n\u00b012 : J-3 2\u00e8me WEBINAIRE Sp\u00e9cial Officines &#8211; Jeudi 22 juin 2023 : Ce que vous devez savoir sur Mon espace sant\u00e9 et le DMP<\/a><\/p>\n<p>&nbsp;<\/p>\n<p>\u25ba09\/06\/2023 &#8211;<a href=\"https:\/\/us8.campaign-archive.com\/?u=07e1c2e988d75c3f3beefa643&amp;id=f41ebda6fa\"> Flash n\u00b011 : 2\u00e8me WEBINAIRE Sp\u00e9cial Officines &#8211; Jeudi 22 juin 2023 : Ce que vous devez savoir sur Mon espace sant\u00e9 et le DMP<\/a><\/p>\n<p>&nbsp;<\/p>\n<p>\u25ba05\/06\/2023 &#8211; <a href=\"https:\/\/us8.campaign-archive.com\/?u=07e1c2e988d75c3f3beefa643&amp;id=301bfe75cf\">Flash n\u00b010 : Mobilisons-nous #Semaine de la sant\u00e9 sexuelle du 05 au 09 juin 2023<\/a><\/p>\n<p>&nbsp;<\/p>\n<p>\u25ba26\/05\/2023 &#8211;<a href=\"https:\/\/us8.campaign-archive.com\/?u=07e1c2e988d75c3f3beefa643&amp;id=ec6b068885\"> Flash n\u00b09 : 31 mai #Journ\u00e9e mondiale sans tabac !<\/a><\/p>\n<p>&nbsp;<\/p>\n<p>\u25ba19\/04\/2023 &#8211; <a href=\"https:\/\/us8.campaign-archive.com\/?u=07e1c2e988d75c3f3beefa643&amp;id=4e58b24d60\">Flash N\u00b08 : Grippe saisonni\u00e8re : 18 avril 2023 &#8211; lancement de la campagne de vaccination !<\/a><\/p>\n<p>&nbsp;<\/p>\n<p>\u25ba14\/04\/2023 &#8211; <a href=\"https:\/\/us8.campaign-archive.com\/?u=07e1c2e988d75c3f3beefa643&amp;id=7ac1e047ca\">Flash n\u00b07 : DERNIER JOUR Inscription soir\u00e9e : rappel du juridique en officine &#8211; Mercredi 19 avril!<\/a><\/p>\n<p>&nbsp;<\/p>\n<p>\u25ba31\/03\/2023 &#8211; <a href=\"https:\/\/us8.campaign-archive.com\/?u=07e1c2e988d75c3f3beefa643&amp;id=7c340902ea\">Flash n\u00b06 : Etes-vous inscrit? Mercredi 19 avril &#8211; Invitation soir\u00e9e : rappel du juridique en officine!<\/a><\/p>\n<p>&nbsp;<\/p>\n<p>&nbsp;<\/p>\n<p>\u25ba21\/03\/2023 &#8211; <a href=\"https:\/\/us8.campaign-archive.com\/?u=07e1c2e988d75c3f3beefa643&amp;id=7622f457d9\">Flash n\u00b05 : Invitation soir\u00e9e : rappel du juridique en officine, mercredi 19 avril 2023!<\/a><\/p>\n<p>&nbsp;<\/p>\n<p>\u25ba13\/03\/2023 &#8211; <a href=\"https:\/\/us8.campaign-archive.com\/?u=07e1c2e988d75c3f3beefa643&amp;id=6a6ddcbf68\">Flash n\u00b04 : J-2 WEBINAIRE Sp\u00e9cial Officines &#8211; Mardi 14 mars 2023 : Ce que vous devez savoir sur le S\u00e9gur du num\u00e9rique en sant\u00e9!<\/a><\/p>\n<p>&nbsp;<\/p>\n<p>\u25ba03\/03\/2023 &#8211; <a href=\"https:\/\/us8.campaign-archive.com\/?u=07e1c2e988d75c3f3beefa643&amp;id=175c139bb5\">Flash N\u00b03-2023 : Formation Cancer colorectal : Mars Bleu &#8211; mobilisation des pharmacies au d\u00e9pistage du cancer colorectal!<\/a><\/p>\n<p>&nbsp;<\/p>\n<p>\u25ba02\/03\/2023 &#8211;<a href=\"https:\/\/us8.campaign-archive.com\/?u=07e1c2e988d75c3f3beefa643&amp;id=6b7bbb4670\"> Exercice coordonn\u00e9 CPTS R\u00e9SO (Sud Ouest) : Soir\u00e9e de pr\u00e9sentation le  jeudi 9 mars 2023!<\/a><\/p>\n<p>&nbsp;<\/p>\n<p>\u25ba02\/03\/2023 &#8211; <a href=\"https:\/\/us8.campaign-archive.com\/?u=07e1c2e988d75c3f3beefa643&amp;id=c5af2185de\">Flash n\u00b02 : WEBINAIRE Sp\u00e9cial Officines &#8211; Mardi 14 mars 2023 : Ce que vous devez savoir sur le S\u00e9gur du num\u00e9rique en sant\u00e9!<\/a><\/p>\n<p>&nbsp;<\/p>\n<p>\u25ba24\/01\/2023 &#8211; <a href=\"https:\/\/us8.campaign-archive.com\/?u=07e1c2e988d75c3f3beefa643&amp;id=cd1bbf9b42\">Flash n\u00b01 : CAP SUR 2023! L&#8217;URPS Pharmaciens La R\u00e9union-Oc\u00e9an Indien vous adresse ses meilleurs v\u0153ux!<\/a><\/p>\n<h1>\n\t\tARCHIVES\n\t<\/h1>\n\t\t\t<a href=\"https:\/\/urpspharma.re\/?page_id=5482\" target=\"_blank\" rel=\"noopener\">\n\t\t\t\t\t\tFlashs de l&#8217;URPS 2022\n\t\t\t\t\t<\/a>\n\t\t\t<a href=\"https:\/\/urpspharma.re\/?page_id=4858\" target=\"_blank\" rel=\"noopener\">\n\t\t\t\t\t\tFlashs de l&#8217;URPS 2021\n\t\t\t\t\t<\/a>\n\t\t\t<a href=\"https:\/\/urpspharma.re\/?page_id=3552\" target=\"_blank\" rel=\"noopener\">\n\t\t\t\t\t\tFlashs de l&#8217;URPS 2020\n\t\t\t\t\t<\/a>\n\n","protected":false},"excerpt":{"rendered":"<p>FLASHS DE L&#8217;URPS 2023 \u25ba19\/12\/2023 &#8211; Flash n\u00b029 : Bonnes f\u00eates de fin d&#8217;ann\u00e9e ! &nbsp; \u25ba18\/12\/2023 &#8211; Flash n\u00b028 : La sant\u00e9 des soignants : \u00e9tat des lieux du territoire &nbsp; \u25ba10\/12\/2023 &#8211; Flash n\u00b027 : IVG m\u00e9dicamenteuse : Tarification et d\u00e9livrance en officine &nbsp; \u25ba22\/11\/2023 &#8211; Flash n\u00b026 : Invitation soir\u00e9e jeudi 7&hellip;<\/p>\n","protected":false},"author":3,"featured_media":0,"parent":0,"menu_order":0,"comment_status":"closed","ping_status":"closed","template":"","meta":{"footnotes":""},"amp_enabled":true,"_links":{"self":[{"href":"https:\/\/urpspharma.re\/index.php?rest_route=\/wp\/v2\/pages\/5531"}],"collection":[{"href":"https:\/\/urpspharma.re\/index.php?rest_route=\/wp\/v2\/pages"}],"about":[{"href":"https:\/\/urpspharma.re\/index.php?rest_route=\/wp\/v2\/types\/page"}],"author":[{"embeddable":true,"href":"https:\/\/urpspharma.re\/index.php?rest_route=\/wp\/v2\/users\/3"}],"replies":[{"embeddable":true,"href":"https:\/\/urpspharma.re\/index.php?rest_route=%2Fwp%2Fv2%2Fcomments&post=5531"}],"version-history":[{"count":12,"href":"https:\/\/urpspharma.re\/index.php?rest_route=\/wp\/v2\/pages\/5531\/revisions"}],"predecessor-version":[{"id":6098,"href":"https:\/\/urpspharma.re\/index.php?rest_route=\/wp\/v2\/pages\/5531\/revisions\/6098"}],"wp:attachment":[{"href":"https:\/\/urpspharma.re\/index.php?rest_route=%2Fwp%2Fv2%2Fmedia&parent=5531"}],"curies":[{"name":"wp","href":"https:\/\/api.w.org\/{rel}","templated":true}]}}