{"id":6111,"date":"2024-01-22T10:22:27","date_gmt":"2024-01-22T06:22:27","guid":{"rendered":"https:\/\/urpspharma.re\/?page_id=6111"},"modified":"2025-02-13T13:58:24","modified_gmt":"2025-02-13T09:58:24","slug":"actualites-pharmaciens-communication-urps-2024","status":"publish","type":"page","link":"https:\/\/urpspharma.re\/?page_id=6111","title":{"rendered":"ACTUALIT\u00c9S : PHARMACIENS &#8211; COMMUNICATION URPS 2024"},"content":{"rendered":"\n<h1>\n\t\tFLASHS DE L&#8217;URPS 2024\n\t<\/h1>\n\t<p>19\/12\/2024 &#8211;<a href=\"https:\/\/us8.campaign-archive.com\/?u=07e1c2e988d75c3f3beefa643&amp;id=9480ebccba\"> [Rejoignez-nous] La CPTS EST \u00e0 l&#8217;\u00e9coute des acteurs de son territoire !<\/a><\/p>\n<p>&nbsp;<\/p>\n<p>10\/12\/2024 &#8211; <a href=\"https:\/\/us8.campaign-archive.com\/?u=07e1c2e988d75c3f3beefa643&amp;id=6f7468a825\">Flash #59 [J-7 \u2022 Derniers jours] Mardi 17 d\u00e9cembre 2024 \u2022 Invitation soir\u00e9e d&#8217;information et juridique<\/a><\/p>\n<p>&nbsp;<\/p>\n<p>04\/12\/20024 &#8211; <a href=\"https:\/\/us8.campaign-archive.com\/?u=07e1c2e988d75c3f3beefa643&amp;id=43a75e6e9c\">Flash #58 [Invitation soir\u00e9e] Etes-vous inscrit ? Mardi 17 d\u00e9cembre 2024 \u2022 Soir\u00e9e d&#8217;information et juridique<\/a><\/p>\n<p>&nbsp;<\/p>\n<p>28\/11\/2024 &#8211; <a href=\"https:\/\/us8.campaign-archive.com\/?u=07e1c2e988d75c3f3beefa643&amp;id=f10fbe1957\">Flash #57 [Point Semaine 47] O\u00f9 en sommes nous ! Action r\u00e9gionale du #MoisSansTabac!<\/a><\/p>\n<p>&nbsp;<\/p>\n<p>28\/11\/2024 &#8211; <a href=\"https:\/\/us8.campaign-archive.com\/?u=07e1c2e988d75c3f3beefa643&amp;id=08f86bc8c6\">Flash #56 [4\u00e8me Webinaire] Les jeudis pharmacie \u2022 28 novembre 2024 \u2022 Sp\u00e9cial Tabaco ! Cas comptoir \u2022 13h-14h<\/a><\/p>\n<p>&nbsp;<\/p>\n<p>27\/11\/2024 &#8211; <a href=\"https:\/\/us8.campaign-archive.com\/?u=07e1c2e988d75c3f3beefa643&amp;id=74f021d4eb\">Flash #55 ERRATUM [Invitation] Le mardi 17 d\u00e9cembre 2024 \u2022 Soir\u00e9e d&#8217;information et juridique<\/a><\/p>\n<p>&nbsp;<\/p>\n<p>27\/11\/2024 &#8211; <a href=\"https:\/\/us8.campaign-archive.com\/?u=07e1c2e988d75c3f3beefa643&amp;id=cd7d0caefd\">Flash #55 [Invitation] Soir\u00e9e d&#8217;information et juridique \u2022 Le mardi 17 novembre 2024<\/a><\/p>\n<p>&nbsp;<\/p>\n<p>26\/11\/2024 &#8211; <a href=\"https:\/\/us8.campaign-archive.com\/?u=07e1c2e988d75c3f3beefa643&amp;id=52d2e9e866\">Flash #54 [Invitation] Premi\u00e8res Journ\u00e9es Addiction et Douleur de l&#8217;Oc\u00e9an Indien les 5\/6\/7 d\u00e9cembre 2024<\/a><\/p>\n<p>&nbsp;<\/p>\n<p>25\/11\/2024 &#8211; <a href=\"https:\/\/us8.campaign-archive.com\/?u=07e1c2e988d75c3f3beefa643&amp;id=c06017b16f\">Flash #53 [Invitation] Congr\u00e8s ONCOGYNECO Mascareignes 2024 \u2022 Les 29 &amp; 30 novembre 2024<\/a><\/p>\n<p>&nbsp;<\/p>\n<p>21\/11\/2024 &#8211; <a href=\"https:\/\/us8.campaign-archive.com\/?u=07e1c2e988d75c3f3beefa643&amp;id=a56387f75a\">Flash #52 [Point Semaine 46] O\u00f9 en sommes nous ! Action r\u00e9gionale du #MoisSansTabac!<\/a><\/p>\n<p>&nbsp;<\/p>\n<p>20\/11\/2024 &#8211; <a href=\"https:\/\/us8.campaign-archive.com\/?u=07e1c2e988d75c3f3beefa643&amp;id=0f8f8607b1\">Flash #51 [3\u00e8me Webinaire] Les jeudis pharmacie \u2022 21 novembre 2024 \u2022 Sp\u00e9cial Tabaco ! Cas comptoir \u2022 13h-14h<\/a><\/p>\n<p>&nbsp;<\/p>\n<p>19\/11\/2024 (EST et NORD) &#8211; <a href=\"https:\/\/us8.campaign-archive.com\/?u=07e1c2e988d75c3f3beefa643&amp;id=aaac939f8a\">Flash #50 [Inscription Formation] Mardi 26 novembre 2024 dans l&#8217;Est \u2022 Sevrage tabagique \u2022 pharmacien et pr\u00e9parateur<\/a><\/p>\n<p>&nbsp;<\/p>\n<p>14\/11\/2024 &#8211; <a href=\"https:\/\/us8.campaign-archive.com\/?u=07e1c2e988d75c3f3beefa643&amp;id=a00414a98b\">Flash #49 [Point Semaine 45] O\u00f9 en sommes nous ! Action r\u00e9gionale du #MoisSansTabac!<\/a><\/p>\n<p>&nbsp;<\/p>\n<p>13\/11\/2024 &#8211; <a href=\"https:\/\/us8.campaign-archive.com\/?u=07e1c2e988d75c3f3beefa643&amp;id=93a36f5d13\">Flash #48 [2\u00e8me Webinaire] Les jeudis pharmacie \u2022 14 novembre 2024 \u2022 Sp\u00e9cial Tabaco ! Cas comptoir \u2022 13h-14h<\/a><\/p>\n<p>&nbsp;<\/p>\n<p>08\/11\/2024 &#8211; <a href=\"https:\/\/us8.campaign-archive.com\/?u=07e1c2e988d75c3f3beefa643&amp;id=2cc5a5f1dc\">Flash #47 [INSCRIPTION] Rappel \u2022 Nouvelles missions \u2022 Formation sur les entretiens pharmaceutiques conventionnels \u2022 19-20-21 novembre 2024<\/a><\/p>\n<p>&nbsp;<\/p>\n<p>07\/11\/2024 &#8211; <a href=\"https:\/\/us8.campaign-archive.com\/?u=07e1c2e988d75c3f3beefa643&amp;id=3fc0e69359\">Flash #46 [Point Semains 44] O\u00f9 en sommes-nous ! Action r\u00e9gionale du #MoisSansTabac!<\/a><\/p>\n<p>&nbsp;<\/p>\n<p>06\/11\/2024 &#8211; <a href=\"https:\/\/us8.campaign-archive.com\/?u=07e1c2e988d75c3f3beefa643&amp;id=5f694f11cc\">Flash #45 [1er Webinaire] Les jeudis pharmacie \u2022 7 novembre 2024 \u2022 Sp\u00e9cial Tabaco ! Cas comptoir \u2022 13h-14h<\/a><\/p>\n<p>&nbsp;<\/p>\n<p>05\/11\/2024 &#8211; <a href=\"https:\/\/us8.campaign-archive.com\/?u=07e1c2e988d75c3f3beefa643&amp;id=8cfb68cd34\">Flash #44 [Inscription Formation] Rappel \u2022 Vendredi 15 novembre 2024 \u2022 Sevrage tabagique \u2022 pharmacien et pr\u00e9parateur<\/a><\/p>\n<p>&nbsp;<\/p>\n<p>31\/10\/2024 &#8211; <a href=\"https:\/\/us8.campaign-archive.com\/?u=07e1c2e988d75c3f3beefa643&amp;id=c9259ff254\">Flash #43 [Point Semaines 42&amp;43] O\u00f9 en sommes nous ! Action r\u00e9gionale du #MoisSansTabac!<\/a><\/p>\n<p>&nbsp;<\/p>\n<p>26\/10\/2024 &#8211; <a href=\"https:\/\/us8.campaign-archive.com\/?u=07e1c2e988d75c3f3beefa643&amp;id=e3bfb7c2b4\">Flash #42 [Inscription Formation] Vendredi 15 novembre 2024 \u2022 Sevrage tabagique \u2022 pharmacien et pr\u00e9parateur \u2022 Action r\u00e9gionale #MoisSansTabac!<\/a><\/p>\n<p>&nbsp;<\/p>\n<p>23\/10\/2024 &#8211; <a href=\"https:\/\/us8.campaign-archive.com\/?u=07e1c2e988d75c3f3beefa643&amp;id=f38df686d3\">Flash #41 [J-5 Inscription] Formation sevrage tabagique \u2022 pharmacien et pr\u00e9parateur \u2022 Action r\u00e9gionale #MoisSansTabac!<\/a><\/p>\n<p>&nbsp;<\/p>\n<p>21\/10\/2024 &#8211; <a href=\"https:\/\/us8.campaign-archive.com\/?u=07e1c2e988d75c3f3beefa643&amp;id=b6c59d5164\">Flash #40 [J-8 Inscription] Formation exclusive pharmacien et pr\u00e9parateur \u2022 Sevrage tabagique \u2022 Action r\u00e9gionale #MoisSansTabac!<\/a><\/p>\n<p>&nbsp;<\/p>\n<p>19\/10\/2024 &#8211; <a href=\"https:\/\/us8.campaign-archive.com\/?u=07e1c2e988d75c3f3beefa643&amp;id=a31f2452b8\">Flash #39 [Inscription] Formation exclusive pharmacien et pr\u00e9parateur \u2022 Sevrage tabagique \u2022 Action r\u00e9gionale #MoisSansTabac!<\/a><\/p>\n<p>&nbsp;<\/p>\n<p>18\/10\/2024 &#8211; <a href=\"https:\/\/us8.campaign-archive.com\/?u=07e1c2e988d75c3f3beefa643&amp;id=ca28e6d3a8\">Flash #38 [Inscription des patients ] Action r\u00e9gionale du #MoisSansTabac!<\/a><\/p>\n<p>&nbsp;<\/p>\n<p>15\/10\/2024 &#8211; <a href=\"https:\/\/us8.campaign-archive.com\/?u=07e1c2e988d75c3f3beefa643&amp;id=34b18f7f47\">Flash #37 [Top d\u00e9part ] Du 15 octobre au 30 novembre 2024 \u2022 Action r\u00e9gionale du #MoisSansTabac!<\/a><\/p>\n<p>&nbsp;<\/p>\n<p>14\/10\/2024 &#8211; <a href=\"https:\/\/us8.campaign-archive.com\/?u=07e1c2e988d75c3f3beefa643&amp;id=0a79d13d6e\">Flash #36 [J-1 \u2022 Annuaire des pharmacies ] Etes-vous inscrit ? Action r\u00e9gionale du #MoisSansTabac!<\/a><\/p>\n<p>&nbsp;<\/p>\n<p>13\/10\/2024 &#8211; <a href=\"https:\/\/us8.campaign-archive.com\/?u=07e1c2e988d75c3f3beefa643&amp;id=9bc82ad430\">Flash #35 [J-2 \u2022 Annuaire des pharmacies ] Etes-vous inscrit ? Action r\u00e9gionale du #MoisSansTabac!<\/a><\/p>\n<p>&nbsp;<\/p>\n<p>12\/10\/2024 &#8211; <a href=\"https:\/\/us8.campaign-archive.com\/?u=07e1c2e988d75c3f3beefa643&amp;id=d148eb503a\">Flash #34 [J-3 \u2022 Annuaire des pharmacies ] Etes-vous inscrit ? Action r\u00e9gionale du #MoisSansTabac!<\/a><\/p>\n<p>&nbsp;<\/p>\n<p>11\/10\/2024 &#8211; <a href=\"https:\/\/us8.campaign-archive.com\/?u=07e1c2e988d75c3f3beefa643&amp;id=96250da9f3\">Flash #33 [J-4 \u2022 Annuaire des pharmacies ] Etes-vous inscrit ? Action r\u00e9gionale du #MoisSansTabac!<\/a><\/p>\n<p>&nbsp;<\/p>\n<p>07\/10\/2024 &#8211; <a href=\"https:\/\/us8.campaign-archive.com\/?u=07e1c2e988d75c3f3beefa643&amp;id=b90624e1c6\">Flash #32 [Livraison] Outils de communication \u2022 Action r\u00e9gionale du #MoisSansTabac!<\/a><\/p>\n<p>&nbsp;<\/p>\n<p>03\/10\/2024 &#8211; <a href=\"https:\/\/us8.campaign-archive.com\/?u=07e1c2e988d75c3f3beefa643&amp;id=16ead1ed95\">Flash #31 [Soir\u00e9e \u2022 Inscription] Soir\u00e9e lancement du #MoisSansTabac! \u2022 Lundi 28 octobre 2024 \u2022 H\u00f4tel Le Ness<\/a><\/p>\n<p>&nbsp;<\/p>\n<p>24\/09\/2024 &#8211; <a href=\"https:\/\/us8.campaign-archive.com\/?u=07e1c2e988d75c3f3beefa643&amp;id=ceb0e344ea\">Flash #30 [INSCRIPTION] Nouvelles missions \u2022 Formation sur les entretiens pharmaceutiques conventionnels \u2022 19-20-21 novembre 2024<\/a><\/p>\n<p>&nbsp;<\/p>\n<p>17\/09\/2024 &#8211; <a href=\"https:\/\/us8.campaign-archive.com\/?u=07e1c2e988d75c3f3beefa643&amp;id=80a455a1eb\">Flash #29 [Inscription] Colloque IRSAM SAMSAH DV \u2022 Les troubles visuels \u2022 Samedi 16 Novembre 2024<\/a><\/p>\n<p>&nbsp;<\/p>\n<p>16\/09\/2024 &#8211; <a href=\"https:\/\/us8.campaign-archive.com\/?u=07e1c2e988d75c3f3beefa643&amp;id=f8e3c14bff\">Flash #28 [J&#8217;inscris ma pharmacie] Action r\u00e9gionale #MoisSansTabac!<\/a><\/p>\n<p>&nbsp;<\/p>\n<p>28\/08\/2024 &#8211; <a href=\"https:\/\/us8.campaign-archive.com\/?u=07e1c2e988d75c3f3beefa643&amp;id=54aa680d8b\">Flash #27 [Rappel &#8211; Inscription] S\u00e9minaire SEM@SANTE 06 &amp; 07 septembre 2024<\/a><\/p>\n<p>&nbsp;<\/p>\n<p>22\/08\/2024 &#8211; <a href=\"https:\/\/us8.campaign-archive.com\/?u=07e1c2e988d75c3f3beefa643&amp;id=29ebd6a604\">Flash #26 [Rappel Questionnaire J-2] Aidez-nous \u00e0 vous aider ! Epaulons notre confr\u00e8re \u2022 M\u00e9moire en tabacologie<\/a><\/p>\n<p>&nbsp;<\/p>\n<p>16\/08\/2024 &#8211; <a href=\"https:\/\/us8.campaign-archive.com\/?u=07e1c2e988d75c3f3beefa643&amp;id=8cb3a07d65\">Flash #25 [Questionnaire] Aidez-nous \u00e0 vous aider ! Epaulons notre confr\u00e8re \u2022 M\u00e9moire en tabacologie<\/a><\/p>\n<p>&nbsp;<\/p>\n<p>13\/08\/2024 &#8211; <a href=\"https:\/\/us8.campaign-archive.com\/?u=07e1c2e988d75c3f3beefa643&amp;id=cb3424bfeb\">Flash #24 [Inscription] S\u00e9minaire SEM@SANTE 06 &amp; 07 septembre 2024<\/a><\/p>\n<p>&nbsp;<\/p>\n<p>28\/06\/2024 &#8211; <a href=\"https:\/\/us8.campaign-archive.com\/?u=07e1c2e988d75c3f3beefa643&amp;id=9702d40cb3\">Flash #23 [Invitation partenaires] Samedi 6 juillet 2024 \u2022 19\u00c8ME CONGR\u00c8S DU DSRC ONCORUN<\/a><\/p>\n<p>&nbsp;<\/p>\n<p>21\/06\/2024 &#8211; <a href=\"https:\/\/us8.campaign-archive.com\/?u=07e1c2e988d75c3f3beefa643&amp;id=87f03c2d2b\">Flash #22 [Action URPS] Comment participer ? Harmonisation des pratiques en Soins Non Programm\u00e9s<\/a><\/p>\n<p>&nbsp;<\/p>\n<p>13\/06\/2024 &#8211; F<a href=\"https:\/\/us8.campaign-archive.com\/?u=07e1c2e988d75c3f3beefa643&amp;id=9ed80d7c50\">lash #21 [Action URPS] Harmonisation des pratiques en Soins Non Programm\u00e9s \u2022 14 pathologies<\/a><\/p>\n<p>&nbsp;<\/p>\n<p>29\/05\/2024 &#8211;<a href=\"https:\/\/us8.campaign-archive.com\/?u=07e1c2e988d75c3f3beefa643&amp;id=045dd8ef5c\"> Flash #20 [Journ\u00e9e mondiale sans tabac ] Prot\u00e9ger les enfants de l&#8217;ing\u00e9rence de l&#8217;industrie du tabac \u2022 31 mai 2024<\/a><\/p>\n<p>&nbsp;<\/p>\n<p>23\/05\/2024 &#8211; <a href=\"https:\/\/us8.campaign-archive.com\/?u=07e1c2e988d75c3f3beefa643&amp;id=28809d00f4\">Flash #19 [Grippe saisonni\u00e8re &amp; Covid-19] Campagne de vaccination !<\/a><\/p>\n<p>&nbsp;<\/p>\n<p>22\/05\/2024 &#8211; <a href=\"https:\/\/us8.campaign-archive.com\/?u=07e1c2e988d75c3f3beefa643&amp;id=4026a8fb3f\">Flash #18 [J-3 AVANT REUNION] Relais par l&#8217;URPS Pharmaciens \u2022 R\u00e9union d&#8217;information de l&#8217;Intersyndicale \u2022 Samedi 25 mai 2024 \u2022 Posez vos questions !<\/a><\/p>\n<p>&nbsp;<\/p>\n<p>22\/05\/2024 &#8211; <a href=\"https:\/\/us8.campaign-archive.com\/?u=07e1c2e988d75c3f3beefa643&amp;id=780e7380ee\">Flash #17 [APPEL A LA GREVE] Relais par l&#8217;URPS Pharmaciens \u2022 R\u00e9union d&#8217;information de l&#8217;Intersyndicale \u2022 Samedi 25 mai 2024<\/a><\/p>\n<p>&nbsp;<\/p>\n<p>17\/05\/2024 &#8211; <a href=\"https:\/\/us8.campaign-archive.com\/?u=07e1c2e988d75c3f3beefa643&amp;id=9007306617\">Flash #16 [APPEL A LA GREVE] Relais par l&#8217;URPS Pharmaciens de l&#8217;appel \u00e0 la gr\u00e8ve de l&#8217;Intersyndicale!<\/a><\/p>\n<p>&nbsp;<\/p>\n<p>07\/05\/2024 &#8211; <a href=\"https:\/\/us8.campaign-archive.com\/?u=07e1c2e988d75c3f3beefa643&amp;id=0d14908aeb\">[CPTS EST] Exercice coordonn\u00e9 \u2022 16 mai 2024 \u2022 Soir\u00e9e sur l&#8217;organisation des soins &#8211; Comment anticiper la p\u00e9nurie des m\u00e9decins ?<\/a><\/p>\n<p>&nbsp;<\/p>\n<p>30\/04\/2024 &#8211; <a href=\"https:\/\/us8.campaign-archive.com\/?u=07e1c2e988d75c3f3beefa643&amp;id=ffffac23a7\">Flash #15 [Soir\u00e9e URPS] Rappel du juridique en officine \u2022 Votre avis nous int\u00e9resse!<\/a><\/p>\n<p>&nbsp;<\/p>\n<p>11\/04\/2024 &#8211; <a href=\"https:\/\/us8.campaign-archive.com\/?u=07e1c2e988d75c3f3beefa643&amp;id=6eb9aa24bb\">Flash #14 [Webinaire] jeudi 11 avril 2024 \u2022 Grippe &amp; Vaccination<\/a><\/p>\n<p>&nbsp;<\/p>\n<p>10\/04\/2024 &#8211; <a href=\"https:\/\/us8.campaign-archive.com\/?u=07e1c2e988d75c3f3beefa643&amp;id=6712440526\">[CPTS NORD] Exercice coordonn\u00e9 \u2022 23 avril 2024 \u2022 Soir\u00e9e de rencontre autour de l&#8217;Insuffisance Cardiaque<\/a><\/p>\n<p>&nbsp;<\/p>\n<p>09\/04\/2024 &#8211; <a href=\"https:\/\/us8.campaign-archive.com\/?u=07e1c2e988d75c3f3beefa643&amp;id=092935d91e\">Flash #13 [Invitation soir\u00e9e \u2022 Bient\u00f4t complet] Lundi 15 avril 2024 \u2022 Rappel du juridique en officine \u2022 Comment communiquer en toute d\u00e9ontologie ?<\/a><\/p>\n<p>&nbsp;<\/p>\n<p>03\/04\/2024 &#8211; <a href=\"https:\/\/us8.campaign-archive.com\/?u=07e1c2e988d75c3f3beefa643&amp;id=b83662f2de\">Flash #12 [Invitation soir\u00e9e ] Etes-vous inscrit ? Lundi 15 avril 2024 \u2022 Rappel du juridique en officine \u2022 Comment communiquer en toute d\u00e9ontologie ?<\/a><\/p>\n<p>&nbsp;<\/p>\n<p>28\/03\/2024 &#8211; <a href=\"https:\/\/us8.campaign-archive.com\/?u=07e1c2e988d75c3f3beefa643&amp;id=32b455fd3e\">Flash #11 [Invitation soir\u00e9e] Lundi 15 avril 2024 \u2022 Rappel du juridique en officine \u2022 Comment communiquer en toute d\u00e9ontologie ?<\/a><\/p>\n<p>&nbsp;<\/p>\n<p>22\/03\/2024 &#8211; <a href=\"https:\/\/us8.campaign-archive.com\/?u=07e1c2e988d75c3f3beefa643&amp;id=c4a312d3aa\">Flash #10 [Invitation soir\u00e9e] Lundi 15 avril 2024 \u2022 Rappel du juridique en officine \u2022 Comment communiquer en toute d\u00e9ontologie ?<\/a><\/p>\n<p>&nbsp;<\/p>\n<p>22\/03\/2024 &#8211; <a href=\"https:\/\/us8.campaign-archive.com\/?u=07e1c2e988d75c3f3beefa643&amp;id=621cc90fd0\">Flash #9 [Nouvel arr\u00eat\u00e9 mars 2024] IVG m\u00e9dicamenteuse \u2022 Tarification et d\u00e9livrance en officine<\/a><\/p>\n<p>&nbsp;<\/p>\n<p>21\/03\/2024 &#8211; <a href=\"https:\/\/us8.campaign-archive.com\/?u=07e1c2e988d75c3f3beefa643&amp;id=cea492d1de\">Flash #8 [Formation Cancer colorectal] Mars Bleu \u2022 mobilisation des pharmacies au d\u00e9pistage du cancer colorectal!<\/a><\/p>\n<p>&nbsp;<\/p>\n<p>19\/03\/2024 &#8211; <a href=\"https:\/\/us8.campaign-archive.com\/?u=07e1c2e988d75c3f3beefa643&amp;id=86f7cae504\">Flash #7 [Webinaire] jeudi 28 mars 2024 \u2022 Point vaccination \/ infections cutan\u00e9es<\/a><\/p>\n<p>&nbsp;<\/p>\n<p>26\/02\/2023 &#8211; <a href=\"https:\/\/us8.campaign-archive.com\/?u=07e1c2e988d75c3f3beefa643&amp;id=795ceede8a\">Flash #6 [Souffrance Pr\u00e9vention du Suicide] Comment le pharmacien peut-il contribuer \u00e0 pr\u00e9venir le suicide ?<\/a><\/p>\n<p>&nbsp;<\/p>\n<p>10\/02\/2024 &#8211; <a href=\"https:\/\/us8.campaign-archive.com\/?u=07e1c2e988d75c3f3beefa643&amp;id=0729836bbc\">[CPTS R\u00e9SO] Exercice coordonn\u00e9 \u2022 15 f\u00e9vrier 2024 \u2022 Conf\u00e9rence &amp; Assembl\u00e9e G\u00e9n\u00e9rale<\/a><\/p>\n<p>&nbsp;<\/p>\n<p>05\/02\/2024 &#8211; <a href=\"https:\/\/us8.campaign-archive.com\/?u=07e1c2e988d75c3f3beefa643&amp;id=7acbdec157\">Flash #5 [Bilan pr\u00e9vention] De quoi parle-t-on ?<\/a><\/p>\n<p>&nbsp;<\/p>\n<p>24\/01\/2024 &#8211; <a href=\"https:\/\/us8.campaign-archive.com\/?u=07e1c2e988d75c3f3beefa643&amp;id=96f1a2d2ec\">Flash #4 [Rappel] IVG m\u00e9dicamenteuse \u2022 Tarification et d\u00e9livrance en officine<\/a><\/p>\n<p>&nbsp;<\/p>\n<p>18\/01\/2024 &#8211; <a href=\"https:\/\/us8.campaign-archive.com\/?u=07e1c2e988d75c3f3beefa643&amp;id=5845a76d52\">Flash #3 [Sondage] Post Cyclone Belal &#8211; D\u00e9g\u00e2ts professionnels et impact sur exercice !<\/a><\/p>\n<p>&nbsp;<\/p>\n<p>17\/01\/2024 &#8211; <a href=\"https:\/\/us8.campaign-archive.com\/?u=07e1c2e988d75c3f3beefa643&amp;id=7f18a668d8\">Flash #2 [S\u00e9minaire SEM@SANTE] 09 et 10 F\u00e9vrier 2024<\/a><\/p>\n<p>&nbsp;<\/p>\n<p>12\/01\/2024 &#8211; <a href=\"https:\/\/us8.campaign-archive.com\/?u=07e1c2e988d75c3f3beefa643&amp;id=56366273d6\">Flash #1 \u2022 Meilleurs v\u0153ux 2024 !<\/a><\/p>\n<h1>\n\t\tARCHIVES\n\t<\/h1>\n\t\t\t<a href=\"https:\/\/urpspharma.re\/?page_id=5531\" target=\"_blank\" rel=\"noopener\">\n\t\t\t\t\t\tFlashs de l&#8217;URPS 2023\n\t\t\t\t\t<\/a>\n\t\t\t<a href=\"https:\/\/urpspharma.re\/?page_id=5482\" target=\"_blank\" rel=\"noopener\">\n\t\t\t\t\t\tFlashs de l&#8217;URPS 2022\n\t\t\t\t\t<\/a>\n\t\t\t<a href=\"https:\/\/urpspharma.re\/?page_id=4858\" target=\"_blank\" rel=\"noopener\">\n\t\t\t\t\t\tFlashs de l&#8217;URPS 2021\n\t\t\t\t\t<\/a>\n\t\t\t<a href=\"https:\/\/urpspharma.re\/?page_id=3552\" target=\"_blank\" rel=\"noopener\">\n\t\t\t\t\t\tFlashs de l&#8217;URPS 2020\n\t\t\t\t\t<\/a>\n\n","protected":false},"excerpt":{"rendered":"<p>FLASHS DE L&#8217;URPS 2024 19\/12\/2024 &#8211; [Rejoignez-nous] La CPTS EST \u00e0 l&#8217;\u00e9coute des acteurs de son territoire ! &nbsp; 10\/12\/2024 &#8211; Flash #59 [J-7 \u2022 Derniers jours] Mardi 17 d\u00e9cembre 2024 \u2022 Invitation soir\u00e9e d&#8217;information et juridique &nbsp; 04\/12\/20024 &#8211; Flash #58 [Invitation soir\u00e9e] Etes-vous inscrit ? Mardi 17 d\u00e9cembre 2024 \u2022 Soir\u00e9e d&#8217;information et&hellip;<\/p>\n","protected":false},"author":3,"featured_media":0,"parent":0,"menu_order":0,"comment_status":"closed","ping_status":"closed","template":"","meta":{"footnotes":""},"amp_enabled":true,"_links":{"self":[{"href":"https:\/\/urpspharma.re\/index.php?rest_route=\/wp\/v2\/pages\/6111"}],"collection":[{"href":"https:\/\/urpspharma.re\/index.php?rest_route=\/wp\/v2\/pages"}],"about":[{"href":"https:\/\/urpspharma.re\/index.php?rest_route=\/wp\/v2\/types\/page"}],"author":[{"embeddable":true,"href":"https:\/\/urpspharma.re\/index.php?rest_route=\/wp\/v2\/users\/3"}],"replies":[{"embeddable":true,"href":"https:\/\/urpspharma.re\/index.php?rest_route=%2Fwp%2Fv2%2Fcomments&post=6111"}],"version-history":[{"count":9,"href":"https:\/\/urpspharma.re\/index.php?rest_route=\/wp\/v2\/pages\/6111\/revisions"}],"predecessor-version":[{"id":6925,"href":"https:\/\/urpspharma.re\/index.php?rest_route=\/wp\/v2\/pages\/6111\/revisions\/6925"}],"wp:attachment":[{"href":"https:\/\/urpspharma.re\/index.php?rest_route=%2Fwp%2Fv2%2Fmedia&parent=6111"}],"curies":[{"name":"wp","href":"https:\/\/api.w.org\/{rel}","templated":true}]}}