{"id":6117,"date":"2024-01-22T10:47:17","date_gmt":"2024-01-22T06:47:17","guid":{"rendered":"https:\/\/urpspharma.re\/?page_id=6117"},"modified":"2024-01-22T10:47:17","modified_gmt":"2024-01-22T06:47:17","slug":"enquetes-2021-copy","status":"publish","type":"page","link":"https:\/\/urpspharma.re\/?page_id=6117","title":{"rendered":"ENQUETES 2024"},"content":{"rendered":"\n<h1>\n\t\tENQUETES 2024\n\t<\/h1>\n<h3>\n\t\tPost cyclone Belal &#8211; D\u00e9g\u00e2ts professionnels et impact sur exercice \n\t<\/h3>\n\t<p>Suite au passage du cyclone Belal, votre URPS en partenariat avec l&#8217;Ordre des pharmaciens souhaiteraient dresser un \u00e9tat sur les d\u00e9g\u00e2ts professionnels et l&#8217;impact sur votre exercice.<\/p>\n<p>Ce sondage a pour but\u00a0de recenser les pharmacies sinistr\u00e9es et d&#8217;avoir une estimation\u00a0des pertes financi\u00e8res. Apr\u00e8s analyse, les r\u00e9sultats seront communiquer au national.<\/p>\n\t<p><strong>En cours<\/strong><\/p>\n\t\t\t<a href=\"https:\/\/forms.gle\/F1hrWvcpNcb2Jipb7\" target=\"_blank\" rel=\"noopener\">\n\t\t\t\t\t\tENQUETE en cliquant ICI\n\t\t\t\t\t<\/a>\n\t<p><img loading=\"lazy\" decoding=\"async\" src=\"https:\/\/urpspharma.re\/wp-content\/uploads\/2024\/01\/CYCLONE-BELAL-2024-264x300.jpg\" alt=\"\" width=\"264\" height=\"300\" \/><\/p>\n<h3>\n\t\tArchives enqu\u00eates\n\t<\/h3>\n\t<p>Enqu\u00eates termin\u00e9es<\/p>\n\t\t\t<a href=\"https:\/\/urpspharma.re\/?page_id=4289\" target=\"_blank\" rel=\"noopener\">\n\t\t\t\t\t\tENQUETES 2021\n\t\t\t\t\t<\/a>\n\t\t\t<a href=\"https:\/\/urpspharma.re\/?page_id=2213\" target=\"_blank\" rel=\"noopener\">\n\t\t\t\t\t\tENQUETES 2020\n\t\t\t\t\t<\/a>\n\t\t\t<a href=\"https:\/\/urpspharma.re\/?page_id=3611\" target=\"_blank\" rel=\"noopener\">\n\t\t\t\t\t\tENQUETES 2019\n\t\t\t\t\t<\/a>\n\t\t\t<a href=\"https:\/\/urpspharma.re\/?page_id=3605\" target=\"_blank\" rel=\"noopener\">\n\t\t\t\t\t\tENQUETES 2018\n\t\t\t\t\t<\/a>\n\t\t\t\t<a href=\"https:\/\/drive.google.com\/file\/d\/0BzC3efHGSHDmSG9tN0VIdXJRZndXajA0YXFVazFnRXgtaTJn\/view?usp=sharing\" target=\"_blank\" rel=\"noopener\" itemprop=\"url\">\n\t\t\t\t<img decoding=\"async\" src=\"http:\/\/urpspharma.re\/wp-content\/uploads\/2019\/05\/enquete1.png\" alt=\"enquete1\" itemprop=\"image\" title=\"enquete1\" onerror=\"this.style.display='none'\"  \/>\n\t\t\t\t<\/a>\n\n","protected":false},"excerpt":{"rendered":"<p>ENQUETES 2024 Post cyclone Belal &#8211; D\u00e9g\u00e2ts professionnels et impact sur exercice Suite au passage du cyclone Belal, votre URPS en partenariat avec l&#8217;Ordre des pharmaciens souhaiteraient dresser un \u00e9tat sur les d\u00e9g\u00e2ts professionnels et l&#8217;impact sur votre exercice. Ce sondage a pour but\u00a0de recenser les pharmacies sinistr\u00e9es et d&#8217;avoir une estimation\u00a0des pertes financi\u00e8res. Apr\u00e8s&hellip;<\/p>\n","protected":false},"author":3,"featured_media":0,"parent":0,"menu_order":0,"comment_status":"closed","ping_status":"closed","template":"","meta":{"footnotes":""},"amp_enabled":true,"_links":{"self":[{"href":"https:\/\/urpspharma.re\/index.php?rest_route=\/wp\/v2\/pages\/6117"}],"collection":[{"href":"https:\/\/urpspharma.re\/index.php?rest_route=\/wp\/v2\/pages"}],"about":[{"href":"https:\/\/urpspharma.re\/index.php?rest_route=\/wp\/v2\/types\/page"}],"author":[{"embeddable":true,"href":"https:\/\/urpspharma.re\/index.php?rest_route=\/wp\/v2\/users\/3"}],"replies":[{"embeddable":true,"href":"https:\/\/urpspharma.re\/index.php?rest_route=%2Fwp%2Fv2%2Fcomments&post=6117"}],"version-history":[{"count":2,"href":"https:\/\/urpspharma.re\/index.php?rest_route=\/wp\/v2\/pages\/6117\/revisions"}],"predecessor-version":[{"id":6120,"href":"https:\/\/urpspharma.re\/index.php?rest_route=\/wp\/v2\/pages\/6117\/revisions\/6120"}],"wp:attachment":[{"href":"https:\/\/urpspharma.re\/index.php?rest_route=%2Fwp%2Fv2%2Fmedia&parent=6117"}],"curies":[{"name":"wp","href":"https:\/\/api.w.org\/{rel}","templated":true}]}}