{"id":6290,"date":"2024-02-23T15:03:56","date_gmt":"2024-02-23T11:03:56","guid":{"rendered":"https:\/\/urpspharma.re\/?page_id=6290"},"modified":"2025-12-15T12:12:09","modified_gmt":"2025-12-15T08:12:09","slug":"a_site-public_avec-a-la-une_081018-2-2-2-2-copy","status":"publish","type":"page","link":"https:\/\/urpspharma.re\/","title":{"rendered":"Bienvenue sur notre site 2024"},"content":{"rendered":"\n\n\t\t\t<a href=\"https:\/\/urpspharma.re\/?page_id=5276\" target=\"_blank\" rel=\"noopener\">\n\t\t\t\t\t\tEspace priv\u00e9 pharmaciens\n\t\t\t\t\t<\/a>\n\t<p>Bienvenue sur le site de<\/p>\n<p>l&#8217;URPS Pharmaciens Ile de La R\u00e9union<\/p>\n\t<p>Union R\u00e9gionale des Professionnels de Sant\u00e9 Pharmaciens<\/p>\n\t\t\t\t<img decoding=\"async\" src=\"https:\/\/urpspharma.re\/wp-content\/uploads\/2024\/02\/PHARMACIE-DE-GARDE.jpg\" alt=\"PHARMACIE DE GARDE\" itemprop=\"image\" height=\"571\" width=\"776\" title=\"PHARMACIE DE GARDE\" onerror=\"this.style.display='none'\" loading=\"lazy\" \/>\n<h2>\n\t\t\tPHARMACIE DE GARDE A LA REUNION\t<\/h2>\n<h4>\n\t\t\tComment retrouver une pharmacie de garde?\t<\/h4>\n\t<p>Les pharmacies de garde sont les pharmacies ouvertes en dehors des jours et horaires habituels.<\/p>\n\t\t\t<a href=\"https:\/\/urpspharma.re\/?page_id=6254\" target=\"_blank\" rel=\"noopener\">\n\t\t\t\t\t\t\tEn savoir plus\n\t\t\t<\/a>\n<h2>\n\t\t\tCampagne Stop moustiques : La meilleure protection, c&#8217;est ensemble !\t<\/h2>\n<h4>\n\t\t\tActualit\u00e9\t<\/h4>\n\t<p>Avec l&#8217;\u00e9t\u00e9, les pluies et les fortes chaleurs cr\u00e9ent des conditions favorables au d\u00e9veloppement des moustiques. Afin de sensibiliser la population, l&#8217;ARS La R\u00e9union lance ce 3 d\u00e9cembre 2025 une nouvelle campagne de communication.<\/p>\n\t\t\t<a href=\"https:\/\/www.lareunion.ars.sante.fr\/campagne-stop-moustiques-la-meilleure-protection-cest-ensemble?parent=17320\" target=\"_blank\" rel=\"noopener\">\n\t\t\t\t\t\t\tEn savoir plus\n\t\t\t<\/a>\n\t\t\t\t<img decoding=\"async\" src=\"https:\/\/urpspharma.re\/wp-content\/uploads\/2025\/12\/Numero-vert_1.jpg-300x93.webp\" alt=\"Num\u00e9ro vert_1.jpg\" itemprop=\"image\" height=\"93\" width=\"300\" title=\"Num\u00e9ro vert_1.jpg\" onerror=\"this.style.display='none'\" loading=\"lazy\" \/>\n\tCe num\u00e9ro vert (0800 110 000), accessible\u00a0<strong>du lundi au vendredi\u00a0de 7H30 \u00e0 18h,\u00a0<\/strong>vous informe sur :<br \/>\n<strong>&#8211; les moustiques et les maladies qu&#8217;ils transmettent,<\/strong><br \/>\n<strong>&#8211; les conseils de pr\u00e9vention,<\/strong><br \/>\n<strong>&#8211; les modalit\u00e9s d&#8217;intervention du service Lutte antivectorielle de l&#8217;ARS<\/strong>\n\t\t\t\t<img decoding=\"async\" src=\"https:\/\/urpspharma.re\/wp-content\/uploads\/2025\/12\/Vignette-campagne-moustiques.png.webp\" alt=\"Vignette campagne moustiques.png\" itemprop=\"image\" height=\"227\" width=\"320\" title=\"Vignette campagne moustiques.png\" onerror=\"this.style.display='none'\" loading=\"lazy\" \/>\n\t\t\t\t<img decoding=\"async\" src=\"https:\/\/urpspharma.re\/wp-content\/uploads\/2025\/11\/Campagne-2025_rappel-vaccinal.jpg\" alt=\"Campagne 2025_rappel vaccinal\" itemprop=\"image\" height=\"227\" width=\"377\" title=\"Campagne 2025_rappel vaccinal\" onerror=\"this.style.display='none'\" loading=\"lazy\" \/>\n<h2>\n\t\t\tVaccination des 11-25 ans\t<\/h2>\n<h4>\n\t\t\tActualit\u00e9 &#8211; Alerte sanitaire &#8211; Article &#8211; Communiqu\u00e9 de presse\t<\/h4>\n\t<p>Qui ? Quand ? Comment ?<\/p>\n\t\t\t<a href=\"https:\/\/www.lareunion.ars.sante.fr\/vaccination-des-11-25-ans-agir-maintenant-pour-une-protection-durable\" target=\"_blank\" rel=\"noopener\">\n\t\t\t\t\t\t\tEn savoir plus\n\t\t\t<\/a>\n<h2>\n\t\t\tCampagne de vaccination des adolescents \u00e0 la R\u00e9union contre les cancers HPV\t<\/h2>\n<h4>\n\t\t\tActualit\u00e9 &#8211; Alerte sanitaire &#8211; Article &#8211; Communiqu\u00e9 de presse\t<\/h4>\n\t<p>Qui ? Quand ? Comment ?<\/p>\n\t\t\t<a href=\"https:\/\/www.lareunion.ars.sante.fr\/la-vaccination-des-adolescents-contre-les-hpv-se-poursuit-la-reunion-je-protege-mon-enfant-contre\" target=\"_blank\" rel=\"noopener\">\n\t\t\t\t\t\t\tEn savoir plus\n\t\t\t<\/a>\n\t\t\t\t<img decoding=\"async\" src=\"https:\/\/urpspharma.re\/wp-content\/uploads\/2024\/08\/Affiche-HPV-Reunion-base-bd.png\" alt=\"Affiche HPV R\u00e9union base-bd\" itemprop=\"image\" height=\"778\" width=\"551\" title=\"Affiche HPV R\u00e9union base-bd\" onerror=\"this.style.display='none'\" loading=\"lazy\" \/>\n\t\t\t\t<img decoding=\"async\" src=\"https:\/\/urpspharma.re\/wp-content\/uploads\/2023\/04\/covid.png\" alt=\"covid\" itemprop=\"image\" height=\"1152\" width=\"2000\" title=\"covid\" onerror=\"this.style.display='none'\" loading=\"lazy\" \/>\n<h2>\n\t\t\tCovid-19\t<\/h2>\n<h4>\n\t\t\tVaccination &#8211; D\u00e9pistage &#8211; Informations\t<\/h4>\n\t\t\t<a href=\"https:\/\/www.lareunion.ars.sante.fr\/covid-19-ou-et-comment-se-faire-vacciner\" target=\"_blank\" rel=\"noopener\">\n\t\t\t\t\t\t\tVaccination : O\u00f9 et Comment\n\t\t\t<\/a>\n\t\t\t<a href=\"https:\/\/www.sante.fr\/cf\/centres-vaccination-covid\/departement-974-la-reunion.html\" target=\"_blank\" rel=\"noopener\">\n\t\t\t\t\t\t\tChoisir son lieu de vaccination\n\t\t\t<\/a>\n\t\t\t<a href=\"https:\/\/www.sante.fr\/cf\/centres-depistage-covid\/departement-974-la-reunion.html\" target=\"_blank\" rel=\"noopener\">\n\t\t\t\t\t\t\tChoisir son lieu de d\u00e9pistage\n\t\t\t<\/a>\n\t\t\t<a href=\"https:\/\/www.interieur.gouv.fr\/covid-19\/deplacements-outre-mer\" target=\"_blank\" rel=\"noopener\">\n\t\t\t\t\t\t\tD\u00e9placements Outre-Mer\n\t\t\t<\/a>\n<h2>\n\t\t\tCampagne de vaccination \u00e0 La R\u00e9union contre la grippe et la COVID-19\t<\/h2>\n<h4>\n\t\t\tdu 12 mai au 31 octobre 2025\t<\/h4>\n\t<p>Qui ? Quand ? Comment ?<\/p>\n\t\t\t<a href=\"https:\/\/www.lareunion.ars.sante.fr\/campagne-de-vaccination-contre-la-grippe-et-le-covid-19-deux-vaccins-pour-proteger-les-personnes\" target=\"_blank\" rel=\"noopener\">\n\t\t\t\t\t\t\tEn savoir plus\n\t\t\t<\/a>\n\t\t\t\t<img decoding=\"async\" src=\"https:\/\/urpspharma.re\/wp-content\/uploads\/2020\/08\/grippe3.png\" alt=\"grippe3\" itemprop=\"image\" height=\"454\" width=\"631\" title=\"grippe3\" onerror=\"this.style.display='none'\" loading=\"lazy\" \/>\n\t\t\t\t<img decoding=\"async\" src=\"https:\/\/urpspharma.re\/wp-content\/uploads\/2025\/10\/OctRose-CapOncoReunion-Pros-URPS-pharmas-2025-1.png\" alt=\"OctRose-CapOncoReunion-Pros-URPS-pharmas-2025-1\" itemprop=\"image\" height=\"718\" width=\"503\" title=\"OctRose-CapOncoReunion-Pros-URPS-pharmas-2025-1\" onerror=\"this.style.display='none'\" loading=\"lazy\" \/>\n<h2>\n\t\t\t#Octobre rose &#8211; Mon pharmacien mobilis\u00e9 !\t<\/h2>\n<h4>\n\t\t\tDu 01 octobre au 31 octobre 2025\t<\/h4>\n\t<p><strong>Pourquoi convaincre les femmes \u00e0 y participer?<\/strong><\/p>\nPlus t\u00f4t d\u00e9tect\u00e9, le traitement sera moins lourd, avec moins d&#8217;effets secondaires, et surtout avec de meilleures chances<br \/>\nde gu\u00e9rison.\n<p>Le d\u00e9pistage du cancer du sein est recommand\u00e9 tous les deux ans aux femmes de 50 \u00e0 74 ans, sans facteur de risque personnel ni familial.<\/p>\n\t\t\t<a href=\"https:\/\/jefaismondepistage.cancer.fr\/cancers-du-sein\/prendre-rendez-vous\/\" target=\"_blank\" rel=\"noopener\">\n\t\t\t\t\t\t\tO\u00f9 faire ma mammographie ? Liste des radiologues\n\t\t\t<\/a>\n\t\t\t<a href=\"https:\/\/www.caponco.re\/depistage-organise-du-cancer-du-sein\/\" target=\"_blank\" rel=\"noopener\">\n\t\t\t\t\t\t\tPlus d&#8217;information sur le site CAP ONCO REUNION\n\t\t\t<\/a>\n<h2>\n\t\t\tPoints \u00e9pid\u00e9miologiques\t<\/h2>\n<h4>\n\t\t\tComment retrouver une pharmacie de garde?\t<\/h4>\n<h4>\n\t\t\tActualit\u00e9 &#8211; Alerte sanitaire &#8211; Article &#8211; Communiqu\u00e9 de presse\t<\/h4>\n\t\t\t<a href=\"https:\/\/urpspharma.re\/?page_id=2083\" target=\"_blank\" rel=\"noopener\">\n\t\t\t\t\t\t\tEn savoir plus\n\t\t\t<\/a>\n\t\t\t\t<img decoding=\"async\" src=\"https:\/\/urpspharma.re\/wp-content\/uploads\/2024\/02\/groupe.jpg\" alt=\"groupe\" itemprop=\"image\" height=\"648\" width=\"981\" title=\"groupe\" onerror=\"this.style.display='none'\" loading=\"lazy\" \/>\n<h1  data-animation-delay=\"1\" data-animation-duration=\"1\">\n\t\t\tACTUALITES\t<\/h1>\n<h2>\n\t\t\tNous contacter\t<\/h2>\n\t<p><strong>URPS Pharmaciens La R\u00e9union<\/strong><\/p>\n<strong>Adresse<\/strong> : 28A Rue Saint Julien<br \/>\n 97450 SAINT-LOUIS<br \/>\n <strong> T\u00e9l\u00e9phone :<\/strong> 06.93.90.96.42<br \/>\n <strong> T\u00e9l\u00e9copie<\/strong> : 02.62.66.86.46<br \/>\n <strong>Mail :<\/strong> contact@urpspharma.re<br \/>\n <strong>Charg\u00e9e de mission :<\/strong> MME LAHOGUE Sandrine\n\n","protected":false},"excerpt":{"rendered":"<p>Espace priv\u00e9 pharmaciens Bienvenue sur le site de l&#8217;URPS Pharmaciens Ile de La R\u00e9union Union R\u00e9gionale des Professionnels de Sant\u00e9 Pharmaciens PHARMACIE DE GARDE A LA REUNION Comment retrouver une pharmacie de garde? Les pharmacies de garde sont les pharmacies ouvertes en dehors des jours et horaires habituels. En savoir plus Campagne Stop moustiques :&hellip;<\/p>\n","protected":false},"author":3,"featured_media":0,"parent":0,"menu_order":0,"comment_status":"closed","ping_status":"closed","template":"","meta":{"footnotes":""},"amp_enabled":false,"_links":{"self":[{"href":"https:\/\/urpspharma.re\/index.php?rest_route=\/wp\/v2\/pages\/6290"}],"collection":[{"href":"https:\/\/urpspharma.re\/index.php?rest_route=\/wp\/v2\/pages"}],"about":[{"href":"https:\/\/urpspharma.re\/index.php?rest_route=\/wp\/v2\/types\/page"}],"author":[{"embeddable":true,"href":"https:\/\/urpspharma.re\/index.php?rest_route=\/wp\/v2\/users\/3"}],"replies":[{"embeddable":true,"href":"https:\/\/urpspharma.re\/index.php?rest_route=%2Fwp%2Fv2%2Fcomments&post=6290"}],"version-history":[{"count":11,"href":"https:\/\/urpspharma.re\/index.php?rest_route=\/wp\/v2\/pages\/6290\/revisions"}],"predecessor-version":[{"id":7284,"href":"https:\/\/urpspharma.re\/index.php?rest_route=\/wp\/v2\/pages\/6290\/revisions\/7284"}],"wp:attachment":[{"href":"https:\/\/urpspharma.re\/index.php?rest_route=%2Fwp%2Fv2%2Fmedia&parent=6290"}],"curies":[{"name":"wp","href":"https:\/\/api.w.org\/{rel}","templated":true}]}}